{"id":20851,"date":"2025-01-19T12:16:07","date_gmt":"2025-01-19T11:16:07","guid":{"rendered":"https:\/\/trailrunningmallorca.es\/?page_id=20851"},"modified":"2025-01-19T12:16:08","modified_gmt":"2025-01-19T11:16:08","slug":"carreras-trails","status":"publish","type":"page","link":"https:\/\/trailrunningmallorca.es\/index.php\/carreras-trails\/","title":{"rendered":"Carreras y trails de monta\u00f1a"},"content":{"rendered":"<div class=\"pt-cv-wrapper\"><div class=\"pt-cv-view pt-cv-blockgrid iscvblock iscvhybrid list1 layout1 cveffect-darken pt-cv-justify\" id=\"pt-cv-view-033dccfnfj\"><div data-id=\"pt-cv-page-1\" class=\"pt-cv-page\" data-cvc=\"1\"><div class=\" pt-cv-content-item pt-cv-2-col\"  data-pid=\"12156\"><div class=\"pt-cv-thumb-wrapper pull-left \"><a href=\"https:\/\/trailrunningmallorca.es\/index.php\/2022\/08\/25\/cortina-trail\/\" class=\"_self pt-cv-href-thumbnail pt-cv-thumb-left\" target=\"_self\" ><img loading=\"lazy\" decoding=\"async\" width=\"1858\" height=\"1238\" src=\"https:\/\/trailrunningmallorca.es\/wp-content\/uploads\/2022\/08\/nggallery_import\/zcortina-trail-2021-8856771-65854-1913.jpg\" class=\"pt-cv-thumbnail img-none pull-left\" alt=\"Cortina Trail (Italia)\" \/><\/a><\/div>\n<div class=\"pt-cv-colwrap\"><div class=\"pt-cv-taxoterm above_title\"><a href='https:\/\/trailrunningmallorca.es\/index.php\/category\/carreras-y-trails-de-montana\/' title='Carreras y trails de monta\u00f1a' class='pt-cv-tax-carreras-y-trails-de-montana'>Carreras y trails de monta\u00f1a<\/a><\/div><h4 class=\"pt-cv-title\"><a href=\"https:\/\/trailrunningmallorca.es\/index.php\/2022\/08\/25\/cortina-trail\/\" class=\"_self\" target=\"_self\" >Cortina Trail (Italia)<\/a><\/h4><div class=\"pt-cv-content\">Carrera que se desarrolla en los Alpes Italianos (Dolomitas), yo particip\u00e9 en la modalidad de 48 km (Cortina Trail), con un m\u00e1ximo de 12 horas para realizarla. Tengo que decir, que esta carrera es, de momento, la m\u00e1s bonita que he hecho en mi vida. Fue la primera que hice ...<br \/><div class=\"pt-cv-rmwrap\"><a href=\"https:\/\/trailrunningmallorca.es\/index.php\/2022\/08\/25\/cortina-trail\/\" class=\"_self pt-cv-readmore btn btn-success\" target=\"_self\">Leer M\u00e1s<\/a><\/div><\/div><\/div><\/div>\n<div class=\" pt-cv-content-item pt-cv-2-col\"  data-pid=\"12602\"><div class=\"pt-cv-thumb-wrapper pull-left \"><a href=\"https:\/\/trailrunningmallorca.es\/index.php\/2022\/11\/25\/matterhorn-ultraks\/\" class=\"_self pt-cv-href-thumbnail pt-cv-thumb-left\" target=\"_self\" ><img loading=\"lazy\" decoding=\"async\" width=\"270\" height=\"216\" src=\"https:\/\/trailrunningmallorca.es\/wp-content\/uploads\/2022\/11\/zermatt-logo.png\" class=\"pt-cv-thumbnail img-none pull-left\" alt=\"Matterhorn Ultraks (Zermatt-Alpes Suizos)\" \/><\/a><\/div>\n<div class=\"pt-cv-colwrap\"><div class=\"pt-cv-taxoterm above_title\"><a href='https:\/\/trailrunningmallorca.es\/index.php\/category\/carreras-y-trails-de-montana\/' title='Carreras y trails de monta\u00f1a' class='pt-cv-tax-carreras-y-trails-de-montana'>Carreras y trails de monta\u00f1a<\/a><\/div><h4 class=\"pt-cv-title\"><a href=\"https:\/\/trailrunningmallorca.es\/index.php\/2022\/11\/25\/matterhorn-ultraks\/\" class=\"_self\" target=\"_self\" >Matterhorn Ultraks (Zermatt-Alpes Suizos)<\/a><\/h4><div class=\"pt-cv-content\">Matterhorn Ultracks, es una fant\u00e1stica carrera en los Alpes Suizos, con el Matterhorn como tel\u00f3n de fondo, considerada como el rey de las monta\u00f1as, la monta\u00f1a perfecta, es a su vez, la cumbre m\u00e1s fotografiada del mundo. Mito y emblema para alpinistas y fot\u00f3grafos por igual, as\u00ed como el monumento ...<br \/><div class=\"pt-cv-rmwrap\"><a href=\"https:\/\/trailrunningmallorca.es\/index.php\/2022\/11\/25\/matterhorn-ultraks\/\" class=\"_self pt-cv-readmore btn btn-success\" target=\"_self\">Leer M\u00e1s<\/a><\/div><\/div><\/div><\/div>\n<div class=\" pt-cv-content-item pt-cv-2-col\"  data-pid=\"11510\"><div class=\"pt-cv-thumb-wrapper pull-left \"><a href=\"https:\/\/trailrunningmallorca.es\/index.php\/2022\/05\/03\/sierre-zinal\/\" class=\"_self pt-cv-href-thumbnail pt-cv-thumb-left\" target=\"_self\" ><img loading=\"lazy\" decoding=\"async\" width=\"2000\" height=\"1124\" src=\"https:\/\/trailrunningmallorca.es\/wp-content\/uploads\/2022\/08\/nggallery_import\/IMG_1979.jpeg\" class=\"pt-cv-thumbnail img-none pull-left\" alt=\"Sierre-Zinal (Suiza)\" \/><\/a><\/div>\n<div class=\"pt-cv-colwrap\"><div class=\"pt-cv-taxoterm above_title\"><a href='https:\/\/trailrunningmallorca.es\/index.php\/category\/carreras-y-trails-de-montana\/' title='Carreras y trails de monta\u00f1a' class='pt-cv-tax-carreras-y-trails-de-montana'>Carreras y trails de monta\u00f1a<\/a><\/div><h4 class=\"pt-cv-title\"><a href=\"https:\/\/trailrunningmallorca.es\/index.php\/2022\/05\/03\/sierre-zinal\/\" class=\"_self\" target=\"_self\" >Sierre-Zinal (Suiza)<\/a><\/h4><div class=\"pt-cv-content\">Otro viaje fant\u00e1stico para hacer otra gran carrera de trail running y considerada una de las m\u00e1s bonitas del mundo. La ruta transcurre en Suiza, se inicia en la localidad de Sierre y finaliza en Zinal, 31 km fant\u00e1sticos por los Alpes Suizos. Sierre-Zinal es conocida como \u00abla carrera de ...<br \/><div class=\"pt-cv-rmwrap\"><a href=\"https:\/\/trailrunningmallorca.es\/index.php\/2022\/05\/03\/sierre-zinal\/\" class=\"_self pt-cv-readmore btn btn-success\" target=\"_self\">Leer M\u00e1s<\/a><\/div><\/div><\/div><\/div>\n<div class=\" pt-cv-content-item pt-cv-2-col\"  data-pid=\"16218\"><div class=\"pt-cv-thumb-wrapper pull-left \"><a href=\"https:\/\/trailrunningmallorca.es\/index.php\/2023\/08\/22\/trail-des-celtes\/\" class=\"_self pt-cv-href-thumbnail pt-cv-thumb-left\" target=\"_self\" ><img loading=\"lazy\" decoding=\"async\" width=\"664\" height=\"487\" src=\"https:\/\/trailrunningmallorca.es\/wp-content\/uploads\/2023\/08\/nggallery_import\/logo-trail-celtes.png\" class=\"pt-cv-thumbnail img-none pull-left\" alt=\"Trail des Celtes (Alsacia - Francia)\" \/><\/a><\/div>\n<div class=\"pt-cv-colwrap\"><div class=\"pt-cv-taxoterm above_title\"><a href='https:\/\/trailrunningmallorca.es\/index.php\/category\/carreras-y-trails-de-montana\/' title='Carreras y trails de monta\u00f1a' class='pt-cv-tax-carreras-y-trails-de-montana'>Carreras y trails de monta\u00f1a<\/a><\/div><h4 class=\"pt-cv-title\"><a href=\"https:\/\/trailrunningmallorca.es\/index.php\/2023\/08\/22\/trail-des-celtes\/\" class=\"_self\" target=\"_self\" >Trail des Celtes (Alsacia &#8211; Francia)<\/a><\/h4><div class=\"pt-cv-content\">Una carrera de monta\u00f1a maravillosa por la regi\u00f3n de Alsacia Grand Est. Esta modalidad recorre 50 km y 1990 metros de desnivel positivo desde Barr hasta Obernai a trav\u00e9s de los vi\u00f1edos y castillos m\u00e1s ic\u00f3nicos de la regi\u00f3n. La primera edici\u00f3n fue el 19 de Mayo de 2023, en ...<br \/><div class=\"pt-cv-rmwrap\"><a href=\"https:\/\/trailrunningmallorca.es\/index.php\/2023\/08\/22\/trail-des-celtes\/\" class=\"_self pt-cv-readmore btn btn-success\" target=\"_self\">Leer M\u00e1s<\/a><\/div><\/div><\/div><\/div>\n<div class=\" pt-cv-content-item pt-cv-2-col\"  data-pid=\"11330\"><div class=\"pt-cv-thumb-wrapper pull-left \"><a href=\"https:\/\/trailrunningmallorca.es\/index.php\/2022\/04\/26\/trail-serra-tramuntana\/\" class=\"_self pt-cv-href-thumbnail pt-cv-thumb-left\" target=\"_self\" ><img loading=\"lazy\" decoding=\"async\" width=\"500\" height=\"500\" src=\"https:\/\/trailrunningmallorca.es\/wp-content\/uploads\/2022\/04\/TSDT-logo.jpeg\" class=\"pt-cv-thumbnail img-none pull-left\" alt=\"Trail Serra de Tramuntana (TSDT)\" \/><\/a><\/div>\n<div class=\"pt-cv-colwrap\"><div class=\"pt-cv-taxoterm above_title\"><a href='https:\/\/trailrunningmallorca.es\/index.php\/category\/carreras-y-trails-de-montana\/' title='Carreras y trails de monta\u00f1a' class='pt-cv-tax-carreras-y-trails-de-montana'>Carreras y trails de monta\u00f1a<\/a><\/div><h4 class=\"pt-cv-title\"><a href=\"https:\/\/trailrunningmallorca.es\/index.php\/2022\/04\/26\/trail-serra-tramuntana\/\" class=\"_self\" target=\"_self\" >Trail Serra de Tramuntana (TSDT)<\/a><\/h4><div class=\"pt-cv-content\">CCarrera por monta\u00f1a de larga distancia que se celebr\u00f3 en la isla de Mallorca, de aprox. 65 km en la modalidad TSDT (Trail Serra de Tramuntana) y que se iniciaba en el pueblo de Valldemossa y finalizaba en Pollen\u00e7a. Se sol\u00eda hacer la tercera semana de Abril. Esta trail la ...<br \/><div class=\"pt-cv-rmwrap\"><a href=\"https:\/\/trailrunningmallorca.es\/index.php\/2022\/04\/26\/trail-serra-tramuntana\/\" class=\"_self pt-cv-readmore btn btn-success\" target=\"_self\">Leer M\u00e1s<\/a><\/div><\/div><\/div><\/div>\n<div class=\" pt-cv-content-item pt-cv-2-col\"  data-pid=\"20006\"><div class=\"pt-cv-thumb-wrapper pull-left \"><a href=\"https:\/\/trailrunningmallorca.es\/index.php\/2024\/08\/15\/utmb-vall-aran\/\" class=\"_self pt-cv-href-thumbnail pt-cv-thumb-left\" target=\"_self\" ><img loading=\"lazy\" decoding=\"async\" width=\"647\" height=\"745\" src=\"https:\/\/trailrunningmallorca.es\/wp-content\/uploads\/2024\/08\/vall-aran.png\" class=\"pt-cv-thumbnail img-none pull-left\" alt=\"UTMB Val D&#039;Aran EXP 32 Km\" \/><\/a><\/div>\n<div class=\"pt-cv-colwrap\"><div class=\"pt-cv-taxoterm above_title\"><a href='https:\/\/trailrunningmallorca.es\/index.php\/category\/carreras-y-trails-de-montana\/' title='Carreras y trails de monta\u00f1a' class='pt-cv-tax-carreras-y-trails-de-montana'>Carreras y trails de monta\u00f1a<\/a><\/div><h4 class=\"pt-cv-title\"><a href=\"https:\/\/trailrunningmallorca.es\/index.php\/2024\/08\/15\/utmb-vall-aran\/\" class=\"_self\" target=\"_self\" >UTMB Val D&#8217;Aran EXP 32 Km<\/a><\/h4><div class=\"pt-cv-content\">Esta es la primera trail que participo en la pen\u00ednsula ib\u00e9rica, concretamente en el Vall d'Aran, comarca espa\u00f1ola situada en la vertiente septentrional de los Pirineos centrales, en la provincia de L\u00e9rida. De las m\u00faltiples modalidades que ofrece el circuito de carreras UTMB\u00ae, me apunt\u00e9 a la carrera EXP, que ...<br \/><div class=\"pt-cv-rmwrap\"><a href=\"https:\/\/trailrunningmallorca.es\/index.php\/2024\/08\/15\/utmb-vall-aran\/\" class=\"_self pt-cv-readmore btn btn-success\" target=\"_self\">Leer M\u00e1s<\/a><\/div><\/div><\/div><\/div><\/div><\/div><\/div>\t\t\t<style type=\"text\/css\" id=\"pt-cv-inline-style-60953dcf4l\">\n#pt-cv-view-033dccfnfj .pt-cv-thumb-wrapper:not(.miniwrap) { width: 500px; }#pt-cv-view-033dccfnfj .pt-cv-thumbnail:not(.pt-cv-thumbnailsm) { height: 350px; }#pt-cv-view-033dccfnfj > .pt-cv-page {grid-template-columns: repeat(1, 1fr);grid-gap: 15px;}\n@media all and (max-width: 1024px) { \n#pt-cv-view-033dccfnfj > .pt-cv-page {grid-template-columns: repeat(1, 1fr);}\n} \n@media all and (max-width: 767px) { \n#pt-cv-view-033dccfnfj > .pt-cv-page {grid-template-columns: repeat(1, 1fr);}\n} <\/style>\r\n\t\t\t\t\t\t<style type=\"text\/css\" id=\"pt-cv-inline-style-59e8251vlj\">#pt-cv-view-033dccfnfj .pt-cv-content-item { padding-top: 0px !important; padding-right: 0px !important; padding-bottom: 0px !important; padding-left: 0px !important; }\n#pt-cv-view-033dccfnfj  .pt-cv-content-item   { background-color: #ffffff !important; border-width: 1px 1px 1px 1px !important; border-style: solid !important; border-color: #000000 !important; border-radius: 0px 0px 0px 0px !important; }\n#pt-cv-view-033dccfnfj .pt-cv-taxoterm * { font-family: 'Open Sans', Arial, serif !important; font-size: 11px !important; line-height: 1.3 !important; color: #ffffff !important; background-color: #f9b339 !important; margin: 15px 0px 0px 15px !important; padding: 5px 5px 5px 5px !important; }\n#pt-cv-view-033dccfnfj .pt-cv-title a, #pt-cv-view-033dccfnfj  .panel-title { font-family: 'Open Sans', Arial, serif !important; font-size: 18px !important; line-height: 1.3 !important; color: #e86535 !important; font-weight: 600 !important; margin: 0px 0px 0px 5px !important; padding: 10px 10px 0px 10px !important; display: block !important; }\n#pt-cv-view-033dccfnfj  .pt-cv-title a:hover, #pt-cv-view-033dccfnfj  .panel-title:hover   { font-family: 'Open Sans', Arial, serif !important; font-size: 18px !important; line-height: 1.3 !important; color: #3724e5 !important; }\n#pt-cv-view-033dccfnfj .pt-cv-content , #pt-cv-view-033dccfnfj  .pt-cv-content *:not(.pt-cv-readmore):not(style):not(script) { font-family: 'Open Sans', Arial, serif !important; font-size: 13px !important; color: #000000 !important; text-transform: capitalize !important; line-height: 2 !important; margin: 0px 0px 0px 0px !important; padding: 10px 15px 10px 15px !important; }\n#pt-cv-view-033dccfnfj .pt-cv-readmore  { color: #ffffff !important; background-color: #00aeef !important; }\n#pt-cv-view-033dccfnfj .pt-cv-readmore:hover  { color: #ffffff !important; background-color: #00aeef !important; }\n#pt-cv-view-033dccfnfj { text-align: justify; }<\/style>\r\n\t\t\t<link href='\/\/fonts.googleapis.com\/css?family=Open+Sans' rel='stylesheet' type='text\/css'>\n\n\n<p><\/p>\n","protected":false},"excerpt":{"rendered":"<table class=\"rw-rating-table rw-ltr rw-left rw-no-labels\"><tr><td><nobr>&nbsp;<\/nobr><\/td><td><div class=\"rw-left\"><div class=\"rw-ui-container rw-class-blog-post rw-urid-208520\"><\/div><\/div><\/td><\/tr><\/table><p>&nbsp; E l punto de partida de esta carrera es en Vielha, capital del Vall d&#8217;Aran, est\u00e1 situada en el centro del valle, y se levanta a 974 metros de altitud en la confluencia del r\u00edo Garona con su afluente&hellip; <\/p>\n","protected":false},"author":1,"featured_media":0,"parent":0,"menu_order":0,"comment_status":"closed","ping_status":"closed","template":"","meta":{"ngg_post_thumbnail":0,"footnotes":""},"class_list":["post-20851","page","type-page","status-publish","hentry"],"_links":{"self":[{"href":"https:\/\/trailrunningmallorca.es\/index.php\/wp-json\/wp\/v2\/pages\/20851","targetHints":{"allow":["GET"]}}],"collection":[{"href":"https:\/\/trailrunningmallorca.es\/index.php\/wp-json\/wp\/v2\/pages"}],"about":[{"href":"https:\/\/trailrunningmallorca.es\/index.php\/wp-json\/wp\/v2\/types\/page"}],"author":[{"embeddable":true,"href":"https:\/\/trailrunningmallorca.es\/index.php\/wp-json\/wp\/v2\/users\/1"}],"replies":[{"embeddable":true,"href":"https:\/\/trailrunningmallorca.es\/index.php\/wp-json\/wp\/v2\/comments?post=20851"}],"version-history":[{"count":0,"href":"https:\/\/trailrunningmallorca.es\/index.php\/wp-json\/wp\/v2\/pages\/20851\/revisions"}],"wp:attachment":[{"href":"https:\/\/trailrunningmallorca.es\/index.php\/wp-json\/wp\/v2\/media?parent=20851"}],"curies":[{"name":"wp","href":"https:\/\/api.w.org\/{rel}","templated":true}]}}