{"id":19444,"date":"2024-05-31T09:10:48","date_gmt":"2024-05-31T07:10:48","guid":{"rendered":"https:\/\/trailrunningmallorca.es\/?page_id=19444"},"modified":"2024-05-31T10:36:02","modified_gmt":"2024-05-31T08:36:02","slug":"rutas-nivel-dificil","status":"publish","type":"page","link":"https:\/\/trailrunningmallorca.es\/index.php\/rutas-nivel-dificil\/","title":{"rendered":"Rutas nivel DIF\u00cdCIL"},"content":{"rendered":"<h6><div class=\"su-box su-box-style-default\" id=\"\" style=\"border-color:#000000;border-radius:3px;max-width:none\"><div class=\"su-box-title\" style=\"background-color:#333333;color:#f7f047;border-top-left-radius:1px;border-top-right-radius:1px\">Nivel DIF\u00cdCIL<\/div><div class=\"su-box-content su-u-clearfix su-u-trim\" style=\"border-bottom-left-radius:1px;border-bottom-right-radius:1px\"><img loading=\"lazy\" decoding=\"async\" class=\"wp-image-19456 alignleft\" src=\"https:\/\/trailrunningmallorca.es\/wp-content\/uploads\/2024\/05\/NIVEL-DIFICIL.png\" alt=\"\" width=\"136\" height=\"60\"><span class=\"wpsdc-drop-cap\">R<\/span>utas que combinan senderos se\u00f1alizados, tramos sin camino y con dif\u00edcil orientaci\u00f3n. Hay que superar pasos t\u00e9cnicos y expuestos. Este tipo de rutas son para personas con experiencia y acostumbradas a hacer tramos fuera de camino se\u00f1alizado. Adem\u00e1s la orientaci\u00f3n es complicada en algunas partes de la ruta, nunca ir en solitario a hacer estos itinerarios e ir acompa\u00f1ados por gu\u00edas de monta\u00f1a o gente experimentada que conozca el itinerario. <\/div><\/div><\/h6>\n<div class=\"pt-cv-wrapper\"><div class=\"pt-cv-view pt-cv-blockgrid iscvblock iscvhybrid list1 layout1 pt-cv-pgregular pt-cv-justify pt-cv-round-btn\" id=\"pt-cv-view-b5e9b4134v\"><div data-id=\"pt-cv-page-1\" class=\"pt-cv-page\" data-cvc=\"2\"><div class=\" pt-cv-content-item pt-cv-2-col\"  data-pid=\"12554\"><div class=\"pt-cv-thumb-wrapper pull-left \"><a href=\"https:\/\/trailrunningmallorca.es\/index.php\/2022\/11\/23\/cova-tancada\/\" class=\"_self pt-cv-href-thumbnail pt-cv-thumb-left cvplbd\" target=\"_self\" ><img loading=\"lazy\" decoding=\"async\" width=\"2000\" height=\"1500\" src=\"https:\/\/trailrunningmallorca.es\/wp-content\/uploads\/2022\/11\/nggallery_import\/IMG_3801.jpeg\" class=\"pt-cv-thumbnail img-none pull-left\" alt=\"Alcanada, Cova Tancada de Menorca, Cam\u00ed des Coll Baix\" \/><\/a><div class=\"pt-cv-taxoterm over_top_right\"><a href='https:\/\/trailrunningmallorca.es\/index.php\/category\/rutas-comarcas\/es-raiguer\/trail-running-alcudia\/' title='Alcudia' class='pt-cv-tax-trail-running-alcudia'>Alcudia<\/a><a href='https:\/\/trailrunningmallorca.es\/index.php\/category\/clasificacion-rutas\/rutas-por-dificultad\/dificil\/' title='Dif\u00edcil' class='pt-cv-tax-dificil'>Dif\u00edcil<\/a><a href='https:\/\/trailrunningmallorca.es\/index.php\/category\/clasificacion-rutas\/rutas-por-distancia\/entre-15-km-y-20-km\/' title='Entre 15 km y 20 km' class='pt-cv-tax-entre-15-km-y-20-km'>Entre 15 km y 20 km<\/a><a href='https:\/\/trailrunningmallorca.es\/index.php\/category\/rutas-comarcas\/es-raiguer\/' title='Es Raiguer' class='pt-cv-tax-es-raiguer'>Es Raiguer<\/a><\/div><\/div>\n<div class=\"pt-cv-colwrap\"><h4 class=\"pt-cv-title\"><a href=\"https:\/\/trailrunningmallorca.es\/index.php\/2022\/11\/23\/cova-tancada\/\" class=\"_self cvplbd\" target=\"_self\" >Alcanada, Cova Tancada de Menorca, Cam\u00ed des Coll Baix<\/a><\/h4><div class=\"pt-cv-content\">Una ruta preciosa por la costa de Alc\u00fadia y Alcanada cuya protagonista es la visita a la cova tancada del Cap de Menorca, una cueva cuyo acceso no es f\u00e1cil, aunque la visita vale la pena. Itinerario Alcanada (Port d'Alcudia) ...<br \/><div class=\"pt-cv-rmwrap\"><a href=\"https:\/\/trailrunningmallorca.es\/index.php\/2022\/11\/23\/cova-tancada\/\" class=\"_self pt-cv-readmore btn btn-success cvplbd\" target=\"_self\">Leer M\u00e1s<\/a><\/div><\/div><\/div><\/div>\n<div class=\" pt-cv-content-item pt-cv-2-col\"  data-pid=\"6063\"><div class=\"pt-cv-thumb-wrapper pull-left \"><a href=\"https:\/\/trailrunningmallorca.es\/index.php\/2018\/11\/19\/balma-nanets-pas-grau\/\" class=\"_self pt-cv-href-thumbnail pt-cv-thumb-left cvplbd\" target=\"_self\" ><img loading=\"lazy\" decoding=\"async\" width=\"2000\" height=\"1500\" src=\"https:\/\/trailrunningmallorca.es\/wp-content\/uploads\/ngg_featured\/13_1344.jpeg\" class=\"pt-cv-thumbnail img-none pull-left\" alt=\"Balma des Nanets y Pas de Ca&#039;n Grau\" \/><\/a><div class=\"pt-cv-taxoterm over_top_right\"><a href='https:\/\/trailrunningmallorca.es\/index.php\/category\/rutas-comarcas\/tramuntana-central\/bunyola\/' title='Bunyola' class='pt-cv-tax-bunyola'>Bunyola<\/a><a href='https:\/\/trailrunningmallorca.es\/index.php\/category\/clasificacion-rutas\/rutas-por-dificultad\/dificil\/' title='Dif\u00edcil' class='pt-cv-tax-dificil'>Dif\u00edcil<\/a><a href='https:\/\/trailrunningmallorca.es\/index.php\/category\/clasificacion-rutas\/rutas-por-distancia\/menos-de-10-km\/' title='Menos de 10 Km' class='pt-cv-tax-menos-de-10-km'>Menos de 10 Km<\/a><a href='https:\/\/trailrunningmallorca.es\/index.php\/category\/rutas-comarcas\/tramuntana-central\/' title='Tramuntana Central' class='pt-cv-tax-tramuntana-central'>Tramuntana Central<\/a><\/div><\/div>\n<div class=\"pt-cv-colwrap\"><h4 class=\"pt-cv-title\"><a href=\"https:\/\/trailrunningmallorca.es\/index.php\/2018\/11\/19\/balma-nanets-pas-grau\/\" class=\"_self cvplbd\" target=\"_self\" >Balma des Nanets y Pas de Ca&#8217;n Grau<\/a><\/h4><div class=\"pt-cv-content\">Ruta corta por la comuna de Bunyola visitando un antiguo camino de carboners y un lugar muy singular llamado la Balma des Nanets. Para regresar, el Pas de Ca'n Grau, un interesante paso formado por una pared seca que comunica ...<br \/><div class=\"pt-cv-rmwrap\"><a href=\"https:\/\/trailrunningmallorca.es\/index.php\/2018\/11\/19\/balma-nanets-pas-grau\/\" class=\"_self pt-cv-readmore btn btn-success cvplbd\" target=\"_self\">Leer M\u00e1s<\/a><\/div><\/div><\/div><\/div>\n<div class=\" pt-cv-content-item pt-cv-2-col\"  data-pid=\"2207\"><div class=\"pt-cv-thumb-wrapper pull-left \"><a href=\"https:\/\/trailrunningmallorca.es\/index.php\/2016\/06\/30\/barranc-de-sa-gubia-y-puig-de-sa-font\/\" class=\"_self pt-cv-href-thumbnail pt-cv-thumb-left cvplbd\" target=\"_self\" ><img loading=\"lazy\" decoding=\"async\" width=\"1600\" height=\"899\" src=\"https:\/\/trailrunningmallorca.es\/wp-content\/uploads\/ngg_featured\/28.jpg\" class=\"pt-cv-thumbnail img-none pull-left\" alt=\"Barranc de Sa Gubia y Puig de Sa Font\" \/><\/a><div class=\"pt-cv-taxoterm over_top_right\"><a href='https:\/\/trailrunningmallorca.es\/index.php\/category\/rutas-comarcas\/tramuntana-central\/bunyola\/' title='Bunyola' class='pt-cv-tax-bunyola'>Bunyola<\/a><a href='https:\/\/trailrunningmallorca.es\/index.php\/category\/clasificacion-rutas\/rutas-por-dificultad\/dificil\/' title='Dif\u00edcil' class='pt-cv-tax-dificil'>Dif\u00edcil<\/a><a href='https:\/\/trailrunningmallorca.es\/index.php\/category\/clasificacion-rutas\/rutas-por-distancia\/entre-15-km-y-20-km\/' title='Entre 15 km y 20 km' class='pt-cv-tax-entre-15-km-y-20-km'>Entre 15 km y 20 km<\/a><a href='https:\/\/trailrunningmallorca.es\/index.php\/category\/clasificacion-rutas\/rutas-de-senderismo\/' title='Rutas de senderismo' class='pt-cv-tax-rutas-de-senderismo'>Rutas de senderismo<\/a><a href='https:\/\/trailrunningmallorca.es\/index.php\/category\/rutas-comarcas\/tramuntana-central\/' title='Tramuntana Central' class='pt-cv-tax-tramuntana-central'>Tramuntana Central<\/a><\/div><\/div>\n<div class=\"pt-cv-colwrap\"><h4 class=\"pt-cv-title\"><a href=\"https:\/\/trailrunningmallorca.es\/index.php\/2016\/06\/30\/barranc-de-sa-gubia-y-puig-de-sa-font\/\" class=\"_self cvplbd\" target=\"_self\" >Barranc de Sa Gubia y Puig de Sa Font<\/a><\/h4><div class=\"pt-cv-content\">Ruta preciosa entre Bunyola y Valldemossa. Subimos por el espectacular barranco de Sa Gubia, pudiendo contemplar las colosales paredes de escalada. Despu\u00e9s subimos al Puig de sa Font y descendemos hacia Pastoritx, volviendo a Bunyola por el cam\u00ed de Raixa ...<br \/><div class=\"pt-cv-rmwrap\"><a href=\"https:\/\/trailrunningmallorca.es\/index.php\/2016\/06\/30\/barranc-de-sa-gubia-y-puig-de-sa-font\/\" class=\"_self pt-cv-readmore btn btn-success cvplbd\" target=\"_self\">Leer M\u00e1s<\/a><\/div><\/div><\/div><\/div>\n<div class=\" pt-cv-content-item pt-cv-2-col\"  data-pid=\"15813\"><div class=\"pt-cv-thumb-wrapper pull-left \"><a href=\"https:\/\/trailrunningmallorca.es\/index.php\/2023\/07\/08\/alous-arrom\/\" class=\"_self pt-cv-href-thumbnail pt-cv-thumb-left cvplbd\" target=\"_self\" ><img loading=\"lazy\" decoding=\"async\" width=\"2048\" height=\"1536\" src=\"https:\/\/trailrunningmallorca.es\/wp-content\/uploads\/2023\/07\/nggallery_import\/IMG_5639.jpeg\" class=\"pt-cv-thumbnail img-none pull-left\" alt=\"Cam\u00ed des Alous, Sa Planella, Cam\u00ed de s&#039;Arrom\" \/><\/a><div class=\"pt-cv-taxoterm over_top_right\"><a href='https:\/\/trailrunningmallorca.es\/index.php\/category\/clasificacion-rutas\/rutas-por-dificultad\/dificil\/' title='Dif\u00edcil' class='pt-cv-tax-dificil'>Dif\u00edcil<\/a><a href='https:\/\/trailrunningmallorca.es\/index.php\/category\/clasificacion-rutas\/rutas-por-distancia\/entre-10-km-y-15-km\/' title='Entre 10 km y 15 km' class='pt-cv-tax-entre-10-km-y-15-km'>Entre 10 km y 15 km<\/a><a href='https:\/\/trailrunningmallorca.es\/index.php\/category\/rutas-comarcas\/tramuntana-central\/soller\/' title='S\u00f3ller' class='pt-cv-tax-soller'>S\u00f3ller<\/a><a href='https:\/\/trailrunningmallorca.es\/index.php\/category\/rutas-comarcas\/tramuntana-central\/' title='Tramuntana Central' class='pt-cv-tax-tramuntana-central'>Tramuntana Central<\/a><\/div><\/div>\n<div class=\"pt-cv-colwrap\"><h4 class=\"pt-cv-title\"><a href=\"https:\/\/trailrunningmallorca.es\/index.php\/2023\/07\/08\/alous-arrom\/\" class=\"_self cvplbd\" target=\"_self\" >Cam\u00ed des Alous, Sa Planella, Cam\u00ed de s&#8217;Arrom<\/a><\/h4><div class=\"pt-cv-content\">Nota importante: Para hacer esta excursi\u00f3n y transitar por el cam\u00ed de s'Arrom, hay que pedir permiso a la propiedad Descubrimos en esta ruta una v\u00eda de comunicaci\u00f3n para ir al cam\u00ed de s'Arrom desde las Antenas de Alfabia y ...<br \/><div class=\"pt-cv-rmwrap\"><a href=\"https:\/\/trailrunningmallorca.es\/index.php\/2023\/07\/08\/alous-arrom\/\" class=\"_self pt-cv-readmore btn btn-success cvplbd\" target=\"_self\">Leer M\u00e1s<\/a><\/div><\/div><\/div><\/div>\n<div class=\" pt-cv-content-item pt-cv-2-col\"  data-pid=\"15671\"><div class=\"pt-cv-thumb-wrapper pull-left \"><a href=\"https:\/\/trailrunningmallorca.es\/index.php\/2023\/06\/14\/cami-barranc\/\" class=\"_self pt-cv-href-thumbnail pt-cv-thumb-left cvplbd\" target=\"_self\" ><img loading=\"lazy\" decoding=\"async\" width=\"2000\" height=\"1500\" src=\"https:\/\/trailrunningmallorca.es\/wp-content\/uploads\/2023\/06\/nggallery_import\/IMG_5021.jpeg\" class=\"pt-cv-thumbnail img-none pull-left\" alt=\"Cam\u00ed des Castell\u00e0s y Cam\u00ed des Barranc\" \/><\/a><div class=\"pt-cv-taxoterm over_top_right\"><a href='https:\/\/trailrunningmallorca.es\/index.php\/category\/rutas-comarcas\/tramuntana-central\/deia\/' title='Dei\u00e0' class='pt-cv-tax-deia'>Dei\u00e0<\/a><a href='https:\/\/trailrunningmallorca.es\/index.php\/category\/clasificacion-rutas\/rutas-por-dificultad\/dificil\/' title='Dif\u00edcil' class='pt-cv-tax-dificil'>Dif\u00edcil<\/a><a href='https:\/\/trailrunningmallorca.es\/index.php\/category\/clasificacion-rutas\/rutas-por-distancia\/entre-15-km-y-20-km\/' title='Entre 15 km y 20 km' class='pt-cv-tax-entre-15-km-y-20-km'>Entre 15 km y 20 km<\/a><a href='https:\/\/trailrunningmallorca.es\/index.php\/category\/clasificacion-rutas\/rutas-de-senderismo\/' title='Rutas de senderismo' class='pt-cv-tax-rutas-de-senderismo'>Rutas de senderismo<\/a><a href='https:\/\/trailrunningmallorca.es\/index.php\/category\/rutas-comarcas\/tramuntana-central\/' title='Tramuntana Central' class='pt-cv-tax-tramuntana-central'>Tramuntana Central<\/a><\/div><\/div>\n<div class=\"pt-cv-colwrap\"><h4 class=\"pt-cv-title\"><a href=\"https:\/\/trailrunningmallorca.es\/index.php\/2023\/06\/14\/cami-barranc\/\" class=\"_self cvplbd\" target=\"_self\" >Cam\u00ed des Castell\u00e0s y Cam\u00ed des Barranc<\/a><\/h4><div class=\"pt-cv-content\">Itinerario id\u00edlico por Dei\u00e0, recorriendo dos caminos que no conoc\u00edamos y en el que descubriremos el legado del Arxiduq en el cam\u00ed des Barranc, camino muy abandonado que comunicaba Miramar con Son Marroig y el cam\u00ed des Castell\u00e0s, otra ruta ...<br \/><div class=\"pt-cv-rmwrap\"><a href=\"https:\/\/trailrunningmallorca.es\/index.php\/2023\/06\/14\/cami-barranc\/\" class=\"_self pt-cv-readmore btn btn-success cvplbd\" target=\"_self\">Leer M\u00e1s<\/a><\/div><\/div><\/div><\/div>\n<div class=\" pt-cv-content-item pt-cv-2-col\"  data-pid=\"15275\"><div class=\"pt-cv-thumb-wrapper pull-left \"><a href=\"https:\/\/trailrunningmallorca.es\/index.php\/2023\/05\/28\/torrent-llorers\/\" class=\"_self pt-cv-href-thumbnail pt-cv-thumb-left cvplbd\" target=\"_self\" ><img loading=\"lazy\" decoding=\"async\" width=\"1700\" height=\"1200\" src=\"https:\/\/trailrunningmallorca.es\/wp-content\/uploads\/2023\/05\/torrent-llorers.jpg\" class=\"pt-cv-thumbnail img-none pull-left\" alt=\"Cam\u00ed des Torrent des Llorers\" \/><\/a><div class=\"pt-cv-taxoterm over_top_right\"><a href='https:\/\/trailrunningmallorca.es\/index.php\/category\/clasificacion-rutas\/rutas-por-dificultad\/dificil\/' title='Dif\u00edcil' class='pt-cv-tax-dificil'>Dif\u00edcil<\/a><a href='https:\/\/trailrunningmallorca.es\/index.php\/category\/clasificacion-rutas\/rutas-por-distancia\/entre-10-km-y-15-km\/' title='Entre 10 km y 15 km' class='pt-cv-tax-entre-10-km-y-15-km'>Entre 10 km y 15 km<\/a><a href='https:\/\/trailrunningmallorca.es\/index.php\/category\/clasificacion-rutas\/rutas-de-senderismo\/' title='Rutas de senderismo' class='pt-cv-tax-rutas-de-senderismo'>Rutas de senderismo<\/a><a href='https:\/\/trailrunningmallorca.es\/index.php\/category\/rutas-comarcas\/tramuntana-central\/soller\/' title='S\u00f3ller' class='pt-cv-tax-soller'>S\u00f3ller<\/a><a href='https:\/\/trailrunningmallorca.es\/index.php\/category\/rutas-comarcas\/tramuntana-central\/' title='Tramuntana Central' class='pt-cv-tax-tramuntana-central'>Tramuntana Central<\/a><\/div><\/div>\n<div class=\"pt-cv-colwrap\"><h4 class=\"pt-cv-title\"><a href=\"https:\/\/trailrunningmallorca.es\/index.php\/2023\/05\/28\/torrent-llorers\/\" class=\"_self cvplbd\" target=\"_self\" >Cam\u00ed des Torrent des Llorers<\/a><\/h4><div class=\"pt-cv-content\">Nota importante: Parte de la ruta para por la finca privada de Moncaire, hay que solicitar permiso antes de pasar. Una ruta desconocida y que vi en la web del gran Emilio Alonso, cuyas descripciones y rutas me han ayudado ...<br \/><div class=\"pt-cv-rmwrap\"><a href=\"https:\/\/trailrunningmallorca.es\/index.php\/2023\/05\/28\/torrent-llorers\/\" class=\"_self pt-cv-readmore btn btn-success cvplbd\" target=\"_self\">Leer M\u00e1s<\/a><\/div><\/div><\/div><\/div>\n<div class=\" pt-cv-content-item pt-cv-2-col\"  data-pid=\"4116\"><div class=\"pt-cv-thumb-wrapper pull-left \"><a href=\"https:\/\/trailrunningmallorca.es\/index.php\/2017\/05\/07\/canaleta-de-solleric-y-tossals-verds-por-el-pas-llis\/\" class=\"_self pt-cv-href-thumbnail pt-cv-thumb-left cvplbd\" target=\"_self\" ><img loading=\"lazy\" decoding=\"async\" width=\"2000\" height=\"1332\" src=\"https:\/\/trailrunningmallorca.es\/wp-content\/uploads\/ngg_featured\/20_8119.jpeg\" class=\"pt-cv-thumbnail img-none pull-left\" alt=\"Canaleta de Solleric y Tossals Verds por el Pas Llis\" \/><\/a><div class=\"pt-cv-taxoterm over_top_right\"><a href='https:\/\/trailrunningmallorca.es\/index.php\/category\/rutas-comarcas\/es-raiguer\/alaro\/' title='Alar\u00f3' class='pt-cv-tax-alaro'>Alar\u00f3<\/a><a href='https:\/\/trailrunningmallorca.es\/index.php\/category\/clasificacion-rutas\/rutas-por-dificultad\/dificil\/' title='Dif\u00edcil' class='pt-cv-tax-dificil'>Dif\u00edcil<\/a><a href='https:\/\/trailrunningmallorca.es\/index.php\/category\/rutas-comarcas\/es-raiguer\/' title='Es Raiguer' class='pt-cv-tax-es-raiguer'>Es Raiguer<\/a><a href='https:\/\/trailrunningmallorca.es\/index.php\/category\/clasificacion-rutas\/rutas-por-distancia\/mas-de-25-km\/' title='M\u00e1s de 25 km' class='pt-cv-tax-mas-de-25-km'>M\u00e1s de 25 km<\/a><\/div><\/div>\n<div class=\"pt-cv-colwrap\"><h4 class=\"pt-cv-title\"><a href=\"https:\/\/trailrunningmallorca.es\/index.php\/2017\/05\/07\/canaleta-de-solleric-y-tossals-verds-por-el-pas-llis\/\" class=\"_self cvplbd\" target=\"_self\" >Canaleta de Solleric y Tossals Verds por el Pas Llis<\/a><\/h4><div class=\"pt-cv-content\">De nuevo una ruta por la fabulosa Canaleta de Solleric, una vuelta larga y muy exigente hacia el embalse de C\u00faber. Pero en esta ocasi\u00f3n, se realiza la variante del GR-221 por la Coma des Ases y el Pas Llis ...<br \/><div class=\"pt-cv-rmwrap\"><a href=\"https:\/\/trailrunningmallorca.es\/index.php\/2017\/05\/07\/canaleta-de-solleric-y-tossals-verds-por-el-pas-llis\/\" class=\"_self pt-cv-readmore btn btn-success cvplbd\" target=\"_self\">Leer M\u00e1s<\/a><\/div><\/div><\/div><\/div>\n<div class=\" pt-cv-content-item pt-cv-2-col\"  data-pid=\"1412\"><div class=\"pt-cv-thumb-wrapper pull-left \"><a href=\"https:\/\/trailrunningmallorca.es\/index.php\/2016\/02\/16\/caseta-dels-milicians-y-punta-de-sa-sal\/\" class=\"_self pt-cv-href-thumbnail pt-cv-thumb-left cvplbd\" target=\"_self\" ><img loading=\"lazy\" decoding=\"async\" width=\"1200\" height=\"674\" src=\"https:\/\/trailrunningmallorca.es\/wp-content\/uploads\/ngg_featured\/12_1543.jpg\" class=\"pt-cv-thumbnail img-none pull-left\" alt=\"Caseta dels Milicians y Punta de sa Sal\" \/><\/a><div class=\"pt-cv-taxoterm over_top_right\"><a href='https:\/\/trailrunningmallorca.es\/index.php\/category\/clasificacion-rutas\/rutas-por-dificultad\/dificil\/' title='Dif\u00edcil' class='pt-cv-tax-dificil'>Dif\u00edcil<\/a><a href='https:\/\/trailrunningmallorca.es\/index.php\/category\/clasificacion-rutas\/rutas-por-distancia\/entre-20-km-y-25-km\/' title='Entre 20 km y 25 km' class='pt-cv-tax-entre-20-km-y-25-km'>Entre 20 km y 25 km<\/a><a href='https:\/\/trailrunningmallorca.es\/index.php\/category\/rutas-comarcas\/tramuntana_norte\/pollenca\/' title='Pollen\u00e7a' class='pt-cv-tax-pollenca'>Pollen\u00e7a<\/a><a href='https:\/\/trailrunningmallorca.es\/index.php\/category\/clasificacion-rutas\/rutas-de-senderismo\/' title='Rutas de senderismo' class='pt-cv-tax-rutas-de-senderismo'>Rutas de senderismo<\/a><a href='https:\/\/trailrunningmallorca.es\/index.php\/category\/rutas-comarcas\/tramuntana_norte\/' title='Tramuntana Norte' class='pt-cv-tax-tramuntana_norte'>Tramuntana Norte<\/a><\/div><\/div>\n<div class=\"pt-cv-colwrap\"><h4 class=\"pt-cv-title\"><a href=\"https:\/\/trailrunningmallorca.es\/index.php\/2016\/02\/16\/caseta-dels-milicians-y-punta-de-sa-sal\/\" class=\"_self cvplbd\" target=\"_self\" >Caseta dels Milicians y Punta de sa Sal<\/a><\/h4><div class=\"pt-cv-content\">Id\u00edlica ruta por uno de los rincones m\u00e1s escondidos de Mallorca. Se trata del Vall d'Ariant, un lugar privilegiado del municipio de Pollen\u00e7a. Visitaremos la caseta dels Milicians, un antiguo cuartel de vigilancia en tiempos de la guerra civil, y ...<br \/><div class=\"pt-cv-rmwrap\"><a href=\"https:\/\/trailrunningmallorca.es\/index.php\/2016\/02\/16\/caseta-dels-milicians-y-punta-de-sa-sal\/\" class=\"_self pt-cv-readmore btn btn-success cvplbd\" target=\"_self\">Leer M\u00e1s<\/a><\/div><\/div><\/div><\/div>\n<div class=\" pt-cv-content-item pt-cv-2-col\"  data-pid=\"14677\"><div class=\"pt-cv-thumb-wrapper pull-left \"><a href=\"https:\/\/trailrunningmallorca.es\/index.php\/2023\/04\/25\/cingle-obi\/\" class=\"_self pt-cv-href-thumbnail pt-cv-thumb-left cvplbd\" target=\"_self\" ><img loading=\"lazy\" decoding=\"async\" width=\"2000\" height=\"924\" src=\"https:\/\/trailrunningmallorca.es\/wp-content\/uploads\/2023\/04\/mamelluda.jpg\" class=\"pt-cv-thumbnail img-none pull-left\" alt=\"Cingle de s&#039;Obi\" \/><\/a><div class=\"pt-cv-taxoterm over_top_right\"><a href='https:\/\/trailrunningmallorca.es\/index.php\/category\/clasificacion-rutas\/rutas-por-dificultad\/dificil\/' title='Dif\u00edcil' class='pt-cv-tax-dificil'>Dif\u00edcil<\/a><a href='https:\/\/trailrunningmallorca.es\/index.php\/category\/clasificacion-rutas\/rutas-por-distancia\/menos-de-10-km\/' title='Menos de 10 Km' class='pt-cv-tax-menos-de-10-km'>Menos de 10 Km<\/a><a href='https:\/\/trailrunningmallorca.es\/index.php\/category\/clasificacion-rutas\/rutas-de-senderismo\/' title='Rutas de senderismo' class='pt-cv-tax-rutas-de-senderismo'>Rutas de senderismo<\/a><a href='https:\/\/trailrunningmallorca.es\/index.php\/category\/rutas-comarcas\/tramuntana-central\/soller\/' title='S\u00f3ller' class='pt-cv-tax-soller'>S\u00f3ller<\/a><a href='https:\/\/trailrunningmallorca.es\/index.php\/category\/rutas-comarcas\/tramuntana-central\/' title='Tramuntana Central' class='pt-cv-tax-tramuntana-central'>Tramuntana Central<\/a><\/div><\/div>\n<div class=\"pt-cv-colwrap\"><h4 class=\"pt-cv-title\"><a href=\"https:\/\/trailrunningmallorca.es\/index.php\/2023\/04\/25\/cingle-obi\/\" class=\"_self cvplbd\" target=\"_self\" >Cingle de s&#8217;Obi<\/a><\/h4><div class=\"pt-cv-content\">Nota Importante : Para hacer esta excursi\u00f3n, hay que pedir permiso a los propietarios de la finca de s'Arrom, ya que , en la \u00faltima parte del descenso, transcurre por el camino de la propiedad privada Un itinerario realmente bonito ...<br \/><div class=\"pt-cv-rmwrap\"><a href=\"https:\/\/trailrunningmallorca.es\/index.php\/2023\/04\/25\/cingle-obi\/\" class=\"_self pt-cv-readmore btn btn-success cvplbd\" target=\"_self\">Leer M\u00e1s<\/a><\/div><\/div><\/div><\/div>\n<div class=\" pt-cv-content-item pt-cv-2-col\"  data-pid=\"3921\"><div class=\"pt-cv-thumb-wrapper pull-left \"><a href=\"https:\/\/trailrunningmallorca.es\/index.php\/2017\/04\/08\/clots-carbons-por-el-pas-de-sargento-y-pas-de-sestaca\/\" class=\"_self pt-cv-href-thumbnail pt-cv-thumb-left cvplbd\" target=\"_self\" ><img loading=\"lazy\" decoding=\"async\" width=\"2000\" height=\"1124\" src=\"https:\/\/trailrunningmallorca.es\/wp-content\/uploads\/ngg_featured\/15.jpeg\" class=\"pt-cv-thumbnail img-none pull-left\" alt=\"Clots Carbons por el Pas de s&#039;Argent\u00f3 y Pas de s&#039;Estaca\" \/><\/a><div class=\"pt-cv-taxoterm over_top_right\"><a href='https:\/\/trailrunningmallorca.es\/index.php\/category\/clasificacion-rutas\/rutas-por-dificultad\/dificil\/' title='Dif\u00edcil' class='pt-cv-tax-dificil'>Dif\u00edcil<\/a><a href='https:\/\/trailrunningmallorca.es\/index.php\/category\/rutas-comarcas\/tramuntana_norte\/escorca\/' title='Escorca' class='pt-cv-tax-escorca'>Escorca<\/a><a href='https:\/\/trailrunningmallorca.es\/index.php\/category\/clasificacion-rutas\/rutas-por-distancia\/menos-de-10-km\/' title='Menos de 10 Km' class='pt-cv-tax-menos-de-10-km'>Menos de 10 Km<\/a><a href='https:\/\/trailrunningmallorca.es\/index.php\/category\/clasificacion-rutas\/rutas-de-senderismo\/' title='Rutas de senderismo' class='pt-cv-tax-rutas-de-senderismo'>Rutas de senderismo<\/a><a href='https:\/\/trailrunningmallorca.es\/index.php\/category\/rutas-comarcas\/tramuntana_norte\/' title='Tramuntana Norte' class='pt-cv-tax-tramuntana_norte'>Tramuntana Norte<\/a><\/div><\/div>\n<div class=\"pt-cv-colwrap\"><h4 class=\"pt-cv-title\"><a href=\"https:\/\/trailrunningmallorca.es\/index.php\/2017\/04\/08\/clots-carbons-por-el-pas-de-sargento-y-pas-de-sestaca\/\" class=\"_self cvplbd\" target=\"_self\" >Clots Carbons por el Pas de s&#8217;Argent\u00f3 y Pas de s&#8217;Estaca<\/a><\/h4><div class=\"pt-cv-content\">Excursi\u00f3n muy complicada por terrenos carsticos y muy invadidos por la vegetaci\u00f3n. Son antiguos caminos que conduc\u00edan a cala Tuent desde las fincas de los Binis. Imprescindible GPS y buena orientaci\u00f3n, adem\u00e1s de estar en buena forma f\u00edsica. Una de ...<br \/><div class=\"pt-cv-rmwrap\"><a href=\"https:\/\/trailrunningmallorca.es\/index.php\/2017\/04\/08\/clots-carbons-por-el-pas-de-sargento-y-pas-de-sestaca\/\" class=\"_self pt-cv-readmore btn btn-success cvplbd\" target=\"_self\">Leer M\u00e1s<\/a><\/div><\/div><\/div><\/div>\n<div class=\" pt-cv-content-item pt-cv-2-col\"  data-pid=\"5009\"><div class=\"pt-cv-thumb-wrapper pull-left \"><a href=\"https:\/\/trailrunningmallorca.es\/index.php\/2018\/03\/21\/coma-fosca-arbona-cami-cingles\/\" class=\"_self pt-cv-href-thumbnail pt-cv-thumb-left cvplbd\" target=\"_self\" ><img loading=\"lazy\" decoding=\"async\" width=\"1600\" height=\"899\" src=\"https:\/\/trailrunningmallorca.es\/wp-content\/uploads\/ngg_featured\/09_6676.jpg\" class=\"pt-cv-thumbnail img-none pull-left\" alt=\"Coma Fosca, Coma de n&#039;Arbona y Cam\u00ed dels Cingles (Nevado)\" \/><\/a><div class=\"pt-cv-taxoterm over_top_right\"><a href='https:\/\/trailrunningmallorca.es\/index.php\/category\/clasificacion-rutas\/rutas-por-dificultad\/dificil\/' title='Dif\u00edcil' class='pt-cv-tax-dificil'>Dif\u00edcil<\/a><a href='https:\/\/trailrunningmallorca.es\/index.php\/category\/clasificacion-rutas\/rutas-por-distancia\/entre-10-km-y-15-km\/' title='Entre 10 km y 15 km' class='pt-cv-tax-entre-10-km-y-15-km'>Entre 10 km y 15 km<\/a><a href='https:\/\/trailrunningmallorca.es\/index.php\/category\/rutas-comarcas\/tramuntana_norte\/escorca\/' title='Escorca' class='pt-cv-tax-escorca'>Escorca<\/a><a href='https:\/\/trailrunningmallorca.es\/index.php\/category\/clasificacion-rutas\/rutas-con-nieve\/' title='Rutas con nieve' class='pt-cv-tax-rutas-con-nieve'>Rutas con nieve<\/a><a href='https:\/\/trailrunningmallorca.es\/index.php\/category\/clasificacion-rutas\/rutas-de-senderismo\/' title='Rutas de senderismo' class='pt-cv-tax-rutas-de-senderismo'>Rutas de senderismo<\/a><a href='https:\/\/trailrunningmallorca.es\/index.php\/category\/rutas-comarcas\/tramuntana_norte\/' title='Tramuntana Norte' class='pt-cv-tax-tramuntana_norte'>Tramuntana Norte<\/a><\/div><\/div>\n<div class=\"pt-cv-colwrap\"><h4 class=\"pt-cv-title\"><a href=\"https:\/\/trailrunningmallorca.es\/index.php\/2018\/03\/21\/coma-fosca-arbona-cami-cingles\/\" class=\"_self cvplbd\" target=\"_self\" >Coma Fosca, Coma de n&#8217;Arbona y Cam\u00ed dels Cingles (Nevado)<\/a><\/h4><div class=\"pt-cv-content\">AVISO IMPORTANTE: Esta excursi\u00f3n en el d\u00eda de hoy, no se puede realizar, es zona de Exclusi\u00f3n Medioambiental. Adem\u00e1s el cam\u00ed dels Cingles es privado, hay que pedir permiso a la propiedad. Ruta s\u00f3lo apta para gente experimentada en monta\u00f1a, ...<br \/><div class=\"pt-cv-rmwrap\"><a href=\"https:\/\/trailrunningmallorca.es\/index.php\/2018\/03\/21\/coma-fosca-arbona-cami-cingles\/\" class=\"_self pt-cv-readmore btn btn-success cvplbd\" target=\"_self\">Leer M\u00e1s<\/a><\/div><\/div><\/div><\/div>\n<div class=\" pt-cv-content-item pt-cv-2-col\"  data-pid=\"4776\"><div class=\"pt-cv-thumb-wrapper pull-left \"><a href=\"https:\/\/trailrunningmallorca.es\/index.php\/2017\/11\/30\/comellar-des-teixos\/\" class=\"_self pt-cv-href-thumbnail pt-cv-thumb-left cvplbd\" target=\"_self\" ><img loading=\"lazy\" decoding=\"async\" width=\"2000\" height=\"1500\" src=\"https:\/\/trailrunningmallorca.es\/wp-content\/uploads\/ngg_featured\/10.jpeg\" class=\"pt-cv-thumbnail img-none pull-left\" alt=\"Comellar des Teixos\" \/><\/a><div class=\"pt-cv-taxoterm over_top_right\"><a href='https:\/\/trailrunningmallorca.es\/index.php\/category\/clasificacion-rutas\/rutas-por-dificultad\/dificil\/' title='Dif\u00edcil' class='pt-cv-tax-dificil'>Dif\u00edcil<\/a><a href='https:\/\/trailrunningmallorca.es\/index.php\/category\/clasificacion-rutas\/rutas-por-distancia\/entre-15-km-y-20-km\/' title='Entre 15 km y 20 km' class='pt-cv-tax-entre-15-km-y-20-km'>Entre 15 km y 20 km<\/a><a href='https:\/\/trailrunningmallorca.es\/index.php\/category\/rutas-comarcas\/tramuntana_sur\/esporles\/' title='Esporles' class='pt-cv-tax-esporles'>Esporles<\/a><a href='https:\/\/trailrunningmallorca.es\/index.php\/category\/clasificacion-rutas\/rutas-de-senderismo\/' title='Rutas de senderismo' class='pt-cv-tax-rutas-de-senderismo'>Rutas de senderismo<\/a><a href='https:\/\/trailrunningmallorca.es\/index.php\/category\/rutas-comarcas\/tramuntana_sur\/' title='Tramuntana Sur' class='pt-cv-tax-tramuntana_sur'>Tramuntana Sur<\/a><\/div><\/div>\n<div class=\"pt-cv-colwrap\"><h4 class=\"pt-cv-title\"><a href=\"https:\/\/trailrunningmallorca.es\/index.php\/2017\/11\/30\/comellar-des-teixos\/\" class=\"_self cvplbd\" target=\"_self\" >Comellar des Teixos<\/a><\/h4><div class=\"pt-cv-content\">Esta ruta es una alternativa espectacular para subir a la cima de la Mola de Plan\u00edcia. Se trata del Comellar des Teixos, una subida muy directa que pondr\u00e1 a prueba nuestras piernas y que tiene como protagonistas al Teix o ...<br \/><div class=\"pt-cv-rmwrap\"><a href=\"https:\/\/trailrunningmallorca.es\/index.php\/2017\/11\/30\/comellar-des-teixos\/\" class=\"_self pt-cv-readmore btn btn-success cvplbd\" target=\"_self\">Leer M\u00e1s<\/a><\/div><\/div><\/div><\/div>\n<div class=\" pt-cv-content-item pt-cv-2-col\"  data-pid=\"5527\"><div class=\"pt-cv-thumb-wrapper pull-left \"><a href=\"https:\/\/trailrunningmallorca.es\/index.php\/2018\/07\/08\/pas-de-ses-lloses\/\" class=\"_self pt-cv-href-thumbnail pt-cv-thumb-left cvplbd\" target=\"_self\" ><img loading=\"lazy\" decoding=\"async\" width=\"2000\" height=\"1500\" src=\"https:\/\/trailrunningmallorca.es\/wp-content\/uploads\/ngg_featured\/25.jpeg\" class=\"pt-cv-thumbnail img-none pull-left\" alt=\"Cova de ses Alf\u00e0bies y Pas de ses Lloses\" \/><\/a><div class=\"pt-cv-taxoterm over_top_right\"><a href='https:\/\/trailrunningmallorca.es\/index.php\/category\/clasificacion-rutas\/rutas-por-dificultad\/dificil\/' title='Dif\u00edcil' class='pt-cv-tax-dificil'>Dif\u00edcil<\/a><a href='https:\/\/trailrunningmallorca.es\/index.php\/category\/clasificacion-rutas\/rutas-por-distancia\/menos-de-10-km\/' title='Menos de 10 Km' class='pt-cv-tax-menos-de-10-km'>Menos de 10 Km<\/a><a href='https:\/\/trailrunningmallorca.es\/index.php\/category\/rutas-comarcas\/tramuntana-central\/soller\/' title='S\u00f3ller' class='pt-cv-tax-soller'>S\u00f3ller<\/a><a href='https:\/\/trailrunningmallorca.es\/index.php\/category\/rutas-comarcas\/tramuntana-central\/' title='Tramuntana Central' class='pt-cv-tax-tramuntana-central'>Tramuntana Central<\/a><\/div><\/div>\n<div class=\"pt-cv-colwrap\"><h4 class=\"pt-cv-title\"><a href=\"https:\/\/trailrunningmallorca.es\/index.php\/2018\/07\/08\/pas-de-ses-lloses\/\" class=\"_self cvplbd\" target=\"_self\" >Cova de ses Alf\u00e0bies y Pas de ses Lloses<\/a><\/h4><div class=\"pt-cv-content\">Otra ruta s\u00faper interesante de las muchas que hay en el id\u00edlico Vall de S\u00f3ller. En esta ocasi\u00f3n visitamos la bonita y cultural cova de ses Alf\u00e0bies i un paso nuevo muy interesante, una antigua v\u00eda de acceso r\u00e0pida por ...<br \/><div class=\"pt-cv-rmwrap\"><a href=\"https:\/\/trailrunningmallorca.es\/index.php\/2018\/07\/08\/pas-de-ses-lloses\/\" class=\"_self pt-cv-readmore btn btn-success cvplbd\" target=\"_self\">Leer M\u00e1s<\/a><\/div><\/div><\/div><\/div>\n<div class=\" pt-cv-content-item pt-cv-2-col\"  data-pid=\"15740\"><div class=\"pt-cv-thumb-wrapper pull-left \"><a href=\"https:\/\/trailrunningmallorca.es\/index.php\/2023\/06\/16\/pas-morisc\/\" class=\"_self pt-cv-href-thumbnail pt-cv-thumb-left cvplbd\" target=\"_self\" ><img loading=\"lazy\" decoding=\"async\" width=\"2000\" height=\"1500\" src=\"https:\/\/trailrunningmallorca.es\/wp-content\/uploads\/2023\/06\/nggallery_import\/IMG_5367.jpeg\" class=\"pt-cv-thumbnail img-none pull-left\" alt=\"Es Front\u00f3 de sa Mola i Pas Morisc (Gorg Blau)\" \/><\/a><div class=\"pt-cv-taxoterm over_top_right\"><a href='https:\/\/trailrunningmallorca.es\/index.php\/category\/clasificacion-rutas\/rutas-por-dificultad\/dificil\/' title='Dif\u00edcil' class='pt-cv-tax-dificil'>Dif\u00edcil<\/a><a href='https:\/\/trailrunningmallorca.es\/index.php\/category\/clasificacion-rutas\/rutas-por-distancia\/entre-15-km-y-20-km\/' title='Entre 15 km y 20 km' class='pt-cv-tax-entre-15-km-y-20-km'>Entre 15 km y 20 km<\/a><a href='https:\/\/trailrunningmallorca.es\/index.php\/category\/rutas-comarcas\/tramuntana_norte\/escorca\/' title='Escorca' class='pt-cv-tax-escorca'>Escorca<\/a><a href='https:\/\/trailrunningmallorca.es\/index.php\/category\/clasificacion-rutas\/rutas-de-senderismo\/' title='Rutas de senderismo' class='pt-cv-tax-rutas-de-senderismo'>Rutas de senderismo<\/a><a href='https:\/\/trailrunningmallorca.es\/index.php\/category\/rutas-comarcas\/tramuntana_norte\/' title='Tramuntana Norte' class='pt-cv-tax-tramuntana_norte'>Tramuntana Norte<\/a><\/div><\/div>\n<div class=\"pt-cv-colwrap\"><h4 class=\"pt-cv-title\"><a href=\"https:\/\/trailrunningmallorca.es\/index.php\/2023\/06\/16\/pas-morisc\/\" class=\"_self cvplbd\" target=\"_self\" >Es Front\u00f3 de sa Mola i Pas Morisc (Gorg Blau)<\/a><\/h4><div class=\"pt-cv-content\">Itinerario muy duro y complicado de seguir por el que llegaremos al embalse del Gorg Blau desde la cima del Front\u00f3 de sa Mola y por el Pas Morisc, un antiguo camino que comunica Turixant con el Valle de Almallutx ...<br \/><div class=\"pt-cv-rmwrap\"><a href=\"https:\/\/trailrunningmallorca.es\/index.php\/2023\/06\/16\/pas-morisc\/\" class=\"_self pt-cv-readmore btn btn-success cvplbd\" target=\"_self\">Leer M\u00e1s<\/a><\/div><\/div><\/div><\/div>\n<div class=\" pt-cv-content-item pt-cv-2-col\"  data-pid=\"16649\"><div class=\"pt-cv-thumb-wrapper pull-left \"><a href=\"https:\/\/trailrunningmallorca.es\/index.php\/2023\/09\/07\/salt-son-fortesa\/\" class=\"_self pt-cv-href-thumbnail pt-cv-thumb-left cvplbd\" target=\"_self\" ><img loading=\"lazy\" decoding=\"async\" width=\"2000\" height=\"924\" src=\"https:\/\/trailrunningmallorca.es\/wp-content\/uploads\/2023\/09\/nggallery_import\/20230310_144611.jpg\" class=\"pt-cv-thumbnail img-none pull-left\" alt=\"Es Grau, Sa Campaneta, Ermita Sant Nofre y Salt Son Fortesa\" \/><\/a><div class=\"pt-cv-taxoterm over_top_right\"><a href='https:\/\/trailrunningmallorca.es\/index.php\/category\/clasificacion-rutas\/rutas-por-dificultad\/dificil\/' title='Dif\u00edcil' class='pt-cv-tax-dificil'>Dif\u00edcil<\/a><a href='https:\/\/trailrunningmallorca.es\/index.php\/category\/clasificacion-rutas\/rutas-por-distancia\/entre-10-km-y-15-km\/' title='Entre 10 km y 15 km' class='pt-cv-tax-entre-10-km-y-15-km'>Entre 10 km y 15 km<\/a><a href='https:\/\/trailrunningmallorca.es\/index.php\/category\/rutas-comarcas\/tramuntana_sur\/puigpunyent\/' title='Puigpunyent' class='pt-cv-tax-puigpunyent'>Puigpunyent<\/a><a href='https:\/\/trailrunningmallorca.es\/index.php\/category\/clasificacion-rutas\/rutas-de-senderismo\/' title='Rutas de senderismo' class='pt-cv-tax-rutas-de-senderismo'>Rutas de senderismo<\/a><a href='https:\/\/trailrunningmallorca.es\/index.php\/category\/rutas-comarcas\/tramuntana_sur\/' title='Tramuntana Sur' class='pt-cv-tax-tramuntana_sur'>Tramuntana Sur<\/a><\/div><\/div>\n<div class=\"pt-cv-colwrap\"><h4 class=\"pt-cv-title\"><a href=\"https:\/\/trailrunningmallorca.es\/index.php\/2023\/09\/07\/salt-son-fortesa\/\" class=\"_self cvplbd\" target=\"_self\" >Es Grau, Sa Campaneta, Ermita Sant Nofre y Salt Son Fortesa<\/a><\/h4><div class=\"pt-cv-content\">Aviso importante: Para visitar el jard\u00edn y el Salt de Son Fortesa, hay que solicitar permiso a la propiedad, es propiedad privada. Igualmente para la finca de Sa Campaneta, respetar siempre la propiedad privada. Esta vuelta por Puigpunyent, ya es ...<br \/><div class=\"pt-cv-rmwrap\"><a href=\"https:\/\/trailrunningmallorca.es\/index.php\/2023\/09\/07\/salt-son-fortesa\/\" class=\"_self pt-cv-readmore btn btn-success cvplbd\" target=\"_self\">Leer M\u00e1s<\/a><\/div><\/div><\/div><\/div>\n<div class=\" pt-cv-content-item pt-cv-2-col\"  data-pid=\"14289\"><div class=\"pt-cv-thumb-wrapper pull-left \"><a href=\"https:\/\/trailrunningmallorca.es\/index.php\/2023\/04\/14\/paraigo-llinas\/\" class=\"_self pt-cv-href-thumbnail pt-cv-thumb-left cvplbd\" target=\"_self\" ><img loading=\"lazy\" decoding=\"async\" width=\"800\" height=\"450\" src=\"https:\/\/trailrunningmallorca.es\/wp-content\/uploads\/2023\/04\/Clot-Infern.jpeg\" class=\"pt-cv-thumbnail img-none pull-left\" alt=\"Es Paraigo por el Clot de l&#039;Infern y Molins de Llin\u00e0s\" \/><\/a><div class=\"pt-cv-taxoterm over_top_right\"><a href='https:\/\/trailrunningmallorca.es\/index.php\/category\/clasificacion-rutas\/rutas-por-dificultad\/dificil\/' title='Dif\u00edcil' class='pt-cv-tax-dificil'>Dif\u00edcil<\/a><a href='https:\/\/trailrunningmallorca.es\/index.php\/category\/clasificacion-rutas\/rutas-por-distancia\/entre-10-km-y-15-km\/' title='Entre 10 km y 15 km' class='pt-cv-tax-entre-10-km-y-15-km'>Entre 10 km y 15 km<\/a><a href='https:\/\/trailrunningmallorca.es\/index.php\/category\/rutas-comarcas\/tramuntana_norte\/pollenca\/' title='Pollen\u00e7a' class='pt-cv-tax-pollenca'>Pollen\u00e7a<\/a><a href='https:\/\/trailrunningmallorca.es\/index.php\/category\/clasificacion-rutas\/rutas-de-senderismo\/' title='Rutas de senderismo' class='pt-cv-tax-rutas-de-senderismo'>Rutas de senderismo<\/a><a href='https:\/\/trailrunningmallorca.es\/index.php\/category\/rutas-comarcas\/tramuntana_norte\/' title='Tramuntana Norte' class='pt-cv-tax-tramuntana_norte'>Tramuntana Norte<\/a><\/div><\/div>\n<div class=\"pt-cv-colwrap\"><h4 class=\"pt-cv-title\"><a href=\"https:\/\/trailrunningmallorca.es\/index.php\/2023\/04\/14\/paraigo-llinas\/\" class=\"_self cvplbd\" target=\"_self\" >Es Paraigo por el Clot de l&#8217;Infern y Molins de Llin\u00e0s<\/a><\/h4><div class=\"pt-cv-content\">EExcursi\u00f3n por terreno complicado, desde la entrada al cam\u00ed d'Ariant, nos desviaramos hacia el Paraigo por el Clot de l'Infern. Desde all\u00ed, nos dirigiremos hacia el Vall de Ternelles, por un descenso complicado. Por el Pla del Bou y el ...<br \/><div class=\"pt-cv-rmwrap\"><a href=\"https:\/\/trailrunningmallorca.es\/index.php\/2023\/04\/14\/paraigo-llinas\/\" class=\"_self pt-cv-readmore btn btn-success cvplbd\" target=\"_self\">Leer M\u00e1s<\/a><\/div><\/div><\/div><\/div>\n<div class=\" pt-cv-content-item pt-cv-2-col\"  data-pid=\"5261\"><div class=\"pt-cv-thumb-wrapper pull-left \"><a href=\"https:\/\/trailrunningmallorca.es\/index.php\/2018\/05\/02\/passos-terreta-ullastre-ego\/\" class=\"_self pt-cv-href-thumbnail pt-cv-thumb-left cvplbd\" target=\"_self\" ><img loading=\"lazy\" decoding=\"async\" width=\"2000\" height=\"1500\" src=\"https:\/\/trailrunningmallorca.es\/wp-content\/uploads\/ngg_featured\/19.jpeg\" class=\"pt-cv-thumbnail img-none pull-left\" alt=\"Fita del Ram por los pasos de&#039;n Terreta, s&#039;Ullastre y s&#039;Ego\" \/><\/a><div class=\"pt-cv-taxoterm over_top_right\"><a href='https:\/\/trailrunningmallorca.es\/index.php\/category\/clasificacion-rutas\/rutas-por-dificultad\/dificil\/' title='Dif\u00edcil' class='pt-cv-tax-dificil'>Dif\u00edcil<\/a><a href='https:\/\/trailrunningmallorca.es\/index.php\/category\/clasificacion-rutas\/rutas-por-distancia\/entre-10-km-y-15-km\/' title='Entre 10 km y 15 km' class='pt-cv-tax-entre-10-km-y-15-km'>Entre 10 km y 15 km<\/a><a href='https:\/\/trailrunningmallorca.es\/index.php\/category\/rutas-comarcas\/tramuntana_sur\/esporles\/' title='Esporles' class='pt-cv-tax-esporles'>Esporles<\/a><a href='https:\/\/trailrunningmallorca.es\/index.php\/category\/clasificacion-rutas\/rutas-de-senderismo\/' title='Rutas de senderismo' class='pt-cv-tax-rutas-de-senderismo'>Rutas de senderismo<\/a><a href='https:\/\/trailrunningmallorca.es\/index.php\/category\/rutas-comarcas\/tramuntana_sur\/' title='Tramuntana Sur' class='pt-cv-tax-tramuntana_sur'>Tramuntana Sur<\/a><\/div><\/div>\n<div class=\"pt-cv-colwrap\"><h4 class=\"pt-cv-title\"><a href=\"https:\/\/trailrunningmallorca.es\/index.php\/2018\/05\/02\/passos-terreta-ullastre-ego\/\" class=\"_self cvplbd\" target=\"_self\" >Fita del Ram por los pasos de&#8217;n Terreta, s&#8217;Ullastre y s&#8217;Ego<\/a><\/h4><div class=\"pt-cv-content\">Tres pasos por la Fita del Ram no demasiado t\u00e9cnicos pero dif\u00edciles de encontrar. El Pas de'n Terreta asciende por una chimenea muy vertical y una cuerda ayuda a superarlo sin dificultades. El m\u00e1s espectacular es el Pas de s'ullastre, ...<br \/><div class=\"pt-cv-rmwrap\"><a href=\"https:\/\/trailrunningmallorca.es\/index.php\/2018\/05\/02\/passos-terreta-ullastre-ego\/\" class=\"_self pt-cv-readmore btn btn-success cvplbd\" target=\"_self\">Leer M\u00e1s<\/a><\/div><\/div><\/div><\/div>\n<div class=\" pt-cv-content-item pt-cv-2-col\"  data-pid=\"17828\"><div class=\"pt-cv-thumb-wrapper pull-left \"><a href=\"https:\/\/trailrunningmallorca.es\/index.php\/2023\/12\/07\/pas-moros\/\" class=\"_self pt-cv-href-thumbnail pt-cv-thumb-left cvplbd\" target=\"_self\" ><img loading=\"lazy\" decoding=\"async\" width=\"2000\" height=\"1126\" src=\"https:\/\/trailrunningmallorca.es\/wp-content\/uploads\/2023\/12\/nggallery_import\/38.jpg\" class=\"pt-cv-thumbnail img-none pull-left\" alt=\"George Sand, Marina de Valldemossa, Pas des Moros\" \/><\/a><div class=\"pt-cv-taxoterm over_top_right\"><a href='https:\/\/trailrunningmallorca.es\/index.php\/category\/clasificacion-rutas\/rutas-por-dificultad\/dificil\/' title='Dif\u00edcil' class='pt-cv-tax-dificil'>Dif\u00edcil<\/a><a href='https:\/\/trailrunningmallorca.es\/index.php\/category\/clasificacion-rutas\/rutas-por-distancia\/menos-de-10-km\/' title='Menos de 10 Km' class='pt-cv-tax-menos-de-10-km'>Menos de 10 Km<\/a><a href='https:\/\/trailrunningmallorca.es\/index.php\/category\/clasificacion-rutas\/rutas-de-senderismo\/' title='Rutas de senderismo' class='pt-cv-tax-rutas-de-senderismo'>Rutas de senderismo<\/a><a href='https:\/\/trailrunningmallorca.es\/index.php\/category\/rutas-comarcas\/tramuntana-central\/' title='Tramuntana Central' class='pt-cv-tax-tramuntana-central'>Tramuntana Central<\/a><a href='https:\/\/trailrunningmallorca.es\/index.php\/category\/rutas-comarcas\/tramuntana-central\/valldemossa\/' title='Valldemossa' class='pt-cv-tax-valldemossa'>Valldemossa<\/a><\/div><\/div>\n<div class=\"pt-cv-colwrap\"><h4 class=\"pt-cv-title\"><a href=\"https:\/\/trailrunningmallorca.es\/index.php\/2023\/12\/07\/pas-moros\/\" class=\"_self cvplbd\" target=\"_self\" >George Sand, Marina de Valldemossa, Pas des Moros<\/a><\/h4><div class=\"pt-cv-content\">Aviso importante : Puede haber problemas de paso a la salida del Pas des Moros, ya que en un terreno entre fincas privadas, respetar siempre la propiedad privada y no hacer ruido. Una preciosa ruta por la marina de Valldemossa, ...<br \/><div class=\"pt-cv-rmwrap\"><a href=\"https:\/\/trailrunningmallorca.es\/index.php\/2023\/12\/07\/pas-moros\/\" class=\"_self pt-cv-readmore btn btn-success cvplbd\" target=\"_self\">Leer M\u00e1s<\/a><\/div><\/div><\/div><\/div>\n<div class=\" pt-cv-content-item pt-cv-2-col\"  data-pid=\"19037\"><div class=\"pt-cv-thumb-wrapper pull-left \"><a href=\"https:\/\/trailrunningmallorca.es\/index.php\/2024\/04\/15\/morro-catalunya\/\" class=\"_self pt-cv-href-thumbnail pt-cv-thumb-left cvplbd\" target=\"_self\" ><img loading=\"lazy\" decoding=\"async\" width=\"1600\" height=\"1200\" src=\"https:\/\/trailrunningmallorca.es\/wp-content\/uploads\/2024\/04\/nggallery_import\/10.jpg\" class=\"pt-cv-thumbnail img-none pull-left\" alt=\"Morro de Catalunya, El Pal\" \/><\/a><div class=\"pt-cv-taxoterm over_top_right\"><a href='https:\/\/trailrunningmallorca.es\/index.php\/category\/clasificacion-rutas\/rutas-por-dificultad\/dificil\/' title='Dif\u00edcil' class='pt-cv-tax-dificil'>Dif\u00edcil<\/a><a href='https:\/\/trailrunningmallorca.es\/index.php\/category\/clasificacion-rutas\/rutas-por-distancia\/menos-de-10-km\/' title='Menos de 10 Km' class='pt-cv-tax-menos-de-10-km'>Menos de 10 Km<\/a><a href='https:\/\/trailrunningmallorca.es\/index.php\/category\/rutas-comarcas\/tramuntana_norte\/pollenca\/' title='Pollen\u00e7a' class='pt-cv-tax-pollenca'>Pollen\u00e7a<\/a><a href='https:\/\/trailrunningmallorca.es\/index.php\/category\/clasificacion-rutas\/rutas-de-senderismo\/' title='Rutas de senderismo' class='pt-cv-tax-rutas-de-senderismo'>Rutas de senderismo<\/a><a href='https:\/\/trailrunningmallorca.es\/index.php\/category\/rutas-comarcas\/tramuntana_norte\/' title='Tramuntana Norte' class='pt-cv-tax-tramuntana_norte'>Tramuntana Norte<\/a><\/div><\/div>\n<div class=\"pt-cv-colwrap\"><h4 class=\"pt-cv-title\"><a href=\"https:\/\/trailrunningmallorca.es\/index.php\/2024\/04\/15\/morro-catalunya\/\" class=\"_self cvplbd\" target=\"_self\" >Morro de Catalunya, El Pal<\/a><\/h4><div class=\"pt-cv-content\">Itinerario por los acantilados de la zona norte de la isla. La ruta es preciosa, aunque de terreno complicado e inc\u00f3modo. Las vistas son \u00fanicas desde esos parajes. Ascendemos al Morro de Catalu\u00f1a y el puntiagudo y solitario Pal de ...<br \/><div class=\"pt-cv-rmwrap\"><a href=\"https:\/\/trailrunningmallorca.es\/index.php\/2024\/04\/15\/morro-catalunya\/\" class=\"_self pt-cv-readmore btn btn-success cvplbd\" target=\"_self\">Leer M\u00e1s<\/a><\/div><\/div><\/div><\/div>\n<div class=\" pt-cv-content-item pt-cv-2-col\"  data-pid=\"17025\"><div class=\"pt-cv-thumb-wrapper pull-left \"><a href=\"https:\/\/trailrunningmallorca.es\/index.php\/2023\/09\/24\/morro-bombarda\/\" class=\"_self pt-cv-href-thumbnail pt-cv-thumb-left cvplbd\" target=\"_self\" ><img loading=\"lazy\" decoding=\"async\" width=\"1736\" height=\"2320\" src=\"https:\/\/trailrunningmallorca.es\/wp-content\/uploads\/2023\/09\/nggallery_import\/20230712_091359.jpeg\" class=\"pt-cv-thumbnail img-none pull-left\" alt=\"Morro de sa Bombarda por el Pas des Ganxo\" \/><\/a><div class=\"pt-cv-taxoterm over_top_right\"><a href='https:\/\/trailrunningmallorca.es\/index.php\/category\/clasificacion-rutas\/rutas-por-dificultad\/dificil\/' title='Dif\u00edcil' class='pt-cv-tax-dificil'>Dif\u00edcil<\/a><a href='https:\/\/trailrunningmallorca.es\/index.php\/category\/clasificacion-rutas\/rutas-por-distancia\/entre-10-km-y-15-km\/' title='Entre 10 km y 15 km' class='pt-cv-tax-entre-10-km-y-15-km'>Entre 10 km y 15 km<\/a><a href='https:\/\/trailrunningmallorca.es\/index.php\/category\/clasificacion-rutas\/rutas-de-senderismo\/' title='Rutas de senderismo' class='pt-cv-tax-rutas-de-senderismo'>Rutas de senderismo<\/a><a href='https:\/\/trailrunningmallorca.es\/index.php\/category\/rutas-comarcas\/tramuntana-central\/' title='Tramuntana Central' class='pt-cv-tax-tramuntana-central'>Tramuntana Central<\/a><a href='https:\/\/trailrunningmallorca.es\/index.php\/category\/rutas-comarcas\/tramuntana-central\/valldemossa\/' title='Valldemossa' class='pt-cv-tax-valldemossa'>Valldemossa<\/a><\/div><\/div>\n<div class=\"pt-cv-colwrap\"><h4 class=\"pt-cv-title\"><a href=\"https:\/\/trailrunningmallorca.es\/index.php\/2023\/09\/24\/morro-bombarda\/\" class=\"_self cvplbd\" target=\"_self\" >Morro de sa Bombarda por el Pas des Ganxo<\/a><\/h4><div class=\"pt-cv-content\">Una vuelta conocida desde s'Estret de Valldemossa hacia la Mola de Son Pacs, con un a\u00f1adido que ten\u00eda pendiente desde siempre, la visita al Morro de sa Bombarda, desde d\u00f3nde se contemplan unas magn\u00edficas vistas, tanto de la vertiente de ...<br \/><div class=\"pt-cv-rmwrap\"><a href=\"https:\/\/trailrunningmallorca.es\/index.php\/2023\/09\/24\/morro-bombarda\/\" class=\"_self pt-cv-readmore btn btn-success cvplbd\" target=\"_self\">Leer M\u00e1s<\/a><\/div><\/div><\/div><\/div><\/div><\/div>\n<div class=\"text-left pt-cv-pagination-wrapper\"><ul class=\"pt-cv-pagination pt-cv-ajax pagination\" data-totalpages=\"5\" data-currentpage=\"1\" data-sid=\"b5e9b4134v\" data-unid=\"\" data-isblock=\"\" data-postid=\"\"><li class=\"active\"><a href=\"#\">1<\/a><\/li>\n\t<li ><a class=\"\" href=\"https:\/\/trailrunningmallorca.es\/index.php\/wp-json\/wp\/v2\/pages\/19444\/?_page=2\">2<\/a><\/li>\n\t<li ><a class=\"\" href=\"https:\/\/trailrunningmallorca.es\/index.php\/wp-json\/wp\/v2\/pages\/19444\/?_page=3\">3<\/a><\/li>\n\t<li ><a href=\"#\">&hellip;<\/a><\/li>\n\t<li ><a class=\"\" href=\"https:\/\/trailrunningmallorca.es\/index.php\/wp-json\/wp\/v2\/pages\/19444\/?_page=5\">5<\/a><\/li>\n\t<li ><a class=\" \" href=\"https:\/\/trailrunningmallorca.es\/index.php\/wp-json\/wp\/v2\/pages\/19444\/?_page=2\">&rsaquo;<\/a><\/li>\n\t<\/ul><img loading=\"lazy\" decoding=\"async\" width=\"15\" height=\"15\" class=\"pt-cv-spinner\" alt=\"Cargando...\" src=\"data:image\/gif;base64,R0lGODlhDwAPALMPAMrKygwMDJOTkz09PZWVla+vr3p6euTk5M7OzuXl5TMzMwAAAJmZmWZmZszMzP\/\/\/yH\/C05FVFNDQVBFMi4wAwEAAAAh+QQFCgAPACwAAAAADwAPAAAEQvDJaZaZOIcV8iQK8VRX4iTYoAwZ4iCYoAjZ4RxejhVNoT+mRGP4cyF4Pp0N98sBGIBMEMOotl6YZ3S61Bmbkm4mAgAh+QQFCgAPACwAAAAADQANAAAENPDJSRSZeA418itN8QiK8BiLITVsFiyBBIoYqnoewAD4xPw9iY4XLGYSjkQR4UAUD45DLwIAIfkEBQoADwAsAAAAAA8ACQAABC\/wyVlamTi3nSdgwFNdhEJgTJoNyoB9ISYoQmdjiZPcj7EYCAeCF1gEDo4Dz2eIAAAh+QQFCgAPACwCAAAADQANAAAEM\/DJBxiYeLKdX3IJZT1FU0iIg2RNKx3OkZVnZ98ToRD4MyiDnkAh6BkNC0MvsAj0kMpHBAAh+QQFCgAPACwGAAAACQAPAAAEMDC59KpFDll73HkAA2wVY5KgiK5b0RRoI6MuzG6EQqCDMlSGheEhUAgqgUUAFRySIgAh+QQFCgAPACwCAAIADQANAAAEM\/DJKZNLND\/kkKaHc3xk+QAMYDKsiaqmZCxGVjSFFCxB1vwy2oOgIDxuucxAMTAJFAJNBAAh+QQFCgAPACwAAAYADwAJAAAEMNAs86q1yaWwwv2Ig0jUZx3OYa4XoRAfwADXoAwfo1+CIjyFRuEho60aSNYlOPxEAAAh+QQFCgAPACwAAAIADQANAAAENPA9s4y8+IUVcqaWJ4qEQozSoAzoIyhCK2NFU2SJk0hNnyEOhKR2AzAAj4Pj4GE4W0bkJQIAOw==\" \/><div class=\"clear pt-cv-clear-pagination\"><\/div><\/div><\/div>\t\t\t<style type=\"text\/css\" id=\"pt-cv-inline-style-9b2f6ce76u\">\n#pt-cv-view-b5e9b4134v .pt-cv-thumb-wrapper:not(.miniwrap) { width: 280px; }#pt-cv-view-b5e9b4134v .pt-cv-thumbnail:not(.pt-cv-thumbnailsm) { height: 280px; }#pt-cv-view-b5e9b4134v > .pt-cv-page {grid-template-columns: repeat(2, 1fr);grid-gap: 15px;}\n@media all and (max-width: 1024px) { \n#pt-cv-view-b5e9b4134v > .pt-cv-page {grid-template-columns: repeat(1, 1fr);}\n} \n@media all and (max-width: 767px) { \n#pt-cv-view-b5e9b4134v > .pt-cv-page {grid-template-columns: repeat(1, 1fr);}\n} <\/style>\r\n\t\t\t\t\t\t<style type=\"text\/css\" id=\"pt-cv-inline-style-d868694g0l\">#pt-cv-view-b5e9b4134v .pt-cv-content-item { padding-top: 15px !important; padding-right: 15px !important; padding-bottom: 15px !important; padding-left: 15px !important; }\n#pt-cv-view-b5e9b4134v  .pt-cv-content-item   { border-width: 1px 1px 1px 1px !important; border-style: dotted !important; border-color: #d3d3d3 !important; }\n#pt-cv-view-b5e9b4134v .pt-cv-taxoterm * { font-family: 'Open Sans', Arial, serif !important; font-size: 11px !important; line-height: 1.3 !important; background-color: #ffffff !important; margin: 3px 3px 3px 3px !important; padding: 5px 5px 5px 5px !important; }\n#pt-cv-view-b5e9b4134v .pt-cv-title a, #pt-cv-view-b5e9b4134v  .panel-title { font-family: 'Open Sans', Arial, serif !important; font-size: 18px !important; line-height: 1.3 !important; color: #db4b32 !important; font-weight: 600 !important; }\n#pt-cv-view-b5e9b4134v  .pt-cv-title a:hover, #pt-cv-view-b5e9b4134v  .panel-title:hover   { font-family: 'Open Sans', Arial, serif !important; font-size: 18px !important; line-height: 1.3 !important; color: #3724e5 !important; }\n#pt-cv-view-b5e9b4134v .pt-cv-content , #pt-cv-view-b5e9b4134v  .pt-cv-content *:not(.pt-cv-readmore):not(style):not(script) { font-family: 'Open Sans', Arial, serif !important; font-size: 13px !important; color: #000000 !important; text-transform: capitalize !important; line-height: 2 !important; }\n#pt-cv-view-b5e9b4134v .pt-cv-readmore  { color: #ffffff !important; background-color: #00aeef !important; }\n#pt-cv-view-b5e9b4134v .pt-cv-readmore:hover  { color: #ffffff !important; background-color: #00aeef !important; }\n#pt-cv-view-b5e9b4134v  + .pt-cv-pagination-wrapper .pt-cv-more , #pt-cv-view-b5e9b4134v  + .pt-cv-pagination-wrapper .pagination .active a, .pt-cv-pagination[data-sid='b5e9b4134v'] .active a { color: #ffffff !important; background-color: #00aeef !important; }\n#pt-cv-view-b5e9b4134v { text-align: justify; }<\/style>\r\n\t\t\t<link href='\/\/fonts.googleapis.com\/css?family=Open+Sans' rel='stylesheet' type='text\/css'>\n","protected":false},"excerpt":{"rendered":"<table class=\"rw-rating-table rw-ltr rw-left rw-no-labels\"><tr><td><nobr>&nbsp;<\/nobr><\/td><td><div class=\"rw-left\"><div class=\"rw-ui-container rw-class-blog-post rw-urid-194450\" data-img=\"https:\/\/trailrunningmallorca.es\/wp-content\/uploads\/2024\/05\/NIVEL-DIFICIL.png\"><\/div><\/div><\/td><\/tr><\/table><p>&nbsp; Itinerario Balmes de Son Matge Arrancamos desde s&#8217;Estret de Valldemossa, conviene ir pronto, ya que en la explanada&nbsp;caben pocos coches. Entramos en el bosc den&nbsp;Gotzo y subimos por un camino de carro hacia la izquierda, atravesamos una barrera met\u00e1lica.&hellip; <\/p>\n","protected":false},"author":1,"featured_media":0,"parent":0,"menu_order":0,"comment_status":"closed","ping_status":"closed","template":"","meta":{"ngg_post_thumbnail":0,"footnotes":""},"class_list":["post-19444","page","type-page","status-publish","hentry"],"_links":{"self":[{"href":"https:\/\/trailrunningmallorca.es\/index.php\/wp-json\/wp\/v2\/pages\/19444","targetHints":{"allow":["GET"]}}],"collection":[{"href":"https:\/\/trailrunningmallorca.es\/index.php\/wp-json\/wp\/v2\/pages"}],"about":[{"href":"https:\/\/trailrunningmallorca.es\/index.php\/wp-json\/wp\/v2\/types\/page"}],"author":[{"embeddable":true,"href":"https:\/\/trailrunningmallorca.es\/index.php\/wp-json\/wp\/v2\/users\/1"}],"replies":[{"embeddable":true,"href":"https:\/\/trailrunningmallorca.es\/index.php\/wp-json\/wp\/v2\/comments?post=19444"}],"version-history":[{"count":0,"href":"https:\/\/trailrunningmallorca.es\/index.php\/wp-json\/wp\/v2\/pages\/19444\/revisions"}],"wp:attachment":[{"href":"https:\/\/trailrunningmallorca.es\/index.php\/wp-json\/wp\/v2\/media?parent=19444"}],"curies":[{"name":"wp","href":"https:\/\/api.w.org\/{rel}","templated":true}]}}