{"id":19371,"date":"2024-05-28T11:04:39","date_gmt":"2024-05-28T09:04:39","guid":{"rendered":"https:\/\/trailrunningmallorca.es\/?page_id=19371"},"modified":"2024-06-15T11:46:27","modified_gmt":"2024-06-15T09:46:27","slug":"rutas-santanyi","status":"publish","type":"page","link":"https:\/\/trailrunningmallorca.es\/index.php\/rutas-santanyi\/","title":{"rendered":"Rutas Santany\u00ed"},"content":{"rendered":"<div class=\"pt-cv-wrapper\"><div class=\"pt-cv-view pt-cv-blockgrid iscvblock iscvhybrid list1 layout3 cveffect-darken pt-cv-pgregular pt-cv-justify\" id=\"pt-cv-view-c55f4cb17i\"><div data-id=\"pt-cv-page-1\" class=\"pt-cv-page\" data-cvc=\"1\"><div class=\" pt-cv-content-item pt-cv-2-col\"  data-pid=\"1781\"><div class=\"pt-cv-thumb-wrapper pull-left \"><a href=\"https:\/\/trailrunningmallorca.es\/index.php\/2016\/04\/01\/almunia-marmols\/\" class=\"_self pt-cv-href-thumbnail pt-cv-thumb-left\" target=\"_self\" ><img loading=\"lazy\" decoding=\"async\" width=\"1600\" height=\"899\" src=\"https:\/\/trailrunningmallorca.es\/wp-content\/uploads\/ngg_featured\/20.jpg\" class=\"pt-cv-thumbnail img-none pull-left\" alt=\"Cala s&#039;Almunia al Cal\u00f3 des M\u00e0rmols\" \/><\/a><\/div>\n<div class=\"pt-cv-remain-wrapper\"><div class=\"pt-cv-colwrap\"><div class=\"pt-cv-taxoterm above_title\"><a href='https:\/\/trailrunningmallorca.es\/index.php\/category\/clasificacion-rutas\/rutas-por-distancia\/entre-10-km-y-15-km\/' title='Entre 10 km y 15 km' class='pt-cv-tax-entre-10-km-y-15-km'>Entre 10 km y 15 km<\/a><a href='https:\/\/trailrunningmallorca.es\/index.php\/category\/clasificacion-rutas\/rutas-por-dificultad\/facil\/' title='F\u00e1cil' class='pt-cv-tax-facil'>F\u00e1cil<\/a><a href='https:\/\/trailrunningmallorca.es\/index.php\/category\/rutas-comarcas\/migjorn\/' title='Migjorn' class='pt-cv-tax-migjorn'>Migjorn<\/a><a href='https:\/\/trailrunningmallorca.es\/index.php\/category\/clasificacion-rutas\/rutas-costeras\/' title='Rutas costeras' class='pt-cv-tax-rutas-costeras'>Rutas costeras<\/a><a href='https:\/\/trailrunningmallorca.es\/index.php\/category\/rutas-comarcas\/migjorn\/santanyi\/' title='Santanyi' class='pt-cv-tax-santanyi'>Santanyi<\/a><\/div><h4 class=\"pt-cv-title\"><a href=\"https:\/\/trailrunningmallorca.es\/index.php\/2016\/04\/01\/almunia-marmols\/\" class=\"_self\" target=\"_self\" >Cala s&#8217;Almunia al Cal\u00f3 des M\u00e0rmols<\/a><\/h4><div class=\"pt-cv-content\">Otra maravillosa ruta costera por el levante de la isla. El tramo que hacemos es desde Cala s'Almonia hasta es Cal\u00f3 des M\u00e0rmols. Itinerario Cala s'Almunia Es Pont\u00e0s Cala Figuereta Cal\u00f3 des M\u00e0rmols Preciosa excursi\u00f3n que transcurre por el litoral y que se inicia en Cala s'Almunia, bajando por unas ...<br \/><div class=\"pt-cv-rmwrap\"><a href=\"https:\/\/trailrunningmallorca.es\/index.php\/2016\/04\/01\/almunia-marmols\/\" class=\"_self pt-cv-readmore btn btn-success\" target=\"_self\">Leer M\u00e1s<\/a><\/div><\/div><\/div><\/div><\/div>\n<div class=\" pt-cv-content-item pt-cv-2-col\"  data-pid=\"19856\"><div class=\"pt-cv-thumb-wrapper pull-left \"><a href=\"https:\/\/trailrunningmallorca.es\/index.php\/2024\/08\/02\/es-pontas\/\" class=\"_self pt-cv-href-thumbnail pt-cv-thumb-left\" target=\"_self\" ><img loading=\"lazy\" decoding=\"async\" width=\"2000\" height=\"1126\" src=\"https:\/\/trailrunningmallorca.es\/wp-content\/uploads\/2024\/07\/nggallery_import\/20240311_121430.jpg\" class=\"pt-cv-thumbnail img-none pull-left\" alt=\"Es Pont\u00e0s, Calas de Santany\u00ed, Rafal des Porcs\" \/><\/a><\/div>\n<div class=\"pt-cv-remain-wrapper\"><div class=\"pt-cv-colwrap\"><div class=\"pt-cv-taxoterm above_title\"><a href='https:\/\/trailrunningmallorca.es\/index.php\/category\/clasificacion-rutas\/rutas-por-distancia\/mas-de-25-km\/' title='M\u00e1s de 25 km' class='pt-cv-tax-mas-de-25-km'>M\u00e1s de 25 km<\/a><a href='https:\/\/trailrunningmallorca.es\/index.php\/category\/rutas-comarcas\/migjorn\/' title='Migjorn' class='pt-cv-tax-migjorn'>Migjorn<\/a><a href='https:\/\/trailrunningmallorca.es\/index.php\/category\/clasificacion-rutas\/rutas-por-dificultad\/moderado\/' title='Moderado' class='pt-cv-tax-moderado'>Moderado<\/a><a href='https:\/\/trailrunningmallorca.es\/index.php\/category\/clasificacion-rutas\/rutas-costeras\/' title='Rutas costeras' class='pt-cv-tax-rutas-costeras'>Rutas costeras<\/a><a href='https:\/\/trailrunningmallorca.es\/index.php\/category\/rutas-comarcas\/migjorn\/santanyi\/' title='Santanyi' class='pt-cv-tax-santanyi'>Santanyi<\/a><\/div><h4 class=\"pt-cv-title\"><a href=\"https:\/\/trailrunningmallorca.es\/index.php\/2024\/08\/02\/es-pontas\/\" class=\"_self\" target=\"_self\" >Es Pont\u00e0s, Calas de Santany\u00ed, Rafal des Porcs<\/a><\/h4><div class=\"pt-cv-content\">Una vuelta muy larga de casi 28 km que transcurre dentro del municipio de Santany\u00ed. Itinerario espectacular y paradis\u00edaco que combina tramos por la costa, pasando por algunas de las calas m\u00e1s bonitas de la isla como el Cal\u00f3 des Moro o Cala s'Almunia y tramos de interior que tambi\u00e9n ...<br \/><div class=\"pt-cv-rmwrap\"><a href=\"https:\/\/trailrunningmallorca.es\/index.php\/2024\/08\/02\/es-pontas\/\" class=\"_self pt-cv-readmore btn btn-success\" target=\"_self\">Leer M\u00e1s<\/a><\/div><\/div><\/div><\/div><\/div>\n<div class=\" pt-cv-content-item pt-cv-2-col\"  data-pid=\"1751\"><div class=\"pt-cv-thumb-wrapper pull-left \"><a href=\"https:\/\/trailrunningmallorca.es\/index.php\/2016\/03\/29\/faro-de-ses-salines-al-calo-des-marmols\/\" class=\"_self pt-cv-href-thumbnail pt-cv-thumb-left\" target=\"_self\" ><img loading=\"lazy\" decoding=\"async\" width=\"1600\" height=\"899\" src=\"https:\/\/trailrunningmallorca.es\/wp-content\/uploads\/ngg_featured\/15_5342.jpg\" class=\"pt-cv-thumbnail img-none pull-left\" alt=\"Faro de ses Salines al Cal\u00f3 des M\u00e0rmols\" \/><\/a><\/div>\n<div class=\"pt-cv-remain-wrapper\"><div class=\"pt-cv-colwrap\"><div class=\"pt-cv-taxoterm above_title\"><a href='https:\/\/trailrunningmallorca.es\/index.php\/category\/clasificacion-rutas\/rutas-por-distancia\/entre-10-km-y-15-km\/' title='Entre 10 km y 15 km' class='pt-cv-tax-entre-10-km-y-15-km'>Entre 10 km y 15 km<\/a><a href='https:\/\/trailrunningmallorca.es\/index.php\/category\/clasificacion-rutas\/rutas-por-dificultad\/facil\/' title='F\u00e1cil' class='pt-cv-tax-facil'>F\u00e1cil<\/a><a href='https:\/\/trailrunningmallorca.es\/index.php\/category\/rutas-comarcas\/migjorn\/' title='Migjorn' class='pt-cv-tax-migjorn'>Migjorn<\/a><a href='https:\/\/trailrunningmallorca.es\/index.php\/category\/clasificacion-rutas\/rutas-costeras\/' title='Rutas costeras' class='pt-cv-tax-rutas-costeras'>Rutas costeras<\/a><a href='https:\/\/trailrunningmallorca.es\/index.php\/category\/rutas-comarcas\/migjorn\/santanyi\/' title='Santanyi' class='pt-cv-tax-santanyi'>Santanyi<\/a><\/div><h4 class=\"pt-cv-title\"><a href=\"https:\/\/trailrunningmallorca.es\/index.php\/2016\/03\/29\/faro-de-ses-salines-al-calo-des-marmols\/\" class=\"_self\" target=\"_self\" >Faro de ses Salines al Cal\u00f3 des M\u00e0rmols<\/a><\/h4><div class=\"pt-cv-content\">Maravillosa ruta por la costa levante de Mallorca, en este caso se describe el tramo entre el faro de ses Salines y la preciosa es Cal\u00f3 des M\u00e0rmols. Itinerario no circular de 10 km para disfrutar de una preciosa excursi\u00f3n al lado del mar. Itinerario Faro de ses Salines Cal\u00f3 ...<br \/><div class=\"pt-cv-rmwrap\"><a href=\"https:\/\/trailrunningmallorca.es\/index.php\/2016\/03\/29\/faro-de-ses-salines-al-calo-des-marmols\/\" class=\"_self pt-cv-readmore btn btn-success\" target=\"_self\">Leer M\u00e1s<\/a><\/div><\/div><\/div><\/div><\/div>\n<div class=\" pt-cv-content-item pt-cv-2-col\"  data-pid=\"11993\"><div class=\"pt-cv-thumb-wrapper pull-left \"><a href=\"https:\/\/trailrunningmallorca.es\/index.php\/2022\/08\/03\/parc-mondrago\/\" class=\"_self pt-cv-href-thumbnail pt-cv-thumb-left\" target=\"_self\" ><img loading=\"lazy\" decoding=\"async\" width=\"769\" height=\"1024\" src=\"https:\/\/trailrunningmallorca.es\/wp-content\/uploads\/2022\/08\/nggallery_import\/24.jpeg\" class=\"pt-cv-thumbnail img-none pull-left\" alt=\"Volta Parc Natural de Mondrag\u00f3, Cala Santany\u00ed\" \/><\/a><\/div>\n<div class=\"pt-cv-remain-wrapper\"><div class=\"pt-cv-colwrap\"><div class=\"pt-cv-taxoterm above_title\"><a href='https:\/\/trailrunningmallorca.es\/index.php\/category\/clasificacion-rutas\/rutas-por-distancia\/entre-20-km-y-25-km\/' title='Entre 20 km y 25 km' class='pt-cv-tax-entre-20-km-y-25-km'>Entre 20 km y 25 km<\/a><a href='https:\/\/trailrunningmallorca.es\/index.php\/category\/rutas-comarcas\/migjorn\/' title='Migjorn' class='pt-cv-tax-migjorn'>Migjorn<\/a><a href='https:\/\/trailrunningmallorca.es\/index.php\/category\/clasificacion-rutas\/rutas-por-dificultad\/moderado\/' title='Moderado' class='pt-cv-tax-moderado'>Moderado<\/a><a href='https:\/\/trailrunningmallorca.es\/index.php\/category\/clasificacion-rutas\/rutas-costeras\/' title='Rutas costeras' class='pt-cv-tax-rutas-costeras'>Rutas costeras<\/a><a href='https:\/\/trailrunningmallorca.es\/index.php\/category\/rutas-comarcas\/migjorn\/santanyi\/' title='Santanyi' class='pt-cv-tax-santanyi'>Santanyi<\/a><\/div><h4 class=\"pt-cv-title\"><a href=\"https:\/\/trailrunningmallorca.es\/index.php\/2022\/08\/03\/parc-mondrago\/\" class=\"_self\" target=\"_self\" >Volta Parc Natural de Mondrag\u00f3, Cala Santany\u00ed<\/a><\/h4><div class=\"pt-cv-content\">Ruta por la zona de Migjorn de Mallorca, en el municipio de Santany\u00cd, visitando el Parc Natural de Mondrag\u00f3, una de las zonas m\u00e1s bellas de Mallorca. La vuelta es larga ya que llegamos cerca de Cala Santany\u00ed y volvemos por rutas ciclotur\u00edsticas cerrando un c\u00edrculo magn\u00edfico de paisajes y ...<br \/><div class=\"pt-cv-rmwrap\"><a href=\"https:\/\/trailrunningmallorca.es\/index.php\/2022\/08\/03\/parc-mondrago\/\" class=\"_self pt-cv-readmore btn btn-success\" target=\"_self\">Leer M\u00e1s<\/a><\/div><\/div><\/div><\/div><\/div><\/div><\/div><\/div>\t\t\t<style type=\"text\/css\" id=\"pt-cv-inline-style-c60099davh\">\n#pt-cv-view-c55f4cb17i .pt-cv-thumb-wrapper:not(.miniwrap) { width: 500px; }#pt-cv-view-c55f4cb17i .pt-cv-thumbnail:not(.pt-cv-thumbnailsm) { height: 350px; }#pt-cv-view-c55f4cb17i > .pt-cv-page {grid-template-columns: repeat(1, 1fr);grid-gap: 15px;}\n@media all and (max-width: 1024px) { \n#pt-cv-view-c55f4cb17i > .pt-cv-page {grid-template-columns: repeat(1, 1fr);}\n} \n@media all and (max-width: 767px) { \n#pt-cv-view-c55f4cb17i > .pt-cv-page {grid-template-columns: repeat(1, 1fr);}\n} <\/style>\r\n\t\t\t\t\t\t<style type=\"text\/css\" id=\"pt-cv-inline-style-3b3979a9q1\">#pt-cv-view-c55f4cb17i .pt-cv-remain-wrapper { padding-top: 0px !important; padding-right: 0px !important; padding-bottom: 0px !important; padding-left: 0px !important; }\n#pt-cv-view-c55f4cb17i  .pt-cv-remain-wrapper   { background-color: #ffffff !important; border-width: 1px 1px 1px 1px !important; border-style: solid !important; border-color: #000000 !important; border-radius: 0px 0px 0px 0px !important; }\n#pt-cv-view-c55f4cb17i .pt-cv-taxoterm * { font-family: 'Open Sans', Arial, serif !important; font-size: 11px !important; line-height: 1.3 !important; color: #ffffff !important; background-color: #f9b339 !important; margin: 15px 0px 0px 15px !important; padding: 5px 5px 5px 5px !important; }\n#pt-cv-view-c55f4cb17i .pt-cv-title a, #pt-cv-view-c55f4cb17i  .panel-title { font-family: 'Open Sans', Arial, serif !important; font-size: 18px !important; line-height: 1.3 !important; color: #e86535 !important; font-weight: 600 !important; margin: 0px 0px 0px 5px !important; padding: 10px 10px 0px 10px !important; display: block !important; }\n#pt-cv-view-c55f4cb17i  .pt-cv-title a:hover, #pt-cv-view-c55f4cb17i  .panel-title:hover   { font-family: 'Open Sans', Arial, serif !important; font-size: 18px !important; line-height: 1.3 !important; color: #3724e5 !important; }\n#pt-cv-view-c55f4cb17i .pt-cv-content , #pt-cv-view-c55f4cb17i  .pt-cv-content *:not(.pt-cv-readmore):not(style):not(script) { font-family: 'Open Sans', Arial, serif !important; font-size: 13px !important; color: #000000 !important; text-transform: capitalize !important; line-height: 2 !important; margin: 0px 0px 0px 0px !important; padding: 10px 15px 10px 15px !important; }\n#pt-cv-view-c55f4cb17i .pt-cv-readmore  { color: #ffffff !important; background-color: #00aeef !important; }\n#pt-cv-view-c55f4cb17i .pt-cv-readmore:hover  { color: #ffffff !important; background-color: #00aeef !important; }\n#pt-cv-view-c55f4cb17i  + .pt-cv-pagination-wrapper .pt-cv-more , #pt-cv-view-c55f4cb17i  + .pt-cv-pagination-wrapper .pagination .active a, .pt-cv-pagination[data-sid='c55f4cb17i'] .active a { color: #ffffff !important; background-color: #00aeef !important; }\n#pt-cv-view-c55f4cb17i { text-align: justify; }<\/style>\r\n\t\t\t<link href='\/\/fonts.googleapis.com\/css?family=Open+Sans' rel='stylesheet' type='text\/css'>\n","protected":false},"excerpt":{"rendered":"<table class=\"rw-rating-table rw-ltr rw-left rw-no-labels\"><tr><td><nobr>&nbsp;<\/nobr><\/td><td><div class=\"rw-left\"><div class=\"rw-ui-container rw-class-blog-post rw-urid-193720\"><\/div><\/div><\/td><\/tr><\/table><p>&nbsp; Itinerario E l Parc Natural de Mondrag\u00f3 se encuentra al SE de la isla, en el municipio de Santany\u00ed, y ocupa 765,7 ha. En 1999 todo este espacio natural protegido, uno de los lugares emblem\u00e1ticos de la lucha por&hellip; <\/p>\n","protected":false},"author":1,"featured_media":0,"parent":0,"menu_order":0,"comment_status":"closed","ping_status":"closed","template":"","meta":{"ngg_post_thumbnail":0,"footnotes":""},"class_list":["post-19371","page","type-page","status-publish","hentry"],"_links":{"self":[{"href":"https:\/\/trailrunningmallorca.es\/index.php\/wp-json\/wp\/v2\/pages\/19371","targetHints":{"allow":["GET"]}}],"collection":[{"href":"https:\/\/trailrunningmallorca.es\/index.php\/wp-json\/wp\/v2\/pages"}],"about":[{"href":"https:\/\/trailrunningmallorca.es\/index.php\/wp-json\/wp\/v2\/types\/page"}],"author":[{"embeddable":true,"href":"https:\/\/trailrunningmallorca.es\/index.php\/wp-json\/wp\/v2\/users\/1"}],"replies":[{"embeddable":true,"href":"https:\/\/trailrunningmallorca.es\/index.php\/wp-json\/wp\/v2\/comments?post=19371"}],"version-history":[{"count":0,"href":"https:\/\/trailrunningmallorca.es\/index.php\/wp-json\/wp\/v2\/pages\/19371\/revisions"}],"wp:attachment":[{"href":"https:\/\/trailrunningmallorca.es\/index.php\/wp-json\/wp\/v2\/media?parent=19371"}],"curies":[{"name":"wp","href":"https:\/\/api.w.org\/{rel}","templated":true}]}}