{"id":19294,"date":"2024-05-27T10:11:30","date_gmt":"2024-05-27T08:11:30","guid":{"rendered":"https:\/\/trailrunningmallorca.es\/?page_id=19294"},"modified":"2024-06-15T11:47:45","modified_gmt":"2024-06-15T09:47:45","slug":"rutas-soller","status":"publish","type":"page","link":"https:\/\/trailrunningmallorca.es\/index.php\/rutas-soller\/","title":{"rendered":"Rutas S\u00f3ller"},"content":{"rendered":"<div class=\"pt-cv-wrapper\"><div class=\"pt-cv-view pt-cv-blockgrid iscvblock iscvhybrid list1 layout2 pt-cv-pgregular pt-cv-justify pt-cv-alternate-left\" id=\"pt-cv-view-40c7b743lh\"><div data-id=\"pt-cv-page-1\" class=\"pt-cv-page\" data-cvc=\"1\"><div class=\" pt-cv-content-item pt-cv-2-col\"  data-pid=\"6524\"><div class=\"pt-cv-thumb-wrapper pull-right \"><a href=\"https:\/\/trailrunningmallorca.es\/index.php\/2019\/01\/12\/cami-alous-cami-son-barranco\/\" class=\"_self pt-cv-href-thumbnail pt-cv-thumb-right\" target=\"_self\" ><img loading=\"lazy\" decoding=\"async\" width=\"2000\" height=\"1500\" src=\"https:\/\/trailrunningmallorca.es\/wp-content\/uploads\/ngg_featured\/24_1966.jpeg\" class=\"pt-cv-thumbnail img-none pull-right\" alt=\"Cam\u00ed dels Alous i Cam\u00ed de Son Barranco\" \/><\/a><\/div>\n<div class=\"pt-cv-remain-wrapper\"><div class=\"pt-cv-colwrap\"><div class=\"pt-cv-taxoterm above_title\"><a href='https:\/\/trailrunningmallorca.es\/index.php\/category\/clasificacion-rutas\/rutas-por-distancia\/entre-10-km-y-15-km\/' title='Entre 10 km y 15 km' class='pt-cv-tax-entre-10-km-y-15-km'>Entre 10 km y 15 km<\/a><a href='https:\/\/trailrunningmallorca.es\/index.php\/category\/clasificacion-rutas\/rutas-por-dificultad\/moderado\/' title='Moderado' class='pt-cv-tax-moderado'>Moderado<\/a><a href='https:\/\/trailrunningmallorca.es\/index.php\/category\/rutas-comarcas\/tramuntana-central\/soller\/' title='S\u00f3ller' class='pt-cv-tax-soller'>S\u00f3ller<\/a><a href='https:\/\/trailrunningmallorca.es\/index.php\/category\/rutas-comarcas\/tramuntana-central\/' title='Tramuntana Central' class='pt-cv-tax-tramuntana-central'>Tramuntana Central<\/a><\/div><h4 class=\"pt-cv-title\"><a href=\"https:\/\/trailrunningmallorca.es\/index.php\/2019\/01\/12\/cami-alous-cami-son-barranco\/\" class=\"_self\" target=\"_self\" >Cam\u00ed dels Alous i Cam\u00ed de Son Barranco<\/a><\/h4><div class=\"pt-cv-content\">Ruta circular por dos preciosos caminos de acceso a la Serra de Alfabia. El cam\u00ed dels Alous que ya es habitual en nuestras rutas y el rec\u00f3ndito cam\u00ed de Son Barranco, un antiguo y desconocido camino de carboners con un encanto muy especial. Itinerario Cementerio de S\u00f3ller Cam\u00ed dels Alous ...<br \/><div class=\"pt-cv-rmwrap\"><a href=\"https:\/\/trailrunningmallorca.es\/index.php\/2019\/01\/12\/cami-alous-cami-son-barranco\/\" class=\"_self pt-cv-readmore btn btn-success\" target=\"_self\">Leer M\u00e1s<\/a><\/div><\/div><\/div><\/div><\/div>\n<div class=\" pt-cv-content-item pt-cv-2-col\"  data-pid=\"15813\"><div class=\"pt-cv-thumb-wrapper pull-right \"><a href=\"https:\/\/trailrunningmallorca.es\/index.php\/2023\/07\/08\/alous-arrom\/\" class=\"_self pt-cv-href-thumbnail pt-cv-thumb-right\" target=\"_self\" ><img loading=\"lazy\" decoding=\"async\" width=\"2048\" height=\"1536\" src=\"https:\/\/trailrunningmallorca.es\/wp-content\/uploads\/2023\/07\/nggallery_import\/IMG_5639.jpeg\" class=\"pt-cv-thumbnail img-none pull-right\" alt=\"Cam\u00ed des Alous, Sa Planella, Cam\u00ed de s&#039;Arrom\" \/><\/a><\/div>\n<div class=\"pt-cv-remain-wrapper\"><div class=\"pt-cv-colwrap\"><div class=\"pt-cv-taxoterm above_title\"><a href='https:\/\/trailrunningmallorca.es\/index.php\/category\/clasificacion-rutas\/rutas-por-dificultad\/dificil\/' title='Dif\u00edcil' class='pt-cv-tax-dificil'>Dif\u00edcil<\/a><a href='https:\/\/trailrunningmallorca.es\/index.php\/category\/clasificacion-rutas\/rutas-por-distancia\/entre-10-km-y-15-km\/' title='Entre 10 km y 15 km' class='pt-cv-tax-entre-10-km-y-15-km'>Entre 10 km y 15 km<\/a><a href='https:\/\/trailrunningmallorca.es\/index.php\/category\/rutas-comarcas\/tramuntana-central\/soller\/' title='S\u00f3ller' class='pt-cv-tax-soller'>S\u00f3ller<\/a><a href='https:\/\/trailrunningmallorca.es\/index.php\/category\/rutas-comarcas\/tramuntana-central\/' title='Tramuntana Central' class='pt-cv-tax-tramuntana-central'>Tramuntana Central<\/a><\/div><h4 class=\"pt-cv-title\"><a href=\"https:\/\/trailrunningmallorca.es\/index.php\/2023\/07\/08\/alous-arrom\/\" class=\"_self\" target=\"_self\" >Cam\u00ed des Alous, Sa Planella, Cam\u00ed de s&#8217;Arrom<\/a><\/h4><div class=\"pt-cv-content\">Nota importante: Para hacer esta excursi\u00f3n y transitar por el cam\u00ed de s'Arrom, hay que pedir permiso a la propiedad Descubrimos en esta ruta una v\u00eda de comunicaci\u00f3n para ir al cam\u00ed de s'Arrom desde las Antenas de Alfabia y el cam\u00ed des Alous. Otra opci\u00f3n de descenso a S\u00f3ller ...<br \/><div class=\"pt-cv-rmwrap\"><a href=\"https:\/\/trailrunningmallorca.es\/index.php\/2023\/07\/08\/alous-arrom\/\" class=\"_self pt-cv-readmore btn btn-success\" target=\"_self\">Leer M\u00e1s<\/a><\/div><\/div><\/div><\/div><\/div>\n<div class=\" pt-cv-content-item pt-cv-2-col\"  data-pid=\"15275\"><div class=\"pt-cv-thumb-wrapper pull-right \"><a href=\"https:\/\/trailrunningmallorca.es\/index.php\/2023\/05\/28\/torrent-llorers\/\" class=\"_self pt-cv-href-thumbnail pt-cv-thumb-right\" target=\"_self\" ><img loading=\"lazy\" decoding=\"async\" width=\"1700\" height=\"1200\" src=\"https:\/\/trailrunningmallorca.es\/wp-content\/uploads\/2023\/05\/torrent-llorers.jpg\" class=\"pt-cv-thumbnail img-none pull-right\" alt=\"Cam\u00ed des Torrent des Llorers\" \/><\/a><\/div>\n<div class=\"pt-cv-remain-wrapper\"><div class=\"pt-cv-colwrap\"><div class=\"pt-cv-taxoterm above_title\"><a href='https:\/\/trailrunningmallorca.es\/index.php\/category\/clasificacion-rutas\/rutas-por-dificultad\/dificil\/' title='Dif\u00edcil' class='pt-cv-tax-dificil'>Dif\u00edcil<\/a><a href='https:\/\/trailrunningmallorca.es\/index.php\/category\/clasificacion-rutas\/rutas-por-distancia\/entre-10-km-y-15-km\/' title='Entre 10 km y 15 km' class='pt-cv-tax-entre-10-km-y-15-km'>Entre 10 km y 15 km<\/a><a href='https:\/\/trailrunningmallorca.es\/index.php\/category\/clasificacion-rutas\/rutas-de-senderismo\/' title='Rutas de senderismo' class='pt-cv-tax-rutas-de-senderismo'>Rutas de senderismo<\/a><a href='https:\/\/trailrunningmallorca.es\/index.php\/category\/rutas-comarcas\/tramuntana-central\/soller\/' title='S\u00f3ller' class='pt-cv-tax-soller'>S\u00f3ller<\/a><a href='https:\/\/trailrunningmallorca.es\/index.php\/category\/rutas-comarcas\/tramuntana-central\/' title='Tramuntana Central' class='pt-cv-tax-tramuntana-central'>Tramuntana Central<\/a><\/div><h4 class=\"pt-cv-title\"><a href=\"https:\/\/trailrunningmallorca.es\/index.php\/2023\/05\/28\/torrent-llorers\/\" class=\"_self\" target=\"_self\" >Cam\u00ed des Torrent des Llorers<\/a><\/h4><div class=\"pt-cv-content\">Nota importante: Parte de la ruta para por la finca privada de Moncaire, hay que solicitar permiso antes de pasar. Una ruta desconocida y que vi en la web del gran Emilio Alonso, cuyas descripciones y rutas me han ayudado tanto a descubrir rincones de la Serra. Vamos a buscar ...<br \/><div class=\"pt-cv-rmwrap\"><a href=\"https:\/\/trailrunningmallorca.es\/index.php\/2023\/05\/28\/torrent-llorers\/\" class=\"_self pt-cv-readmore btn btn-success\" target=\"_self\">Leer M\u00e1s<\/a><\/div><\/div><\/div><\/div><\/div>\n<div class=\" pt-cv-content-item pt-cv-2-col\"  data-pid=\"1000\"><div class=\"pt-cv-thumb-wrapper pull-right \"><a href=\"https:\/\/trailrunningmallorca.es\/index.php\/2016\/01\/04\/cami-vell-barranc-de-biniaraix-es-cornadors-y-cami-de-sarrom\/\" class=\"_self pt-cv-href-thumbnail pt-cv-thumb-right\" target=\"_self\" ><img loading=\"lazy\" decoding=\"async\" width=\"2000\" height=\"1124\" src=\"https:\/\/trailrunningmallorca.es\/wp-content\/uploads\/2016\/01\/ruta3-portada.jpg\" class=\"pt-cv-thumbnail img-none pull-right\" alt=\"Cam\u00ed Vell Barranc de Biniaraix, Es Cornadors y cam\u00ed de s&#039;Arrom\" \/><\/a><\/div>\n<div class=\"pt-cv-remain-wrapper\"><div class=\"pt-cv-colwrap\"><div class=\"pt-cv-taxoterm above_title\"><a href='https:\/\/trailrunningmallorca.es\/index.php\/category\/clasificacion-rutas\/rutas-por-distancia\/entre-15-km-y-20-km\/' title='Entre 15 km y 20 km' class='pt-cv-tax-entre-15-km-y-20-km'>Entre 15 km y 20 km<\/a><a href='https:\/\/trailrunningmallorca.es\/index.php\/category\/clasificacion-rutas\/rutas-por-dificultad\/moderado\/' title='Moderado' class='pt-cv-tax-moderado'>Moderado<\/a><a href='https:\/\/trailrunningmallorca.es\/index.php\/category\/rutas-comarcas\/tramuntana-central\/soller\/' title='S\u00f3ller' class='pt-cv-tax-soller'>S\u00f3ller<\/a><a href='https:\/\/trailrunningmallorca.es\/index.php\/category\/rutas-comarcas\/tramuntana-central\/' title='Tramuntana Central' class='pt-cv-tax-tramuntana-central'>Tramuntana Central<\/a><\/div><h4 class=\"pt-cv-title\"><a href=\"https:\/\/trailrunningmallorca.es\/index.php\/2016\/01\/04\/cami-vell-barranc-de-biniaraix-es-cornadors-y-cami-de-sarrom\/\" class=\"_self\" target=\"_self\" >Cam\u00ed Vell Barranc de Biniaraix, Es Cornadors y cam\u00ed de s&#8217;Arrom<\/a><\/h4><div class=\"pt-cv-content\">Espectacular ruta por el pintoresco Vall de S\u00f3ller, en esta ocasi\u00f3n los tramos que se presentan no son tan populares y transitados como otros de la zona de S\u00f3ller, quiz\u00e1s por ello tienen m\u00e1s atractivo. El camino de s'Arrom es una espectacular obra de ingenier\u00eda en un entorno \u00fanico. Aviso ...<br \/><div class=\"pt-cv-rmwrap\"><a href=\"https:\/\/trailrunningmallorca.es\/index.php\/2016\/01\/04\/cami-vell-barranc-de-biniaraix-es-cornadors-y-cami-de-sarrom\/\" class=\"_self pt-cv-readmore btn btn-success\" target=\"_self\">Leer M\u00e1s<\/a><\/div><\/div><\/div><\/div><\/div>\n<div class=\" pt-cv-content-item pt-cv-2-col\"  data-pid=\"5871\"><div class=\"pt-cv-thumb-wrapper pull-right \"><a href=\"https:\/\/trailrunningmallorca.es\/index.php\/2018\/09\/13\/soller-fornalutx\/\" class=\"_self pt-cv-href-thumbnail pt-cv-thumb-right\" target=\"_self\" ><img loading=\"lazy\" decoding=\"async\" width=\"2000\" height=\"1500\" src=\"https:\/\/trailrunningmallorca.es\/wp-content\/uploads\/ngg_featured\/26_5329.jpeg\" class=\"pt-cv-thumbnail img-none pull-right\" alt=\"Camins de S\u00f3ller : Sa Capelleta, Costa de&#039;n Nico, Fornalutx, Binibassi\" \/><\/a><\/div>\n<div class=\"pt-cv-remain-wrapper\"><div class=\"pt-cv-colwrap\"><div class=\"pt-cv-taxoterm above_title\"><a href='https:\/\/trailrunningmallorca.es\/index.php\/category\/clasificacion-rutas\/rutas-por-distancia\/entre-10-km-y-15-km\/' title='Entre 10 km y 15 km' class='pt-cv-tax-entre-10-km-y-15-km'>Entre 10 km y 15 km<\/a><a href='https:\/\/trailrunningmallorca.es\/index.php\/category\/clasificacion-rutas\/rutas-por-dificultad\/moderado\/' title='Moderado' class='pt-cv-tax-moderado'>Moderado<\/a><a href='https:\/\/trailrunningmallorca.es\/index.php\/category\/rutas-comarcas\/tramuntana-central\/soller\/' title='S\u00f3ller' class='pt-cv-tax-soller'>S\u00f3ller<\/a><a href='https:\/\/trailrunningmallorca.es\/index.php\/category\/rutas-comarcas\/tramuntana-central\/' title='Tramuntana Central' class='pt-cv-tax-tramuntana-central'>Tramuntana Central<\/a><\/div><h4 class=\"pt-cv-title\"><a href=\"https:\/\/trailrunningmallorca.es\/index.php\/2018\/09\/13\/soller-fornalutx\/\" class=\"_self\" target=\"_self\" >Camins de S\u00f3ller : Sa Capelleta, Costa de&#8217;n Nico, Fornalutx, Binibassi<\/a><\/h4><div class=\"pt-cv-content\">Vuelta id\u00edlica entre S\u00f3ller y Fornalutx que hace un recorrido triangular pasando por caminos antiguos y empedrados. Es una ruta ideal para hacer todo el a\u00f1o y disfrutar de la belleza \u00fanica del Vall de S\u00f3ller, destacando el santuario de Sa Capelleta, una construcci\u00f3n muy singular y un icono de ...<br \/><div class=\"pt-cv-rmwrap\"><a href=\"https:\/\/trailrunningmallorca.es\/index.php\/2018\/09\/13\/soller-fornalutx\/\" class=\"_self pt-cv-readmore btn btn-success\" target=\"_self\">Leer M\u00e1s<\/a><\/div><\/div><\/div><\/div><\/div>\n<div class=\" pt-cv-content-item pt-cv-2-col\"  data-pid=\"14677\"><div class=\"pt-cv-thumb-wrapper pull-right \"><a href=\"https:\/\/trailrunningmallorca.es\/index.php\/2023\/04\/25\/cingle-obi\/\" class=\"_self pt-cv-href-thumbnail pt-cv-thumb-right\" target=\"_self\" ><img loading=\"lazy\" decoding=\"async\" width=\"2000\" height=\"924\" src=\"https:\/\/trailrunningmallorca.es\/wp-content\/uploads\/2023\/04\/mamelluda.jpg\" class=\"pt-cv-thumbnail img-none pull-right\" alt=\"Cingle de s&#039;Obi\" \/><\/a><\/div>\n<div class=\"pt-cv-remain-wrapper\"><div class=\"pt-cv-colwrap\"><div class=\"pt-cv-taxoterm above_title\"><a href='https:\/\/trailrunningmallorca.es\/index.php\/category\/clasificacion-rutas\/rutas-por-dificultad\/dificil\/' title='Dif\u00edcil' class='pt-cv-tax-dificil'>Dif\u00edcil<\/a><a href='https:\/\/trailrunningmallorca.es\/index.php\/category\/clasificacion-rutas\/rutas-por-distancia\/menos-de-10-km\/' title='Menos de 10 Km' class='pt-cv-tax-menos-de-10-km'>Menos de 10 Km<\/a><a href='https:\/\/trailrunningmallorca.es\/index.php\/category\/clasificacion-rutas\/rutas-de-senderismo\/' title='Rutas de senderismo' class='pt-cv-tax-rutas-de-senderismo'>Rutas de senderismo<\/a><a href='https:\/\/trailrunningmallorca.es\/index.php\/category\/rutas-comarcas\/tramuntana-central\/soller\/' title='S\u00f3ller' class='pt-cv-tax-soller'>S\u00f3ller<\/a><a href='https:\/\/trailrunningmallorca.es\/index.php\/category\/rutas-comarcas\/tramuntana-central\/' title='Tramuntana Central' class='pt-cv-tax-tramuntana-central'>Tramuntana Central<\/a><\/div><h4 class=\"pt-cv-title\"><a href=\"https:\/\/trailrunningmallorca.es\/index.php\/2023\/04\/25\/cingle-obi\/\" class=\"_self\" target=\"_self\" >Cingle de s&#8217;Obi<\/a><\/h4><div class=\"pt-cv-content\">Nota Importante : Para hacer esta excursi\u00f3n, hay que pedir permiso a los propietarios de la finca de s'Arrom, ya que , en la \u00faltima parte del descenso, transcurre por el camino de la propiedad privada Un itinerario realmente bonito que transcurre por la vertiente norte de la Serra de ...<br \/><div class=\"pt-cv-rmwrap\"><a href=\"https:\/\/trailrunningmallorca.es\/index.php\/2023\/04\/25\/cingle-obi\/\" class=\"_self pt-cv-readmore btn btn-success\" target=\"_self\">Leer M\u00e1s<\/a><\/div><\/div><\/div><\/div><\/div>\n<div class=\" pt-cv-content-item pt-cv-2-col\"  data-pid=\"5527\"><div class=\"pt-cv-thumb-wrapper pull-right \"><a href=\"https:\/\/trailrunningmallorca.es\/index.php\/2018\/07\/08\/pas-de-ses-lloses\/\" class=\"_self pt-cv-href-thumbnail pt-cv-thumb-right\" target=\"_self\" ><img loading=\"lazy\" decoding=\"async\" width=\"2000\" height=\"1500\" src=\"https:\/\/trailrunningmallorca.es\/wp-content\/uploads\/ngg_featured\/25.jpeg\" class=\"pt-cv-thumbnail img-none pull-right\" alt=\"Cova de ses Alf\u00e0bies y Pas de ses Lloses\" \/><\/a><\/div>\n<div class=\"pt-cv-remain-wrapper\"><div class=\"pt-cv-colwrap\"><div class=\"pt-cv-taxoterm above_title\"><a href='https:\/\/trailrunningmallorca.es\/index.php\/category\/clasificacion-rutas\/rutas-por-dificultad\/dificil\/' title='Dif\u00edcil' class='pt-cv-tax-dificil'>Dif\u00edcil<\/a><a href='https:\/\/trailrunningmallorca.es\/index.php\/category\/clasificacion-rutas\/rutas-por-distancia\/menos-de-10-km\/' title='Menos de 10 Km' class='pt-cv-tax-menos-de-10-km'>Menos de 10 Km<\/a><a href='https:\/\/trailrunningmallorca.es\/index.php\/category\/rutas-comarcas\/tramuntana-central\/soller\/' title='S\u00f3ller' class='pt-cv-tax-soller'>S\u00f3ller<\/a><a href='https:\/\/trailrunningmallorca.es\/index.php\/category\/rutas-comarcas\/tramuntana-central\/' title='Tramuntana Central' class='pt-cv-tax-tramuntana-central'>Tramuntana Central<\/a><\/div><h4 class=\"pt-cv-title\"><a href=\"https:\/\/trailrunningmallorca.es\/index.php\/2018\/07\/08\/pas-de-ses-lloses\/\" class=\"_self\" target=\"_self\" >Cova de ses Alf\u00e0bies y Pas de ses Lloses<\/a><\/h4><div class=\"pt-cv-content\">Otra ruta s\u00faper interesante de las muchas que hay en el id\u00edlico Vall de S\u00f3ller. En esta ocasi\u00f3n visitamos la bonita y cultural cova de ses Alf\u00e0bies i un paso nuevo muy interesante, una antigua v\u00eda de acceso r\u00e0pida por los bancales del Barranc de Biniaraix, se trata del Pas ...<br \/><div class=\"pt-cv-rmwrap\"><a href=\"https:\/\/trailrunningmallorca.es\/index.php\/2018\/07\/08\/pas-de-ses-lloses\/\" class=\"_self pt-cv-readmore btn btn-success\" target=\"_self\">Leer M\u00e1s<\/a><\/div><\/div><\/div><\/div><\/div>\n<div class=\" pt-cv-content-item pt-cv-2-col\"  data-pid=\"5569\"><div class=\"pt-cv-thumb-wrapper pull-right \"><a href=\"https:\/\/trailrunningmallorca.es\/index.php\/2018\/07\/23\/soller-a-bunyola\/\" class=\"_self pt-cv-href-thumbnail pt-cv-thumb-right\" target=\"_self\" ><img loading=\"lazy\" decoding=\"async\" width=\"2000\" height=\"1124\" src=\"https:\/\/trailrunningmallorca.es\/wp-content\/uploads\/ngg_featured\/22.jpeg\" class=\"pt-cv-thumbnail img-none pull-right\" alt=\"De S\u00f3ller a Bunyola por el Cam\u00ed des Alous y Antenas de Alf\u00e0bia\" \/><\/a><\/div>\n<div class=\"pt-cv-remain-wrapper\"><div class=\"pt-cv-colwrap\"><div class=\"pt-cv-taxoterm above_title\"><a href='https:\/\/trailrunningmallorca.es\/index.php\/category\/clasificacion-rutas\/rutas-por-distancia\/entre-15-km-y-20-km\/' title='Entre 15 km y 20 km' class='pt-cv-tax-entre-15-km-y-20-km'>Entre 15 km y 20 km<\/a><a href='https:\/\/trailrunningmallorca.es\/index.php\/category\/clasificacion-rutas\/rutas-por-dificultad\/moderado\/' title='Moderado' class='pt-cv-tax-moderado'>Moderado<\/a><a href='https:\/\/trailrunningmallorca.es\/index.php\/category\/rutas-comarcas\/tramuntana-central\/soller\/' title='S\u00f3ller' class='pt-cv-tax-soller'>S\u00f3ller<\/a><a href='https:\/\/trailrunningmallorca.es\/index.php\/category\/rutas-comarcas\/tramuntana-central\/' title='Tramuntana Central' class='pt-cv-tax-tramuntana-central'>Tramuntana Central<\/a><\/div><h4 class=\"pt-cv-title\"><a href=\"https:\/\/trailrunningmallorca.es\/index.php\/2018\/07\/23\/soller-a-bunyola\/\" class=\"_self\" target=\"_self\" >De S\u00f3ller a Bunyola por el Cam\u00ed des Alous y Antenas de Alf\u00e0bia<\/a><\/h4><div class=\"pt-cv-content\">Ruta no circular que va desde S\u00f3ller a Bunyola, subiendo a la Serra de Alfabia y yendo hacia Bunyola por la comuna. Itinerario muy exigente y con mucho desnivel m\u00e1s de 1000 m), y con unos paisajes y vistas realmente espectaculares. Itinerario S\u00f3ller, cam\u00ed de ses Tres Creus Cementerio de ...<br \/><div class=\"pt-cv-rmwrap\"><a href=\"https:\/\/trailrunningmallorca.es\/index.php\/2018\/07\/23\/soller-a-bunyola\/\" class=\"_self pt-cv-readmore btn btn-success\" target=\"_self\">Leer M\u00e1s<\/a><\/div><\/div><\/div><\/div><\/div>\n<div class=\" pt-cv-content-item pt-cv-2-col\"  data-pid=\"959\"><div class=\"pt-cv-thumb-wrapper pull-right \"><a href=\"https:\/\/trailrunningmallorca.es\/index.php\/2016\/01\/02\/mirador-barques-cala-tuent\/\" class=\"_self pt-cv-href-thumbnail pt-cv-thumb-right\" target=\"_self\" ><img loading=\"lazy\" decoding=\"async\" width=\"1200\" height=\"674\" src=\"https:\/\/trailrunningmallorca.es\/wp-content\/uploads\/2016\/01\/sa_costera.jpg\" class=\"pt-cv-thumbnail img-none pull-right\" alt=\"Mirador de Ses Barques a Cala Tuent\" \/><\/a><\/div>\n<div class=\"pt-cv-remain-wrapper\"><div class=\"pt-cv-colwrap\"><div class=\"pt-cv-taxoterm above_title\"><a href='https:\/\/trailrunningmallorca.es\/index.php\/category\/clasificacion-rutas\/rutas-por-distancia\/entre-15-km-y-20-km\/' title='Entre 15 km y 20 km' class='pt-cv-tax-entre-15-km-y-20-km'>Entre 15 km y 20 km<\/a><a href='https:\/\/trailrunningmallorca.es\/index.php\/category\/clasificacion-rutas\/rutas-por-dificultad\/moderado\/' title='Moderado' class='pt-cv-tax-moderado'>Moderado<\/a><a href='https:\/\/trailrunningmallorca.es\/index.php\/category\/rutas-comarcas\/tramuntana-central\/soller\/' title='S\u00f3ller' class='pt-cv-tax-soller'>S\u00f3ller<\/a><a href='https:\/\/trailrunningmallorca.es\/index.php\/category\/rutas-comarcas\/tramuntana-central\/' title='Tramuntana Central' class='pt-cv-tax-tramuntana-central'>Tramuntana Central<\/a><\/div><h4 class=\"pt-cv-title\"><a href=\"https:\/\/trailrunningmallorca.es\/index.php\/2016\/01\/02\/mirador-barques-cala-tuent\/\" class=\"_self\" target=\"_self\" >Mirador de Ses Barques a Cala Tuent<\/a><\/h4><div class=\"pt-cv-content\">Ruta cl\u00e1sica de la Sierra de Tramuntana, una de las m\u00e1s bonitas de Mallorca y de las m\u00e1s visitadas por los turistas. El tramo de sa Costera es el m\u00e1s bello y pintoresco ya que las vistas y parajes son espectaculares. Cala Tuent es un lugar id\u00edlico de la Serra ...<br \/><div class=\"pt-cv-rmwrap\"><a href=\"https:\/\/trailrunningmallorca.es\/index.php\/2016\/01\/02\/mirador-barques-cala-tuent\/\" class=\"_self pt-cv-readmore btn btn-success\" target=\"_self\">Leer M\u00e1s<\/a><\/div><\/div><\/div><\/div><\/div>\n<div class=\" pt-cv-content-item pt-cv-2-col\"  data-pid=\"2106\"><div class=\"pt-cv-thumb-wrapper pull-right \"><a href=\"https:\/\/trailrunningmallorca.es\/index.php\/2016\/05\/18\/pas-de-sheura-cova-des-migdia-y-pas-den-barona\/\" class=\"_self pt-cv-href-thumbnail pt-cv-thumb-right\" target=\"_self\" ><img loading=\"lazy\" decoding=\"async\" width=\"2000\" height=\"1500\" src=\"https:\/\/trailrunningmallorca.es\/wp-content\/uploads\/ngg_featured\/30.jpg\" class=\"pt-cv-thumbnail img-none pull-right\" alt=\"Pas de s&#039;Heura, Cova des Migdia y Pas de&#039;n Barona\" \/><\/a><\/div>\n<div class=\"pt-cv-remain-wrapper\"><div class=\"pt-cv-colwrap\"><div class=\"pt-cv-taxoterm above_title\"><a href='https:\/\/trailrunningmallorca.es\/index.php\/category\/clasificacion-rutas\/rutas-por-dificultad\/dificil\/' title='Dif\u00edcil' class='pt-cv-tax-dificil'>Dif\u00edcil<\/a><a href='https:\/\/trailrunningmallorca.es\/index.php\/category\/clasificacion-rutas\/rutas-por-distancia\/entre-10-km-y-15-km\/' title='Entre 10 km y 15 km' class='pt-cv-tax-entre-10-km-y-15-km'>Entre 10 km y 15 km<\/a><a href='https:\/\/trailrunningmallorca.es\/index.php\/category\/clasificacion-rutas\/rutas-de-senderismo\/' title='Rutas de senderismo' class='pt-cv-tax-rutas-de-senderismo'>Rutas de senderismo<\/a><a href='https:\/\/trailrunningmallorca.es\/index.php\/category\/rutas-comarcas\/tramuntana-central\/soller\/' title='S\u00f3ller' class='pt-cv-tax-soller'>S\u00f3ller<\/a><a href='https:\/\/trailrunningmallorca.es\/index.php\/category\/rutas-comarcas\/tramuntana-central\/' title='Tramuntana Central' class='pt-cv-tax-tramuntana-central'>Tramuntana Central<\/a><\/div><h4 class=\"pt-cv-title\"><a href=\"https:\/\/trailrunningmallorca.es\/index.php\/2016\/05\/18\/pas-de-sheura-cova-des-migdia-y-pas-den-barona\/\" class=\"_self\" target=\"_self\" >Pas de s&#8217;Heura, Cova des Migdia y Pas de&#8217;n Barona<\/a><\/h4><div class=\"pt-cv-content\">Magn\u00edfica vuelta por la zona de S\u00f3ller, tiene especial encanto esta ruta. Las panor\u00e1micas desde el Cam\u00ed de s'Illeta son preciosas, m\u00e1s adelante el Pas de s'Heura, un paso precioso cerca del torrent de na Mora y de postre la cova des Migdia y el Pas den Barona por el ...<br \/><div class=\"pt-cv-rmwrap\"><a href=\"https:\/\/trailrunningmallorca.es\/index.php\/2016\/05\/18\/pas-de-sheura-cova-des-migdia-y-pas-den-barona\/\" class=\"_self pt-cv-readmore btn btn-success\" target=\"_self\">Leer M\u00e1s<\/a><\/div><\/div><\/div><\/div><\/div>\n<div class=\" pt-cv-content-item pt-cv-2-col\"  data-pid=\"6619\"><div class=\"pt-cv-thumb-wrapper pull-right \"><a href=\"https:\/\/trailrunningmallorca.es\/index.php\/2019\/01\/29\/pas-ullastre-pi-raco-barona\/\" class=\"_self pt-cv-href-thumbnail pt-cv-thumb-right\" target=\"_self\" ><img loading=\"lazy\" decoding=\"async\" width=\"2000\" height=\"1124\" src=\"https:\/\/trailrunningmallorca.es\/wp-content\/uploads\/2019\/01\/07.jpeg\" class=\"pt-cv-thumbnail img-none pull-right\" alt=\"Pas de s&#039;Ullastre i Pas des Pi por el Cam\u00ed des Metro y Rac\u00f3 den Barona\" \/><\/a><\/div>\n<div class=\"pt-cv-remain-wrapper\"><div class=\"pt-cv-colwrap\"><div class=\"pt-cv-taxoterm above_title\"><a href='https:\/\/trailrunningmallorca.es\/index.php\/category\/clasificacion-rutas\/rutas-por-distancia\/entre-10-km-y-15-km\/' title='Entre 10 km y 15 km' class='pt-cv-tax-entre-10-km-y-15-km'>Entre 10 km y 15 km<\/a><a href='https:\/\/trailrunningmallorca.es\/index.php\/category\/clasificacion-rutas\/rutas-por-dificultad\/moderado\/' title='Moderado' class='pt-cv-tax-moderado'>Moderado<\/a><a href='https:\/\/trailrunningmallorca.es\/index.php\/category\/rutas-comarcas\/tramuntana-central\/soller\/' title='S\u00f3ller' class='pt-cv-tax-soller'>S\u00f3ller<\/a><a href='https:\/\/trailrunningmallorca.es\/index.php\/category\/rutas-comarcas\/tramuntana-central\/' title='Tramuntana Central' class='pt-cv-tax-tramuntana-central'>Tramuntana Central<\/a><\/div><h4 class=\"pt-cv-title\"><a href=\"https:\/\/trailrunningmallorca.es\/index.php\/2019\/01\/29\/pas-ullastre-pi-raco-barona\/\" class=\"_self\" target=\"_self\" >Pas de s&#8217;Ullastre i Pas des Pi por el Cam\u00ed des Metro y Rac\u00f3 den Barona<\/a><\/h4><div class=\"pt-cv-content\">Aviso importante: Hay problemas de paso en la zona del Pas des Pi y el Pas de s'Ullastre. Hay que solicitar permiso al propietario, contactar conmigo para m\u00e1s informaci\u00f3n. Otra preciosa vuelta por una zona que visitamos poco en S\u00f3ller. Se trata del cam\u00ed des Metro y el Rac\u00f3 de'n ...<br \/><div class=\"pt-cv-rmwrap\"><a href=\"https:\/\/trailrunningmallorca.es\/index.php\/2019\/01\/29\/pas-ullastre-pi-raco-barona\/\" class=\"_self pt-cv-readmore btn btn-success\" target=\"_self\">Leer M\u00e1s<\/a><\/div><\/div><\/div><\/div><\/div>\n<div class=\" pt-cv-content-item pt-cv-2-col\"  data-pid=\"10013\"><div class=\"pt-cv-thumb-wrapper pull-right \"><a href=\"https:\/\/trailrunningmallorca.es\/index.php\/2021\/11\/24\/pas-pep-serra-canet\/\" class=\"_self pt-cv-href-thumbnail pt-cv-thumb-right\" target=\"_self\" ><img loading=\"lazy\" decoding=\"async\" width=\"1800\" height=\"1350\" src=\"https:\/\/trailrunningmallorca.es\/wp-content\/uploads\/2021\/11\/nggallery_import\/IMG_1645.jpeg\" class=\"pt-cv-thumbnail img-none pull-right\" alt=\"Pas de&#039;n Pep Serra y Pas de Canet\" \/><\/a><\/div>\n<div class=\"pt-cv-remain-wrapper\"><div class=\"pt-cv-colwrap\"><div class=\"pt-cv-taxoterm above_title\"><a href='https:\/\/trailrunningmallorca.es\/index.php\/category\/clasificacion-rutas\/rutas-por-distancia\/menos-de-10-km\/' title='Menos de 10 Km' class='pt-cv-tax-menos-de-10-km'>Menos de 10 Km<\/a><a href='https:\/\/trailrunningmallorca.es\/index.php\/category\/clasificacion-rutas\/rutas-por-dificultad\/moderado\/' title='Moderado' class='pt-cv-tax-moderado'>Moderado<\/a><a href='https:\/\/trailrunningmallorca.es\/index.php\/category\/clasificacion-rutas\/rutas-de-senderismo\/' title='Rutas de senderismo' class='pt-cv-tax-rutas-de-senderismo'>Rutas de senderismo<\/a><a href='https:\/\/trailrunningmallorca.es\/index.php\/category\/rutas-comarcas\/tramuntana-central\/soller\/' title='S\u00f3ller' class='pt-cv-tax-soller'>S\u00f3ller<\/a><a href='https:\/\/trailrunningmallorca.es\/index.php\/category\/rutas-comarcas\/tramuntana-central\/' title='Tramuntana Central' class='pt-cv-tax-tramuntana-central'>Tramuntana Central<\/a><\/div><h4 class=\"pt-cv-title\"><a href=\"https:\/\/trailrunningmallorca.es\/index.php\/2021\/11\/24\/pas-pep-serra-canet\/\" class=\"_self\" target=\"_self\" >Pas de&#8217;n Pep Serra y Pas de Canet<\/a><\/h4><div class=\"pt-cv-content\">Aviso importante: Para acceder a la finca de s'Arrom hay que solicitar permiso a la propiedad. Dos pasos de monta\u00f1a por el Valle de S\u00f3ller que nos har\u00e1n disfrutar de lo lindo. La excursi\u00f3n no es complicada t\u00e9cnicamente pero en cuanto a la orientaci\u00f3n es complicada, sobre todo el Pas ...<br \/><div class=\"pt-cv-rmwrap\"><a href=\"https:\/\/trailrunningmallorca.es\/index.php\/2021\/11\/24\/pas-pep-serra-canet\/\" class=\"_self pt-cv-readmore btn btn-success\" target=\"_self\">Leer M\u00e1s<\/a><\/div><\/div><\/div><\/div><\/div>\n<div class=\" pt-cv-content-item pt-cv-2-col\"  data-pid=\"1963\"><div class=\"pt-cv-thumb-wrapper pull-right \"><a href=\"https:\/\/trailrunningmallorca.es\/index.php\/2016\/04\/27\/pas-den-querol-pas-de-sangles-y-pas-des-pi-den-garbulla\/\" class=\"_self pt-cv-href-thumbnail pt-cv-thumb-right\" target=\"_self\" ><img loading=\"lazy\" decoding=\"async\" width=\"1600\" height=\"900\" src=\"https:\/\/trailrunningmallorca.es\/wp-content\/uploads\/ngg_featured\/DSC_0307-1.jpg\" class=\"pt-cv-thumbnail img-none pull-right\" alt=\"Pas de&#039;n Querol, Pas de s&#039;Angl\u00e8s y Pas des Pi de&#039;n Garbulla\" \/><\/a><\/div>\n<div class=\"pt-cv-remain-wrapper\"><div class=\"pt-cv-colwrap\"><div class=\"pt-cv-taxoterm above_title\"><a href='https:\/\/trailrunningmallorca.es\/index.php\/category\/clasificacion-rutas\/rutas-por-distancia\/menos-de-10-km\/' title='Menos de 10 Km' class='pt-cv-tax-menos-de-10-km'>Menos de 10 Km<\/a><a href='https:\/\/trailrunningmallorca.es\/index.php\/category\/clasificacion-rutas\/rutas-de-senderismo\/' title='Rutas de senderismo' class='pt-cv-tax-rutas-de-senderismo'>Rutas de senderismo<\/a><a href='https:\/\/trailrunningmallorca.es\/index.php\/category\/rutas-comarcas\/tramuntana-central\/soller\/' title='S\u00f3ller' class='pt-cv-tax-soller'>S\u00f3ller<\/a><a href='https:\/\/trailrunningmallorca.es\/index.php\/category\/clasificacion-rutas\/rutas-por-dificultad\/solo-expertos\/' title='S\u00f3lo expertos' class='pt-cv-tax-solo-expertos'>S\u00f3lo expertos<\/a><a href='https:\/\/trailrunningmallorca.es\/index.php\/category\/rutas-comarcas\/tramuntana-central\/' title='Tramuntana Central' class='pt-cv-tax-tramuntana-central'>Tramuntana Central<\/a><\/div><h4 class=\"pt-cv-title\"><a href=\"https:\/\/trailrunningmallorca.es\/index.php\/2016\/04\/27\/pas-den-querol-pas-de-sangles-y-pas-des-pi-den-garbulla\/\" class=\"_self\" target=\"_self\" >Pas de&#8217;n Querol, Pas de s&#8217;Angl\u00e8s y Pas des Pi de&#8217;n Garbulla<\/a><\/h4><div class=\"pt-cv-content\">Itinerario complicado con tres pasos vertiginosos y con unas panor\u00e1micas privilegiadas del Barranc de Biniaraix. Itinerario Biniaraix Cam\u00ed des Barranc Cam\u00ed Vell de C\u00faber Pas de'n Querol Porxo de'n Miquel Pas de s'Angl\u00e9s Cornador Petit Pas des Pi de'n Garbulla Coll de'n Se Cam\u00ed des Barranc Biniaraix Una de las ...<br \/><div class=\"pt-cv-rmwrap\"><a href=\"https:\/\/trailrunningmallorca.es\/index.php\/2016\/04\/27\/pas-den-querol-pas-de-sangles-y-pas-des-pi-den-garbulla\/\" class=\"_self pt-cv-readmore btn btn-success\" target=\"_self\">Leer M\u00e1s<\/a><\/div><\/div><\/div><\/div><\/div>\n<div class=\" pt-cv-content-item pt-cv-2-col\"  data-pid=\"11660\"><div class=\"pt-cv-thumb-wrapper pull-right \"><a href=\"https:\/\/trailrunningmallorca.es\/index.php\/2022\/05\/21\/penyal-migdia-desde-soller\/\" class=\"_self pt-cv-href-thumbnail pt-cv-thumb-right\" target=\"_self\" ><img loading=\"lazy\" decoding=\"async\" width=\"1800\" height=\"1350\" src=\"https:\/\/trailrunningmallorca.es\/wp-content\/uploads\/2022\/05\/nggallery_import\/IMG_4029.jpeg\" class=\"pt-cv-thumbnail img-none pull-right\" alt=\"Penyal des Migdia desde S\u00f3ller\" \/><\/a><\/div>\n<div class=\"pt-cv-remain-wrapper\"><div class=\"pt-cv-colwrap\"><div class=\"pt-cv-taxoterm above_title\"><a href='https:\/\/trailrunningmallorca.es\/index.php\/category\/clasificacion-rutas\/rutas-por-dificultad\/dificil\/' title='Dif\u00edcil' class='pt-cv-tax-dificil'>Dif\u00edcil<\/a><a href='https:\/\/trailrunningmallorca.es\/index.php\/category\/clasificacion-rutas\/rutas-por-distancia\/mas-de-25-km\/' title='M\u00e1s de 25 km' class='pt-cv-tax-mas-de-25-km'>M\u00e1s de 25 km<\/a><a href='https:\/\/trailrunningmallorca.es\/index.php\/category\/rutas-comarcas\/tramuntana-central\/soller\/' title='S\u00f3ller' class='pt-cv-tax-soller'>S\u00f3ller<\/a><a href='https:\/\/trailrunningmallorca.es\/index.php\/category\/rutas-comarcas\/tramuntana-central\/' title='Tramuntana Central' class='pt-cv-tax-tramuntana-central'>Tramuntana Central<\/a><\/div><h4 class=\"pt-cv-title\"><a href=\"https:\/\/trailrunningmallorca.es\/index.php\/2022\/05\/21\/penyal-migdia-desde-soller\/\" class=\"_self\" target=\"_self\" >Penyal des Migdia desde S\u00f3ller<\/a><\/h4><div class=\"pt-cv-content\">Aviso importante: Para acceder al cam\u00ed y finca de Monn\u00e0ber, hay que solicitar permiso a la propiedad. U na ruta que yo la considero m\u00e1s bien un trail muy exigente, sobre todo por el desnivel acumulado, que son m\u00e1s 1.600 metros y la distancia, m\u00e1s de 28 km. La subida ...<br \/><div class=\"pt-cv-rmwrap\"><a href=\"https:\/\/trailrunningmallorca.es\/index.php\/2022\/05\/21\/penyal-migdia-desde-soller\/\" class=\"_self pt-cv-readmore btn btn-success\" target=\"_self\">Leer M\u00e1s<\/a><\/div><\/div><\/div><\/div><\/div>\n<div class=\" pt-cv-content-item pt-cv-2-col\"  data-pid=\"15342\"><div class=\"pt-cv-thumb-wrapper pull-right \"><a href=\"https:\/\/trailrunningmallorca.es\/index.php\/2023\/05\/31\/puig-balitx\/\" class=\"_self pt-cv-href-thumbnail pt-cv-thumb-right\" target=\"_self\" ><img loading=\"lazy\" decoding=\"async\" width=\"2000\" height=\"1500\" src=\"https:\/\/trailrunningmallorca.es\/wp-content\/uploads\/2023\/05\/nggallery_import\/IMG_4433.jpeg\" class=\"pt-cv-thumbnail img-none pull-right\" alt=\"Puig de B\u00e0litx pel Pas de sa Torre y Comellar de Cala Ferrera\" \/><\/a><\/div>\n<div class=\"pt-cv-remain-wrapper\"><div class=\"pt-cv-colwrap\"><div class=\"pt-cv-taxoterm above_title\"><a href='https:\/\/trailrunningmallorca.es\/index.php\/category\/clasificacion-rutas\/rutas-por-distancia\/entre-15-km-y-20-km\/' title='Entre 15 km y 20 km' class='pt-cv-tax-entre-15-km-y-20-km'>Entre 15 km y 20 km<\/a><a href='https:\/\/trailrunningmallorca.es\/index.php\/category\/clasificacion-rutas\/rutas-por-dificultad\/muy-dificil\/' title='Muy dif\u00edcil' class='pt-cv-tax-muy-dificil'>Muy dif\u00edcil<\/a><a href='https:\/\/trailrunningmallorca.es\/index.php\/category\/clasificacion-rutas\/rutas-de-senderismo\/' title='Rutas de senderismo' class='pt-cv-tax-rutas-de-senderismo'>Rutas de senderismo<\/a><a href='https:\/\/trailrunningmallorca.es\/index.php\/category\/rutas-comarcas\/tramuntana-central\/soller\/' title='S\u00f3ller' class='pt-cv-tax-soller'>S\u00f3ller<\/a><a href='https:\/\/trailrunningmallorca.es\/index.php\/category\/rutas-comarcas\/tramuntana-central\/' title='Tramuntana Central' class='pt-cv-tax-tramuntana-central'>Tramuntana Central<\/a><\/div><h4 class=\"pt-cv-title\"><a href=\"https:\/\/trailrunningmallorca.es\/index.php\/2023\/05\/31\/puig-balitx\/\" class=\"_self\" target=\"_self\" >Puig de B\u00e0litx pel Pas de sa Torre y Comellar de Cala Ferrera<\/a><\/h4><div class=\"pt-cv-content\">Una maravillosa y alternativa excursi\u00f3n para subir y bajar del Puig de B\u00e0litx. En la primera parte, visitamos la Torre de na Seca por el vertiginoso Pas de sa Torre. Seguimos por el cam\u00ed de s'Illeta y subimos a la cima del Puig de B\u00e0litx por el Comellar de Cala ...<br \/><div class=\"pt-cv-rmwrap\"><a href=\"https:\/\/trailrunningmallorca.es\/index.php\/2023\/05\/31\/puig-balitx\/\" class=\"_self pt-cv-readmore btn btn-success\" target=\"_self\">Leer M\u00e1s<\/a><\/div><\/div><\/div><\/div><\/div><\/div><\/div>\n<div class=\"text-left pt-cv-pagination-wrapper\"><ul class=\"pt-cv-pagination pt-cv-ajax pagination\" data-totalpages=\"2\" data-currentpage=\"1\" data-sid=\"40c7b743lh\" data-unid=\"\" data-isblock=\"\" data-postid=\"\"><li class=\"active\"><a href=\"#\">1<\/a><\/li>\n\t<li ><a class=\"\" href=\"https:\/\/trailrunningmallorca.es\/index.php\/wp-json\/wp\/v2\/pages\/19294\/?_page=2\">2<\/a><\/li>\n\t<li ><a class=\" \" href=\"https:\/\/trailrunningmallorca.es\/index.php\/wp-json\/wp\/v2\/pages\/19294\/?_page=2\">&rsaquo;<\/a><\/li>\n\t<\/ul><img loading=\"lazy\" decoding=\"async\" width=\"15\" height=\"15\" class=\"pt-cv-spinner\" alt=\"Cargando...\" src=\"data:image\/gif;base64,R0lGODlhDwAPALMPAMrKygwMDJOTkz09PZWVla+vr3p6euTk5M7OzuXl5TMzMwAAAJmZmWZmZszMzP\/\/\/yH\/C05FVFNDQVBFMi4wAwEAAAAh+QQFCgAPACwAAAAADwAPAAAEQvDJaZaZOIcV8iQK8VRX4iTYoAwZ4iCYoAjZ4RxejhVNoT+mRGP4cyF4Pp0N98sBGIBMEMOotl6YZ3S61Bmbkm4mAgAh+QQFCgAPACwAAAAADQANAAAENPDJSRSZeA418itN8QiK8BiLITVsFiyBBIoYqnoewAD4xPw9iY4XLGYSjkQR4UAUD45DLwIAIfkEBQoADwAsAAAAAA8ACQAABC\/wyVlamTi3nSdgwFNdhEJgTJoNyoB9ISYoQmdjiZPcj7EYCAeCF1gEDo4Dz2eIAAAh+QQFCgAPACwCAAAADQANAAAEM\/DJBxiYeLKdX3IJZT1FU0iIg2RNKx3OkZVnZ98ToRD4MyiDnkAh6BkNC0MvsAj0kMpHBAAh+QQFCgAPACwGAAAACQAPAAAEMDC59KpFDll73HkAA2wVY5KgiK5b0RRoI6MuzG6EQqCDMlSGheEhUAgqgUUAFRySIgAh+QQFCgAPACwCAAIADQANAAAEM\/DJKZNLND\/kkKaHc3xk+QAMYDKsiaqmZCxGVjSFFCxB1vwy2oOgIDxuucxAMTAJFAJNBAAh+QQFCgAPACwAAAYADwAJAAAEMNAs86q1yaWwwv2Ig0jUZx3OYa4XoRAfwADXoAwfo1+CIjyFRuEho60aSNYlOPxEAAAh+QQFCgAPACwAAAIADQANAAAENPA9s4y8+IUVcqaWJ4qEQozSoAzoIyhCK2NFU2SJk0hNnyEOhKR2AzAAj4Pj4GE4W0bkJQIAOw==\" \/><div class=\"clear pt-cv-clear-pagination\"><\/div><\/div><\/div>\t\t\t<style type=\"text\/css\" id=\"pt-cv-inline-style-a3f55a778w\">\n#pt-cv-view-40c7b743lh .pt-cv-thumb-wrapper:not(.miniwrap) { width: 400px; }#pt-cv-view-40c7b743lh .pt-cv-thumbnail:not(.pt-cv-thumbnailsm) { height: 250px; }#pt-cv-view-40c7b743lh > .pt-cv-page {grid-template-columns: repeat(1, 1fr);grid-gap: 15px;}\n@media all and (max-width: 1024px) { \n#pt-cv-view-40c7b743lh > .pt-cv-page {grid-template-columns: repeat(1, 1fr);}\n} \n@media all and (max-width: 767px) { \n#pt-cv-view-40c7b743lh > .pt-cv-page {grid-template-columns: repeat(1, 1fr);}\n} <\/style>\r\n\t\t\t\t\t\t<style type=\"text\/css\" id=\"pt-cv-inline-style-1371cdbecl\">#pt-cv-view-40c7b743lh .pt-cv-content-item { padding-top: 0px !important; padding-right: 0px !important; padding-bottom: 0px !important; padding-left: 0px !important; }\n#pt-cv-view-40c7b743lh  .pt-cv-content-item   { background-color: #f8f3fa !important; border-width: 1px 1px 1px 1px !important; border-style: none !important; border-radius: 20px 20px 20px 20px !important; }\n#pt-cv-view-40c7b743lh .pt-cv-taxoterm * { font-family: 'Open Sans', Arial, serif !important; font-size: 11px !important; line-height: 1.3 !important; color: #9b53e2 !important; background-color: #ffffff !important; margin: 15px 0px 0px 10px !important; padding: 5px 5px 5px 5px !important; }\n#pt-cv-view-40c7b743lh .pt-cv-title a, #pt-cv-view-40c7b743lh  .panel-title { font-family: 'Open Sans', Arial, serif !important; font-size: 18px !important; line-height: 1.3 !important; color: #000000 !important; font-weight: 600 !important; padding: 10px 10px 0px 10px !important; display: block !important; }\n#pt-cv-view-40c7b743lh  .pt-cv-title a:hover, #pt-cv-view-40c7b743lh  .panel-title:hover   { font-family: 'Open Sans', Arial, serif !important; font-size: 18px !important; line-height: 1.3 !important; color: #3724e5 !important; }\n#pt-cv-view-40c7b743lh .pt-cv-content , #pt-cv-view-40c7b743lh  .pt-cv-content *:not(.pt-cv-readmore):not(style):not(script) { font-family: 'Open Sans', Arial, serif !important; font-size: 13px !important; color: #000000 !important; text-transform: capitalize !important; line-height: 2 !important; padding: 10px 10px 10px 10px !important; }\n#pt-cv-view-40c7b743lh .pt-cv-readmore  { color: #ffffff !important; background-color: #00aeef !important; }\n#pt-cv-view-40c7b743lh .pt-cv-readmore:hover  { color: #ffffff !important; background-color: #00aeef !important; }\n#pt-cv-view-40c7b743lh  + .pt-cv-pagination-wrapper .pt-cv-more , #pt-cv-view-40c7b743lh  + .pt-cv-pagination-wrapper .pagination .active a, .pt-cv-pagination[data-sid='40c7b743lh'] .active a { color: #ffffff !important; background-color: #00aeef !important; }\n#pt-cv-view-40c7b743lh { text-align: justify; }<\/style>\r\n\t\t\t<link href='\/\/fonts.googleapis.com\/css?family=Open+Sans' rel='stylesheet' type='text\/css'>\n","protected":false},"excerpt":{"rendered":"<table class=\"rw-rating-table rw-ltr rw-left rw-no-labels\"><tr><td><nobr>&nbsp;<\/nobr><\/td><td><div class=\"rw-left\"><div class=\"rw-ui-container rw-class-blog-post rw-urid-192950\"><\/div><\/div><\/td><\/tr><\/table><p>&nbsp; Itinerario L Arrancamos en el Puerto de S\u00f3ller, nos dirigimos hacia el mar por el Oeste y por el carrer del Cingle, cogemos un camino sin asfaltar que transcurre muy cerca de la costa, el lugar se denomina el&hellip; <\/p>\n","protected":false},"author":1,"featured_media":0,"parent":0,"menu_order":0,"comment_status":"closed","ping_status":"closed","template":"","meta":{"ngg_post_thumbnail":0,"footnotes":""},"class_list":["post-19294","page","type-page","status-publish","hentry"],"_links":{"self":[{"href":"https:\/\/trailrunningmallorca.es\/index.php\/wp-json\/wp\/v2\/pages\/19294","targetHints":{"allow":["GET"]}}],"collection":[{"href":"https:\/\/trailrunningmallorca.es\/index.php\/wp-json\/wp\/v2\/pages"}],"about":[{"href":"https:\/\/trailrunningmallorca.es\/index.php\/wp-json\/wp\/v2\/types\/page"}],"author":[{"embeddable":true,"href":"https:\/\/trailrunningmallorca.es\/index.php\/wp-json\/wp\/v2\/users\/1"}],"replies":[{"embeddable":true,"href":"https:\/\/trailrunningmallorca.es\/index.php\/wp-json\/wp\/v2\/comments?post=19294"}],"version-history":[{"count":0,"href":"https:\/\/trailrunningmallorca.es\/index.php\/wp-json\/wp\/v2\/pages\/19294\/revisions"}],"wp:attachment":[{"href":"https:\/\/trailrunningmallorca.es\/index.php\/wp-json\/wp\/v2\/media?parent=19294"}],"curies":[{"name":"wp","href":"https:\/\/api.w.org\/{rel}","templated":true}]}}