{"id":19288,"date":"2024-05-27T10:08:06","date_gmt":"2024-05-27T08:08:06","guid":{"rendered":"https:\/\/trailrunningmallorca.es\/?page_id=19288"},"modified":"2024-06-15T11:02:39","modified_gmt":"2024-06-15T09:02:39","slug":"rutas-bunyola","status":"publish","type":"page","link":"https:\/\/trailrunningmallorca.es\/index.php\/rutas-bunyola\/","title":{"rendered":"Rutas Bunyola"},"content":{"rendered":"<div class=\"pt-cv-wrapper\"><div class=\"pt-cv-view pt-cv-blockgrid iscvblock iscvhybrid list1 layout2 pt-cv-pgregular pt-cv-justify pt-cv-alternate-left\" id=\"pt-cv-view-7f7edeffy1\"><div data-id=\"pt-cv-page-1\" class=\"pt-cv-page\" data-cvc=\"1\"><div class=\" pt-cv-content-item pt-cv-2-col\"  data-pid=\"4652\"><div class=\"pt-cv-thumb-wrapper pull-right \"><a href=\"https:\/\/trailrunningmallorca.es\/index.php\/2017\/10\/04\/antenas-de-alfabia-puig-de-saritjar-i-cami-des-traves-2\/\" class=\"_self pt-cv-href-thumbnail pt-cv-thumb-right\" target=\"_self\" ><img loading=\"lazy\" decoding=\"async\" width=\"1632\" height=\"1224\" src=\"https:\/\/trailrunningmallorca.es\/wp-content\/uploads\/2017\/10\/Alfabia.jpg\" class=\"pt-cv-thumbnail img-none pull-right\" alt=\"Antenas de Alfabia (Pas des Mart i Cam\u00ed des Trav\u00e9s)\" \/><\/a><\/div>\n<div class=\"pt-cv-remain-wrapper\"><div class=\"pt-cv-colwrap\"><div class=\"pt-cv-taxoterm above_title\"><a href='https:\/\/trailrunningmallorca.es\/index.php\/category\/rutas-comarcas\/tramuntana-central\/bunyola\/' title='Bunyola' class='pt-cv-tax-bunyola'>Bunyola<\/a><a href='https:\/\/trailrunningmallorca.es\/index.php\/category\/clasificacion-rutas\/rutas-por-distancia\/entre-15-km-y-20-km\/' title='Entre 15 km y 20 km' class='pt-cv-tax-entre-15-km-y-20-km'>Entre 15 km y 20 km<\/a><a href='https:\/\/trailrunningmallorca.es\/index.php\/category\/clasificacion-rutas\/rutas-por-dificultad\/moderado\/' title='Moderado' class='pt-cv-tax-moderado'>Moderado<\/a><a href='https:\/\/trailrunningmallorca.es\/index.php\/category\/rutas-comarcas\/tramuntana-central\/' title='Tramuntana Central' class='pt-cv-tax-tramuntana-central'>Tramuntana Central<\/a><\/div><h4 class=\"pt-cv-title\"><a href=\"https:\/\/trailrunningmallorca.es\/index.php\/2017\/10\/04\/antenas-de-alfabia-puig-de-saritjar-i-cami-des-traves-2\/\" class=\"_self\" target=\"_self\" >Antenas de Alfabia (Pas des Mart i Cam\u00ed des Trav\u00e9s)<\/a><\/h4><div class=\"pt-cv-content\">Aviso importante: Esta ruta pasa por la finca de Alfabia, ponerse en contacto con el propietario antes de pasar por la zona. Adem\u00e1s el cam\u00ed des Trav\u00e9s, debido a la nevada del 2023, est\u00e1 bastante impracticable. Una de las rutas m\u00e1s espectaculares y con mejores vistas de Tramuntana. Subimos a ...<br \/><div class=\"pt-cv-rmwrap\"><a href=\"https:\/\/trailrunningmallorca.es\/index.php\/2017\/10\/04\/antenas-de-alfabia-puig-de-saritjar-i-cami-des-traves-2\/\" class=\"_self pt-cv-readmore btn btn-success\" target=\"_self\">Leer M\u00e1s<\/a><\/div><\/div><\/div><\/div><\/div>\n<div class=\" pt-cv-content-item pt-cv-2-col\"  data-pid=\"6063\"><div class=\"pt-cv-thumb-wrapper pull-right \"><a href=\"https:\/\/trailrunningmallorca.es\/index.php\/2018\/11\/19\/balma-nanets-pas-grau\/\" class=\"_self pt-cv-href-thumbnail pt-cv-thumb-right\" target=\"_self\" ><img loading=\"lazy\" decoding=\"async\" width=\"2000\" height=\"1500\" src=\"https:\/\/trailrunningmallorca.es\/wp-content\/uploads\/ngg_featured\/13_1344.jpeg\" class=\"pt-cv-thumbnail img-none pull-right\" alt=\"Balma des Nanets y Pas de Ca&#039;n Grau\" \/><\/a><\/div>\n<div class=\"pt-cv-remain-wrapper\"><div class=\"pt-cv-colwrap\"><div class=\"pt-cv-taxoterm above_title\"><a href='https:\/\/trailrunningmallorca.es\/index.php\/category\/rutas-comarcas\/tramuntana-central\/bunyola\/' title='Bunyola' class='pt-cv-tax-bunyola'>Bunyola<\/a><a href='https:\/\/trailrunningmallorca.es\/index.php\/category\/clasificacion-rutas\/rutas-por-dificultad\/dificil\/' title='Dif\u00edcil' class='pt-cv-tax-dificil'>Dif\u00edcil<\/a><a href='https:\/\/trailrunningmallorca.es\/index.php\/category\/clasificacion-rutas\/rutas-por-distancia\/menos-de-10-km\/' title='Menos de 10 Km' class='pt-cv-tax-menos-de-10-km'>Menos de 10 Km<\/a><a href='https:\/\/trailrunningmallorca.es\/index.php\/category\/rutas-comarcas\/tramuntana-central\/' title='Tramuntana Central' class='pt-cv-tax-tramuntana-central'>Tramuntana Central<\/a><\/div><h4 class=\"pt-cv-title\"><a href=\"https:\/\/trailrunningmallorca.es\/index.php\/2018\/11\/19\/balma-nanets-pas-grau\/\" class=\"_self\" target=\"_self\" >Balma des Nanets y Pas de Ca&#8217;n Grau<\/a><\/h4><div class=\"pt-cv-content\">Ruta corta por la comuna de Bunyola visitando un antiguo camino de carboners y un lugar muy singular llamado la Balma des Nanets. Para regresar, el Pas de Ca'n Grau, un interesante paso formado por una pared seca que comunica con el cam\u00ed des Grau. Itinerario Bunyola Cam\u00ed de sa ...<br \/><div class=\"pt-cv-rmwrap\"><a href=\"https:\/\/trailrunningmallorca.es\/index.php\/2018\/11\/19\/balma-nanets-pas-grau\/\" class=\"_self pt-cv-readmore btn btn-success\" target=\"_self\">Leer M\u00e1s<\/a><\/div><\/div><\/div><\/div><\/div>\n<div class=\" pt-cv-content-item pt-cv-2-col\"  data-pid=\"2207\"><div class=\"pt-cv-thumb-wrapper pull-right \"><a href=\"https:\/\/trailrunningmallorca.es\/index.php\/2016\/06\/30\/barranc-de-sa-gubia-y-puig-de-sa-font\/\" class=\"_self pt-cv-href-thumbnail pt-cv-thumb-right\" target=\"_self\" ><img loading=\"lazy\" decoding=\"async\" width=\"1600\" height=\"899\" src=\"https:\/\/trailrunningmallorca.es\/wp-content\/uploads\/ngg_featured\/28.jpg\" class=\"pt-cv-thumbnail img-none pull-right\" alt=\"Barranc de Sa Gubia y Puig de Sa Font\" \/><\/a><\/div>\n<div class=\"pt-cv-remain-wrapper\"><div class=\"pt-cv-colwrap\"><div class=\"pt-cv-taxoterm above_title\"><a href='https:\/\/trailrunningmallorca.es\/index.php\/category\/rutas-comarcas\/tramuntana-central\/bunyola\/' title='Bunyola' class='pt-cv-tax-bunyola'>Bunyola<\/a><a href='https:\/\/trailrunningmallorca.es\/index.php\/category\/clasificacion-rutas\/rutas-por-dificultad\/dificil\/' title='Dif\u00edcil' class='pt-cv-tax-dificil'>Dif\u00edcil<\/a><a href='https:\/\/trailrunningmallorca.es\/index.php\/category\/clasificacion-rutas\/rutas-por-distancia\/entre-15-km-y-20-km\/' title='Entre 15 km y 20 km' class='pt-cv-tax-entre-15-km-y-20-km'>Entre 15 km y 20 km<\/a><a href='https:\/\/trailrunningmallorca.es\/index.php\/category\/clasificacion-rutas\/rutas-de-senderismo\/' title='Rutas de senderismo' class='pt-cv-tax-rutas-de-senderismo'>Rutas de senderismo<\/a><a href='https:\/\/trailrunningmallorca.es\/index.php\/category\/rutas-comarcas\/tramuntana-central\/' title='Tramuntana Central' class='pt-cv-tax-tramuntana-central'>Tramuntana Central<\/a><\/div><h4 class=\"pt-cv-title\"><a href=\"https:\/\/trailrunningmallorca.es\/index.php\/2016\/06\/30\/barranc-de-sa-gubia-y-puig-de-sa-font\/\" class=\"_self\" target=\"_self\" >Barranc de Sa Gubia y Puig de Sa Font<\/a><\/h4><div class=\"pt-cv-content\">Ruta preciosa entre Bunyola y Valldemossa. Subimos por el espectacular barranco de Sa Gubia, pudiendo contemplar las colosales paredes de escalada. Despu\u00e9s subimos al Puig de sa Font y descendemos hacia Pastoritx, volviendo a Bunyola por el cam\u00ed de Raixa. Una vuelta de primer orden. Itinerario Restaurante Ca'n Penasso Cam\u00ed ...<br \/><div class=\"pt-cv-rmwrap\"><a href=\"https:\/\/trailrunningmallorca.es\/index.php\/2016\/06\/30\/barranc-de-sa-gubia-y-puig-de-sa-font\/\" class=\"_self pt-cv-readmore btn btn-success\" target=\"_self\">Leer M\u00e1s<\/a><\/div><\/div><\/div><\/div><\/div>\n<div class=\" pt-cv-content-item pt-cv-2-col\"  data-pid=\"3612\"><div class=\"pt-cv-thumb-wrapper pull-right \"><a href=\"https:\/\/trailrunningmallorca.es\/index.php\/2017\/01\/23\/sa-gubia-muntanya-pastoritx-raixeta-y-raixa\/\" class=\"_self pt-cv-href-thumbnail pt-cv-thumb-right\" target=\"_self\" ><img loading=\"lazy\" decoding=\"async\" width=\"2000\" height=\"1124\" src=\"https:\/\/trailrunningmallorca.es\/wp-content\/uploads\/ngg_featured\/32.jpg\" class=\"pt-cv-thumbnail img-none pull-right\" alt=\"Bunyola - Valldemossa (Sa Gubia, Pastoritx, Raixa)\" \/><\/a><\/div>\n<div class=\"pt-cv-remain-wrapper\"><div class=\"pt-cv-colwrap\"><div class=\"pt-cv-taxoterm above_title\"><a href='https:\/\/trailrunningmallorca.es\/index.php\/category\/rutas-comarcas\/tramuntana-central\/bunyola\/' title='Bunyola' class='pt-cv-tax-bunyola'>Bunyola<\/a><a href='https:\/\/trailrunningmallorca.es\/index.php\/category\/clasificacion-rutas\/rutas-por-distancia\/entre-10-km-y-15-km\/' title='Entre 10 km y 15 km' class='pt-cv-tax-entre-10-km-y-15-km'>Entre 10 km y 15 km<\/a><a href='https:\/\/trailrunningmallorca.es\/index.php\/category\/clasificacion-rutas\/rutas-por-dificultad\/moderado\/' title='Moderado' class='pt-cv-tax-moderado'>Moderado<\/a><a href='https:\/\/trailrunningmallorca.es\/index.php\/category\/rutas-comarcas\/tramuntana-central\/' title='Tramuntana Central' class='pt-cv-tax-tramuntana-central'>Tramuntana Central<\/a><\/div><h4 class=\"pt-cv-title\"><a href=\"https:\/\/trailrunningmallorca.es\/index.php\/2017\/01\/23\/sa-gubia-muntanya-pastoritx-raixeta-y-raixa\/\" class=\"_self\" target=\"_self\" >Bunyola &#8211; Valldemossa (Sa Gubia, Pastoritx, Raixa)<\/a><\/h4><div class=\"pt-cv-content\">AVISO IMPORTANTE: La barrera de acceso ubicada cerca de Son Nassi Vell y que da acceso a la subida hacia el Coll de Son Nassi y Sa Gubia, est\u00e1 cerrada con un candado Una ruta cerca de Palma y muy interesante. La subida a Sa Gubia por el Cam\u00ed Vell ...<br \/><div class=\"pt-cv-rmwrap\"><a href=\"https:\/\/trailrunningmallorca.es\/index.php\/2017\/01\/23\/sa-gubia-muntanya-pastoritx-raixeta-y-raixa\/\" class=\"_self pt-cv-readmore btn btn-success\" target=\"_self\">Leer M\u00e1s<\/a><\/div><\/div><\/div><\/div><\/div>\n<div class=\" pt-cv-content-item pt-cv-2-col\"  data-pid=\"8160\"><div class=\"pt-cv-thumb-wrapper pull-right \"><a href=\"https:\/\/trailrunningmallorca.es\/index.php\/2020\/01\/14\/cami-cabas-coanegra\/\" class=\"_self pt-cv-href-thumbnail pt-cv-thumb-right\" target=\"_self\" ><img loading=\"lazy\" decoding=\"async\" width=\"2000\" height=\"1124\" src=\"https:\/\/trailrunningmallorca.es\/wp-content\/uploads\/2020\/01\/11.jpeg\" class=\"pt-cv-thumbnail img-none pull-right\" alt=\"Cam\u00ed des Cab\u00e0s, Cam\u00ed de Coanegra, Comellar Coc\u00f3 Peguer\" \/><\/a><\/div>\n<div class=\"pt-cv-remain-wrapper\"><div class=\"pt-cv-colwrap\"><div class=\"pt-cv-taxoterm above_title\"><a href='https:\/\/trailrunningmallorca.es\/index.php\/category\/rutas-comarcas\/tramuntana-central\/bunyola\/' title='Bunyola' class='pt-cv-tax-bunyola'>Bunyola<\/a><a href='https:\/\/trailrunningmallorca.es\/index.php\/category\/clasificacion-rutas\/rutas-por-distancia\/entre-20-km-y-25-km\/' title='Entre 20 km y 25 km' class='pt-cv-tax-entre-20-km-y-25-km'>Entre 20 km y 25 km<\/a><a href='https:\/\/trailrunningmallorca.es\/index.php\/category\/clasificacion-rutas\/rutas-por-dificultad\/moderado\/' title='Moderado' class='pt-cv-tax-moderado'>Moderado<\/a><a href='https:\/\/trailrunningmallorca.es\/index.php\/category\/rutas-comarcas\/tramuntana-central\/' title='Tramuntana Central' class='pt-cv-tax-tramuntana-central'>Tramuntana Central<\/a><\/div><h4 class=\"pt-cv-title\"><a href=\"https:\/\/trailrunningmallorca.es\/index.php\/2020\/01\/14\/cami-cabas-coanegra\/\" class=\"_self\" target=\"_self\" >Cam\u00ed des Cab\u00e0s, Cam\u00ed de Coanegra, Comellar Coc\u00f3 Peguer<\/a><\/h4><div class=\"pt-cv-content\">Una ruta muy interesante y bonita, ya que hacemos un camino que no conoc\u00edamos, el cam\u00ed des Cab\u00e0s, un antiguo camino real que comunica los municipios de Bunyola, Santa Mar\u00eda y Alar\u00f3. Itinerario Cementerio de Bunyola Cam\u00ed de Es Cocoons Cam\u00ed de Ca's Bergantet Cam\u00ed de Es Cab\u00e0s Son Torrella ...<br \/><div class=\"pt-cv-rmwrap\"><a href=\"https:\/\/trailrunningmallorca.es\/index.php\/2020\/01\/14\/cami-cabas-coanegra\/\" class=\"_self pt-cv-readmore btn btn-success\" target=\"_self\">Leer M\u00e1s<\/a><\/div><\/div><\/div><\/div><\/div>\n<div class=\" pt-cv-content-item pt-cv-2-col\"  data-pid=\"2705\"><div class=\"pt-cv-thumb-wrapper pull-right \"><a href=\"https:\/\/trailrunningmallorca.es\/index.php\/2016\/08\/23\/cami-des-grau-cami-de-coanegra-y-comellar-coco-peguer\/\" class=\"_self pt-cv-href-thumbnail pt-cv-thumb-right\" target=\"_self\" ><img loading=\"lazy\" decoding=\"async\" width=\"1200\" height=\"674\" src=\"https:\/\/trailrunningmallorca.es\/wp-content\/uploads\/ngg_featured\/11_1844.jpg\" class=\"pt-cv-thumbnail img-none pull-right\" alt=\"Cam\u00ed des Grau, Cam\u00ed de Coanegra y Comellar Coc\u00f3 Peguer (Bunyola-Orient)\" \/><\/a><\/div>\n<div class=\"pt-cv-remain-wrapper\"><div class=\"pt-cv-colwrap\"><div class=\"pt-cv-taxoterm above_title\"><a href='https:\/\/trailrunningmallorca.es\/index.php\/category\/rutas-comarcas\/tramuntana-central\/bunyola\/' title='Bunyola' class='pt-cv-tax-bunyola'>Bunyola<\/a><a href='https:\/\/trailrunningmallorca.es\/index.php\/category\/clasificacion-rutas\/rutas-por-distancia\/entre-20-km-y-25-km\/' title='Entre 20 km y 25 km' class='pt-cv-tax-entre-20-km-y-25-km'>Entre 20 km y 25 km<\/a><a href='https:\/\/trailrunningmallorca.es\/index.php\/category\/clasificacion-rutas\/rutas-por-dificultad\/moderado\/' title='Moderado' class='pt-cv-tax-moderado'>Moderado<\/a><a href='https:\/\/trailrunningmallorca.es\/index.php\/category\/rutas-comarcas\/tramuntana-central\/' title='Tramuntana Central' class='pt-cv-tax-tramuntana-central'>Tramuntana Central<\/a><\/div><h4 class=\"pt-cv-title\"><a href=\"https:\/\/trailrunningmallorca.es\/index.php\/2016\/08\/23\/cami-des-grau-cami-de-coanegra-y-comellar-coco-peguer\/\" class=\"_self\" target=\"_self\" >Cam\u00ed des Grau, Cam\u00ed de Coanegra y Comellar Coc\u00f3 Peguer (Bunyola-Orient)<\/a><\/h4><div class=\"pt-cv-content\">Itinerario espectacular que nos llevar\u00e1 por la Comuna de Bunyola, el Vall de Orient y el Valle de Coanegra. La vuelta es realmente bonita con paisajes variados y bosques de ensue\u00f1o. La ruta es muy larga, unos 20 km, que requiere buena condici\u00f3n f\u00edsica. Itinerario Bunyola (Cam\u00ed de sa Comuna) ...<br \/><div class=\"pt-cv-rmwrap\"><a href=\"https:\/\/trailrunningmallorca.es\/index.php\/2016\/08\/23\/cami-des-grau-cami-de-coanegra-y-comellar-coco-peguer\/\" class=\"_self pt-cv-readmore btn btn-success\" target=\"_self\">Leer M\u00e1s<\/a><\/div><\/div><\/div><\/div><\/div>\n<div class=\" pt-cv-content-item pt-cv-2-col\"  data-pid=\"2626\"><div class=\"pt-cv-thumb-wrapper pull-right \"><a href=\"https:\/\/trailrunningmallorca.es\/index.php\/2016\/08\/15\/cami-des-grau-penyals-dhonor-y-coma-gran-cocoons\/\" class=\"_self pt-cv-href-thumbnail pt-cv-thumb-right\" target=\"_self\" ><img loading=\"lazy\" decoding=\"async\" width=\"2000\" height=\"1124\" src=\"https:\/\/trailrunningmallorca.es\/wp-content\/uploads\/ngg_featured\/04.jpg\" class=\"pt-cv-thumbnail img-none pull-right\" alt=\"Cam\u00ed des Grau, Penyals d&#039;Honor y Coma Gran (Cocons)\" \/><\/a><\/div>\n<div class=\"pt-cv-remain-wrapper\"><div class=\"pt-cv-colwrap\"><div class=\"pt-cv-taxoterm above_title\"><a href='https:\/\/trailrunningmallorca.es\/index.php\/category\/rutas-comarcas\/tramuntana-central\/bunyola\/' title='Bunyola' class='pt-cv-tax-bunyola'>Bunyola<\/a><a href='https:\/\/trailrunningmallorca.es\/index.php\/category\/clasificacion-rutas\/rutas-por-distancia\/entre-10-km-y-15-km\/' title='Entre 10 km y 15 km' class='pt-cv-tax-entre-10-km-y-15-km'>Entre 10 km y 15 km<\/a><a href='https:\/\/trailrunningmallorca.es\/index.php\/category\/clasificacion-rutas\/rutas-por-dificultad\/moderado\/' title='Moderado' class='pt-cv-tax-moderado'>Moderado<\/a><a href='https:\/\/trailrunningmallorca.es\/index.php\/category\/rutas-comarcas\/tramuntana-central\/' title='Tramuntana Central' class='pt-cv-tax-tramuntana-central'>Tramuntana Central<\/a><\/div><h4 class=\"pt-cv-title\"><a href=\"https:\/\/trailrunningmallorca.es\/index.php\/2016\/08\/15\/cami-des-grau-penyals-dhonor-y-coma-gran-cocoons\/\" class=\"_self\" target=\"_self\" >Cam\u00ed des Grau, Penyals d&#8217;Honor y Coma Gran (Cocons)<\/a><\/h4><div class=\"pt-cv-content\">Ruta estrella por la Comuna de Bunyola. Subimos a la cima del Penyal d'Honor por el cam\u00ed des Grau y bajamos por la Coma Gran. Una maravilla correr por los bosques de la Comuna. Itinerario Bunyola (Cam\u00ed de sa Comuna) Cam\u00ed des Grau Atajo Penyals d'Honor Cima Penyals d'Honor Atajo ...<br \/><div class=\"pt-cv-rmwrap\"><a href=\"https:\/\/trailrunningmallorca.es\/index.php\/2016\/08\/15\/cami-des-grau-penyals-dhonor-y-coma-gran-cocoons\/\" class=\"_self pt-cv-readmore btn btn-success\" target=\"_self\">Leer M\u00e1s<\/a><\/div><\/div><\/div><\/div><\/div>\n<div class=\" pt-cv-content-item pt-cv-2-col\"  data-pid=\"3423\"><div class=\"pt-cv-thumb-wrapper pull-right \"><a href=\"https:\/\/trailrunningmallorca.es\/index.php\/2016\/12\/14\/cami-de-sa-comuna-y-cami-des-puig-gros\/\" class=\"_self pt-cv-href-thumbnail pt-cv-thumb-right\" target=\"_self\" ><img loading=\"lazy\" decoding=\"async\" width=\"2000\" height=\"1124\" src=\"https:\/\/trailrunningmallorca.es\/wp-content\/uploads\/ngg_featured\/14_0364.jpg\" class=\"pt-cv-thumbnail img-none pull-right\" alt=\"Carretera de sa Comuna y Cam\u00ed de&#039;s Puig Gros\" \/><\/a><\/div>\n<div class=\"pt-cv-remain-wrapper\"><div class=\"pt-cv-colwrap\"><div class=\"pt-cv-taxoterm above_title\"><a href='https:\/\/trailrunningmallorca.es\/index.php\/category\/rutas-comarcas\/tramuntana-central\/bunyola\/' title='Bunyola' class='pt-cv-tax-bunyola'>Bunyola<\/a><a href='https:\/\/trailrunningmallorca.es\/index.php\/category\/clasificacion-rutas\/rutas-por-distancia\/entre-10-km-y-15-km\/' title='Entre 10 km y 15 km' class='pt-cv-tax-entre-10-km-y-15-km'>Entre 10 km y 15 km<\/a><a href='https:\/\/trailrunningmallorca.es\/index.php\/category\/clasificacion-rutas\/rutas-por-dificultad\/moderado\/' title='Moderado' class='pt-cv-tax-moderado'>Moderado<\/a><a href='https:\/\/trailrunningmallorca.es\/index.php\/category\/rutas-comarcas\/tramuntana-central\/' title='Tramuntana Central' class='pt-cv-tax-tramuntana-central'>Tramuntana Central<\/a><\/div><h4 class=\"pt-cv-title\"><a href=\"https:\/\/trailrunningmallorca.es\/index.php\/2016\/12\/14\/cami-de-sa-comuna-y-cami-des-puig-gros\/\" class=\"_self\" target=\"_self\" >Carretera de sa Comuna y Cam\u00ed de&#8217;s Puig Gros<\/a><\/h4><div class=\"pt-cv-content\">Otra variante por la Comuna de Bunyola, un bosque m\u00e1gico con infinidad de caminos para correr. Lo destacable de esta ruta son las vistas, ya que se recorren dos caminos que no se adentran en el bosque, pudiendo disfrutar as\u00ed de unas panor\u00e1micas bell\u00edsimas. Itinerario Bunyola (Cam\u00ed de sa Comuna) ...<br \/><div class=\"pt-cv-rmwrap\"><a href=\"https:\/\/trailrunningmallorca.es\/index.php\/2016\/12\/14\/cami-de-sa-comuna-y-cami-des-puig-gros\/\" class=\"_self pt-cv-readmore btn btn-success\" target=\"_self\">Leer M\u00e1s<\/a><\/div><\/div><\/div><\/div><\/div>\n<div class=\" pt-cv-content-item pt-cv-2-col\"  data-pid=\"9182\"><div class=\"pt-cv-thumb-wrapper pull-right \"><a href=\"https:\/\/trailrunningmallorca.es\/index.php\/2021\/05\/20\/comellar-cova-aigo\/\" class=\"_self pt-cv-href-thumbnail pt-cv-thumb-right\" target=\"_self\" ><img loading=\"lazy\" decoding=\"async\" width=\"2000\" height=\"1124\" src=\"https:\/\/trailrunningmallorca.es\/wp-content\/uploads\/2021\/05\/nggallery_import\/10.jpeg\" class=\"pt-cv-thumbnail img-none pull-right\" alt=\"Comellar de sa Cova de s&#039;Aigo por Cam\u00ed de sa Comuna y sa Coma Gran\" \/><\/a><\/div>\n<div class=\"pt-cv-remain-wrapper\"><div class=\"pt-cv-colwrap\"><div class=\"pt-cv-taxoterm above_title\"><a href='https:\/\/trailrunningmallorca.es\/index.php\/category\/rutas-comarcas\/tramuntana-central\/bunyola\/' title='Bunyola' class='pt-cv-tax-bunyola'>Bunyola<\/a><a href='https:\/\/trailrunningmallorca.es\/index.php\/category\/clasificacion-rutas\/rutas-por-distancia\/entre-15-km-y-20-km\/' title='Entre 15 km y 20 km' class='pt-cv-tax-entre-15-km-y-20-km'>Entre 15 km y 20 km<\/a><a href='https:\/\/trailrunningmallorca.es\/index.php\/category\/clasificacion-rutas\/rutas-por-dificultad\/moderado\/' title='Moderado' class='pt-cv-tax-moderado'>Moderado<\/a><a href='https:\/\/trailrunningmallorca.es\/index.php\/category\/rutas-comarcas\/tramuntana-central\/' title='Tramuntana Central' class='pt-cv-tax-tramuntana-central'>Tramuntana Central<\/a><\/div><h4 class=\"pt-cv-title\"><a href=\"https:\/\/trailrunningmallorca.es\/index.php\/2021\/05\/20\/comellar-cova-aigo\/\" class=\"_self\" target=\"_self\" >Comellar de sa Cova de s&#8217;Aigo por Cam\u00ed de sa Comuna y sa Coma Gran<\/a><\/h4><div class=\"pt-cv-content\">Nota: El tramo del Comellar de sa Cova de s'Aigo est\u00e1 bastante intransitable, hay \u00e1rboles ca\u00eddos y mucha vegetaci\u00f3n. Mejor ir con pantalones largos. NNos adentramos en Comellar de sa Cova de s'Aigo, un precioso y buc\u00f3lico Comellar, poco conocido y frecuentado. Hacemos una vuelta por la comuna de Bunyola ...<br \/><div class=\"pt-cv-rmwrap\"><a href=\"https:\/\/trailrunningmallorca.es\/index.php\/2021\/05\/20\/comellar-cova-aigo\/\" class=\"_self pt-cv-readmore btn btn-success\" target=\"_self\">Leer M\u00e1s<\/a><\/div><\/div><\/div><\/div><\/div>\n<div class=\" pt-cv-content-item pt-cv-2-col\"  data-pid=\"12422\"><div class=\"pt-cv-thumb-wrapper pull-right \"><a href=\"https:\/\/trailrunningmallorca.es\/index.php\/2022\/10\/24\/pas-son-creus\/\" class=\"_self pt-cv-href-thumbnail pt-cv-thumb-right\" target=\"_self\" ><img loading=\"lazy\" decoding=\"async\" width=\"720\" height=\"960\" src=\"https:\/\/trailrunningmallorca.es\/wp-content\/uploads\/2022\/10\/nggallery_import\/IMG_3447-0.jpeg\" class=\"pt-cv-thumbnail img-none pull-right\" alt=\"Pas de Son Creus\" \/><\/a><\/div>\n<div class=\"pt-cv-remain-wrapper\"><div class=\"pt-cv-colwrap\"><div class=\"pt-cv-taxoterm above_title\"><a href='https:\/\/trailrunningmallorca.es\/index.php\/category\/rutas-comarcas\/tramuntana-central\/bunyola\/' title='Bunyola' class='pt-cv-tax-bunyola'>Bunyola<\/a><a href='https:\/\/trailrunningmallorca.es\/index.php\/category\/clasificacion-rutas\/rutas-por-dificultad\/dificil\/' title='Dif\u00edcil' class='pt-cv-tax-dificil'>Dif\u00edcil<\/a><a href='https:\/\/trailrunningmallorca.es\/index.php\/category\/clasificacion-rutas\/rutas-por-distancia\/menos-de-10-km\/' title='Menos de 10 Km' class='pt-cv-tax-menos-de-10-km'>Menos de 10 Km<\/a><a href='https:\/\/trailrunningmallorca.es\/index.php\/category\/rutas-comarcas\/tramuntana-central\/' title='Tramuntana Central' class='pt-cv-tax-tramuntana-central'>Tramuntana Central<\/a><\/div><h4 class=\"pt-cv-title\"><a href=\"https:\/\/trailrunningmallorca.es\/index.php\/2022\/10\/24\/pas-son-creus\/\" class=\"_self\" target=\"_self\" >Pas de Son Creus<\/a><\/h4><div class=\"pt-cv-content\">Un interesante y antiguo paso que se usaba para acceder a la Comuna de Bunyola desde la finca de Son Creus en el municipio de Bunyola. Para llegar hacia \u00e9l, hay que ascender por un bosque con mucha pendiente e inclinaci\u00f3n. Itinerario Bunyola Ctra. Bunyola-Orient Km.3,1 Pas de Son Creus ...<br \/><div class=\"pt-cv-rmwrap\"><a href=\"https:\/\/trailrunningmallorca.es\/index.php\/2022\/10\/24\/pas-son-creus\/\" class=\"_self pt-cv-readmore btn btn-success\" target=\"_self\">Leer M\u00e1s<\/a><\/div><\/div><\/div><\/div><\/div>\n<div class=\" pt-cv-content-item pt-cv-2-col\"  data-pid=\"11815\"><div class=\"pt-cv-thumb-wrapper pull-right \"><a href=\"https:\/\/trailrunningmallorca.es\/index.php\/2022\/06\/19\/content-arboc-comabuscante\/\" class=\"_self pt-cv-href-thumbnail pt-cv-thumb-right\" target=\"_self\" ><img loading=\"lazy\" decoding=\"async\" width=\"1800\" height=\"1012\" src=\"https:\/\/trailrunningmallorca.es\/wp-content\/uploads\/2022\/06\/nggallery_import\/IMG_2119.jpeg\" class=\"pt-cv-thumbnail img-none pull-right\" alt=\"Pas den Content, Pas de s&#039;Arbo\u00e7, Pas de sa Coma den Buscante\" \/><\/a><\/div>\n<div class=\"pt-cv-remain-wrapper\"><div class=\"pt-cv-colwrap\"><div class=\"pt-cv-taxoterm above_title\"><a href='https:\/\/trailrunningmallorca.es\/index.php\/category\/rutas-comarcas\/tramuntana-central\/bunyola\/' title='Bunyola' class='pt-cv-tax-bunyola'>Bunyola<\/a><a href='https:\/\/trailrunningmallorca.es\/index.php\/category\/clasificacion-rutas\/rutas-por-dificultad\/dificil\/' title='Dif\u00edcil' class='pt-cv-tax-dificil'>Dif\u00edcil<\/a><a href='https:\/\/trailrunningmallorca.es\/index.php\/category\/clasificacion-rutas\/rutas-por-distancia\/entre-10-km-y-15-km\/' title='Entre 10 km y 15 km' class='pt-cv-tax-entre-10-km-y-15-km'>Entre 10 km y 15 km<\/a><a href='https:\/\/trailrunningmallorca.es\/index.php\/category\/rutas-comarcas\/tramuntana-central\/' title='Tramuntana Central' class='pt-cv-tax-tramuntana-central'>Tramuntana Central<\/a><\/div><h4 class=\"pt-cv-title\"><a href=\"https:\/\/trailrunningmallorca.es\/index.php\/2022\/06\/19\/content-arboc-comabuscante\/\" class=\"_self\" target=\"_self\" >Pas den Content, Pas de s&#8217;Arbo\u00e7, Pas de sa Coma den Buscante<\/a><\/h4><div class=\"pt-cv-content\">Tres magn\u00edficos pasos por la Comuna de Bunyola, para mi, el mejor lugar de la isla para practicar Trail Running, tiene much\u00edsimos caminos y los bosques son un tesoro natural. Como novedad hacemos dos pasos que no conoc\u00edamos, el Pas den Content y el Pas de sa Coma den Buscante, ...<br \/><div class=\"pt-cv-rmwrap\"><a href=\"https:\/\/trailrunningmallorca.es\/index.php\/2022\/06\/19\/content-arboc-comabuscante\/\" class=\"_self pt-cv-readmore btn btn-success\" target=\"_self\">Leer M\u00e1s<\/a><\/div><\/div><\/div><\/div><\/div>\n<div class=\" pt-cv-content-item pt-cv-2-col\"  data-pid=\"6074\"><div class=\"pt-cv-thumb-wrapper pull-right \"><a href=\"https:\/\/trailrunningmallorca.es\/index.php\/2018\/12\/01\/pas-fraguel-pas-can-fil\/\" class=\"_self pt-cv-href-thumbnail pt-cv-thumb-right\" target=\"_self\" ><img loading=\"lazy\" decoding=\"async\" width=\"2000\" height=\"1500\" src=\"https:\/\/trailrunningmallorca.es\/wp-content\/uploads\/ngg_featured\/15_1284.jpeg\" class=\"pt-cv-thumbnail img-none pull-right\" alt=\"Pas des Fraguel y Pas de Ca&#039;n Fil\" \/><\/a><\/div>\n<div class=\"pt-cv-remain-wrapper\"><div class=\"pt-cv-colwrap\"><div class=\"pt-cv-taxoterm above_title\"><a href='https:\/\/trailrunningmallorca.es\/index.php\/category\/rutas-comarcas\/tramuntana-central\/bunyola\/' title='Bunyola' class='pt-cv-tax-bunyola'>Bunyola<\/a><a href='https:\/\/trailrunningmallorca.es\/index.php\/category\/clasificacion-rutas\/rutas-por-dificultad\/dificil\/' title='Dif\u00edcil' class='pt-cv-tax-dificil'>Dif\u00edcil<\/a><a href='https:\/\/trailrunningmallorca.es\/index.php\/category\/clasificacion-rutas\/rutas-por-distancia\/menos-de-10-km\/' title='Menos de 10 Km' class='pt-cv-tax-menos-de-10-km'>Menos de 10 Km<\/a><a href='https:\/\/trailrunningmallorca.es\/index.php\/category\/rutas-comarcas\/tramuntana-central\/' title='Tramuntana Central' class='pt-cv-tax-tramuntana-central'>Tramuntana Central<\/a><\/div><h4 class=\"pt-cv-title\"><a href=\"https:\/\/trailrunningmallorca.es\/index.php\/2018\/12\/01\/pas-fraguel-pas-can-fil\/\" class=\"_self\" target=\"_self\" >Pas des Fraguel y Pas de Ca&#8217;n Fil<\/a><\/h4><div class=\"pt-cv-content\">Otro precioso itinerario por la Comuna de Bunyola, visitando la zona del Penyal de Ca'n Fil, en d\u00f3nde bajaremos por el paso y cueva hom\u00f3mima y veremos restos de caminos antiguos y actividad humana. Ruta Muy interesante y perfecta para hacer en los meses de calor. Itinerario Bunyola Cam\u00ed des ...<br \/><div class=\"pt-cv-rmwrap\"><a href=\"https:\/\/trailrunningmallorca.es\/index.php\/2018\/12\/01\/pas-fraguel-pas-can-fil\/\" class=\"_self pt-cv-readmore btn btn-success\" target=\"_self\">Leer M\u00e1s<\/a><\/div><\/div><\/div><\/div><\/div>\n<div class=\" pt-cv-content-item pt-cv-2-col\"  data-pid=\"16415\"><div class=\"pt-cv-thumb-wrapper pull-right \"><a href=\"https:\/\/trailrunningmallorca.es\/index.php\/2023\/08\/30\/penyal-llamp\/\" class=\"_self pt-cv-href-thumbnail pt-cv-thumb-right\" target=\"_self\" ><img loading=\"lazy\" decoding=\"async\" width=\"2000\" height=\"924\" src=\"https:\/\/trailrunningmallorca.es\/wp-content\/uploads\/2023\/08\/nggallery_import\/20230411_121150.jpg\" class=\"pt-cv-thumbnail img-none pull-right\" alt=\"Penyal des Llamp, Puig des Coc\u00f3 por el Barranc de sa Gubia\" \/><\/a><\/div>\n<div class=\"pt-cv-remain-wrapper\"><div class=\"pt-cv-colwrap\"><div class=\"pt-cv-taxoterm above_title\"><a href='https:\/\/trailrunningmallorca.es\/index.php\/category\/rutas-comarcas\/tramuntana-central\/bunyola\/' title='Bunyola' class='pt-cv-tax-bunyola'>Bunyola<\/a><a href='https:\/\/trailrunningmallorca.es\/index.php\/category\/clasificacion-rutas\/rutas-por-dificultad\/dificil\/' title='Dif\u00edcil' class='pt-cv-tax-dificil'>Dif\u00edcil<\/a><a href='https:\/\/trailrunningmallorca.es\/index.php\/category\/clasificacion-rutas\/rutas-por-distancia\/menos-de-10-km\/' title='Menos de 10 Km' class='pt-cv-tax-menos-de-10-km'>Menos de 10 Km<\/a><a href='https:\/\/trailrunningmallorca.es\/index.php\/category\/clasificacion-rutas\/rutas-de-senderismo\/' title='Rutas de senderismo' class='pt-cv-tax-rutas-de-senderismo'>Rutas de senderismo<\/a><a href='https:\/\/trailrunningmallorca.es\/index.php\/category\/rutas-comarcas\/tramuntana-central\/' title='Tramuntana Central' class='pt-cv-tax-tramuntana-central'>Tramuntana Central<\/a><\/div><h4 class=\"pt-cv-title\"><a href=\"https:\/\/trailrunningmallorca.es\/index.php\/2023\/08\/30\/penyal-llamp\/\" class=\"_self\" target=\"_self\" >Penyal des Llamp, Puig des Coc\u00f3 por el Barranc de sa Gubia<\/a><\/h4><div class=\"pt-cv-content\">Ruta de senderismo exigente y complicada con inicio y final en el Parking de la finca de Raixa en Bunyola. Ascendemos a dos cimas que no conoc\u00edamos, el Penyal des Llamp y el Puig des Coc\u00f3 por el Barranc de sa Gubia, un itinerario sin camino definido y bastante duro ...<br \/><div class=\"pt-cv-rmwrap\"><a href=\"https:\/\/trailrunningmallorca.es\/index.php\/2023\/08\/30\/penyal-llamp\/\" class=\"_self pt-cv-readmore btn btn-success\" target=\"_self\">Leer M\u00e1s<\/a><\/div><\/div><\/div><\/div><\/div>\n<div class=\" pt-cv-content-item pt-cv-2-col\"  data-pid=\"14376\"><div class=\"pt-cv-thumb-wrapper pull-right \"><a href=\"https:\/\/trailrunningmallorca.es\/index.php\/2023\/04\/15\/colomer-fites\/\" class=\"_self pt-cv-href-thumbnail pt-cv-thumb-right\" target=\"_self\" ><img loading=\"lazy\" decoding=\"async\" width=\"1388\" height=\"978\" src=\"https:\/\/trailrunningmallorca.es\/wp-content\/uploads\/2023\/04\/puig-fites.jpg\" class=\"pt-cv-thumbnail img-none pull-right\" alt=\"Puig des Colomer, Puig de ses Fites, Raixeta, Raixa\" \/><\/a><\/div>\n<div class=\"pt-cv-remain-wrapper\"><div class=\"pt-cv-colwrap\"><div class=\"pt-cv-taxoterm above_title\"><a href='https:\/\/trailrunningmallorca.es\/index.php\/category\/rutas-comarcas\/tramuntana-central\/bunyola\/' title='Bunyola' class='pt-cv-tax-bunyola'>Bunyola<\/a><a href='https:\/\/trailrunningmallorca.es\/index.php\/category\/clasificacion-rutas\/rutas-por-dificultad\/dificil\/' title='Dif\u00edcil' class='pt-cv-tax-dificil'>Dif\u00edcil<\/a><a href='https:\/\/trailrunningmallorca.es\/index.php\/category\/clasificacion-rutas\/rutas-por-distancia\/menos-de-10-km\/' title='Menos de 10 Km' class='pt-cv-tax-menos-de-10-km'>Menos de 10 Km<\/a><a href='https:\/\/trailrunningmallorca.es\/index.php\/category\/rutas-comarcas\/tramuntana-central\/' title='Tramuntana Central' class='pt-cv-tax-tramuntana-central'>Tramuntana Central<\/a><\/div><h4 class=\"pt-cv-title\"><a href=\"https:\/\/trailrunningmallorca.es\/index.php\/2023\/04\/15\/colomer-fites\/\" class=\"_self\" target=\"_self\" >Puig des Colomer, Puig de ses Fites, Raixeta, Raixa<\/a><\/h4><div class=\"pt-cv-content\">Itinerario dif\u00edcil entre Bunyola y Valldemossa en el que exploramos dos picos situados en frente del camino de Raixa. Un aut\u00e9ntico rompepiernas ya que el terreno es muy inc\u00f3modo, con continuas subidas y bajadas. Aunque como siempre, el esfuerzo vale la pena, y el entorno es magn\u00edfico y con vistas ...<br \/><div class=\"pt-cv-rmwrap\"><a href=\"https:\/\/trailrunningmallorca.es\/index.php\/2023\/04\/15\/colomer-fites\/\" class=\"_self pt-cv-readmore btn btn-success\" target=\"_self\">Leer M\u00e1s<\/a><\/div><\/div><\/div><\/div><\/div>\n<div class=\" pt-cv-content-item pt-cv-2-col\"  data-pid=\"22204\"><div class=\"pt-cv-thumb-wrapper pull-right \"><a href=\"https:\/\/trailrunningmallorca.es\/index.php\/2026\/01\/19\/teix-rei-sanxo\/\" class=\"_self pt-cv-href-thumbnail pt-cv-thumb-right\" target=\"_self\" ><img loading=\"lazy\" decoding=\"async\" width=\"2000\" height=\"1126\" src=\"https:\/\/trailrunningmallorca.es\/wp-content\/uploads\/2026\/01\/nggallery_import\/20250904_195458.jpeg\" class=\"pt-cv-thumbnail img-none pull-right\" alt=\"Puig des Teix desde el Coll de S\u00f3ller\" \/><\/a><\/div>\n<div class=\"pt-cv-remain-wrapper\"><div class=\"pt-cv-colwrap\"><div class=\"pt-cv-taxoterm above_title\"><a href='https:\/\/trailrunningmallorca.es\/index.php\/category\/rutas-comarcas\/tramuntana-central\/bunyola\/' title='Bunyola' class='pt-cv-tax-bunyola'>Bunyola<\/a><a href='https:\/\/trailrunningmallorca.es\/index.php\/category\/clasificacion-rutas\/rutas-por-dificultad\/dificil\/' title='Dif\u00edcil' class='pt-cv-tax-dificil'>Dif\u00edcil<\/a><a href='https:\/\/trailrunningmallorca.es\/index.php\/category\/clasificacion-rutas\/rutas-por-distancia\/menos-de-10-km\/' title='Menos de 10 Km' class='pt-cv-tax-menos-de-10-km'>Menos de 10 Km<\/a><a href='https:\/\/trailrunningmallorca.es\/index.php\/category\/rutas-comarcas\/tramuntana-central\/' title='Tramuntana Central' class='pt-cv-tax-tramuntana-central'>Tramuntana Central<\/a><\/div><h4 class=\"pt-cv-title\"><a href=\"https:\/\/trailrunningmallorca.es\/index.php\/2026\/01\/19\/teix-rei-sanxo\/\" class=\"_self\" target=\"_self\" >Puig des Teix desde el Coll de S\u00f3ller<\/a><\/h4><div class=\"pt-cv-content\">Esta ruta pasa por las Cases del Rei Sanxo, puede haber problemas de paso, sobre todo en temporada de caza. Respetar la finca privada Una ruta muy interesante, siendo la primera m\u00e1s complicada por la que subimos al Puig des Teix desde el Coll de S\u00f3ller, superando un paso t\u00e9cnico ...<br \/><div class=\"pt-cv-rmwrap\"><a href=\"https:\/\/trailrunningmallorca.es\/index.php\/2026\/01\/19\/teix-rei-sanxo\/\" class=\"_self pt-cv-readmore btn btn-success\" target=\"_self\">Leer M\u00e1s<\/a><\/div><\/div><\/div><\/div><\/div>\n<div class=\" pt-cv-content-item pt-cv-2-col\"  data-pid=\"8913\"><div class=\"pt-cv-thumb-wrapper pull-right \"><a href=\"https:\/\/trailrunningmallorca.es\/index.php\/2021\/02\/24\/puig-des-vent\/\" class=\"_self pt-cv-href-thumbnail pt-cv-thumb-right\" target=\"_self\" ><img loading=\"lazy\" decoding=\"async\" width=\"2000\" height=\"1124\" src=\"https:\/\/trailrunningmallorca.es\/wp-content\/uploads\/2021\/02\/nggallery_import\/10.jpeg\" class=\"pt-cv-thumbnail img-none pull-right\" alt=\"Puig des Vent, Pas de s&#039;Arbo\u00e7, Cam\u00ed Carena Buscante\" \/><\/a><\/div>\n<div class=\"pt-cv-remain-wrapper\"><div class=\"pt-cv-colwrap\"><div class=\"pt-cv-taxoterm above_title\"><a href='https:\/\/trailrunningmallorca.es\/index.php\/category\/rutas-comarcas\/tramuntana-central\/bunyola\/' title='Bunyola' class='pt-cv-tax-bunyola'>Bunyola<\/a><a href='https:\/\/trailrunningmallorca.es\/index.php\/category\/clasificacion-rutas\/rutas-por-dificultad\/dificil\/' title='Dif\u00edcil' class='pt-cv-tax-dificil'>Dif\u00edcil<\/a><a href='https:\/\/trailrunningmallorca.es\/index.php\/category\/clasificacion-rutas\/rutas-por-distancia\/entre-10-km-y-15-km\/' title='Entre 10 km y 15 km' class='pt-cv-tax-entre-10-km-y-15-km'>Entre 10 km y 15 km<\/a><a href='https:\/\/trailrunningmallorca.es\/index.php\/category\/rutas-comarcas\/tramuntana-central\/' title='Tramuntana Central' class='pt-cv-tax-tramuntana-central'>Tramuntana Central<\/a><\/div><h4 class=\"pt-cv-title\"><a href=\"https:\/\/trailrunningmallorca.es\/index.php\/2021\/02\/24\/puig-des-vent\/\" class=\"_self\" target=\"_self\" >Puig des Vent, Pas de s&#8217;Arbo\u00e7, Cam\u00ed Carena Buscante<\/a><\/h4><div class=\"pt-cv-content\">Bonita y desconocida ruta por la enorme Comuna de Bunyola, subimos al Puig des Vent (581 m) por un camino antiguo de carboners, que est\u00e1 situado entre la pista ancha de subida a la comuna y la Coma Gran. Itinerario Bunyola Cementerio de Bunyola Es Cocoons Forn de Cal\u00e7 Penyal ...<br \/><div class=\"pt-cv-rmwrap\"><a href=\"https:\/\/trailrunningmallorca.es\/index.php\/2021\/02\/24\/puig-des-vent\/\" class=\"_self pt-cv-readmore btn btn-success\" target=\"_self\">Leer M\u00e1s<\/a><\/div><\/div><\/div><\/div><\/div>\n<div class=\" pt-cv-content-item pt-cv-2-col\"  data-pid=\"8447\"><div class=\"pt-cv-thumb-wrapper pull-right \"><a href=\"https:\/\/trailrunningmallorca.es\/index.php\/2020\/08\/03\/rateta-franquesa-ofre\/\" class=\"_self pt-cv-href-thumbnail pt-cv-thumb-right\" target=\"_self\" ><img loading=\"lazy\" decoding=\"async\" width=\"2560\" height=\"1440\" src=\"https:\/\/trailrunningmallorca.es\/wp-content\/uploads\/2020\/08\/nggallery_import\/2_14-scaled.jpeg\" class=\"pt-cv-thumbnail img-none pull-right\" alt=\"Rateta, Franquesa i Ofre por Comassema y Barrancons\" \/><\/a><\/div>\n<div class=\"pt-cv-remain-wrapper\"><div class=\"pt-cv-colwrap\"><div class=\"pt-cv-taxoterm above_title\"><a href='https:\/\/trailrunningmallorca.es\/index.php\/category\/rutas-comarcas\/tramuntana-central\/bunyola\/' title='Bunyola' class='pt-cv-tax-bunyola'>Bunyola<\/a><a href='https:\/\/trailrunningmallorca.es\/index.php\/category\/clasificacion-rutas\/rutas-por-distancia\/entre-15-km-y-20-km\/' title='Entre 15 km y 20 km' class='pt-cv-tax-entre-15-km-y-20-km'>Entre 15 km y 20 km<\/a><a href='https:\/\/trailrunningmallorca.es\/index.php\/category\/clasificacion-rutas\/rutas-por-dificultad\/moderado\/' title='Moderado' class='pt-cv-tax-moderado'>Moderado<\/a><a href='https:\/\/trailrunningmallorca.es\/index.php\/category\/rutas-comarcas\/tramuntana-central\/' title='Tramuntana Central' class='pt-cv-tax-tramuntana-central'>Tramuntana Central<\/a><\/div><h4 class=\"pt-cv-title\"><a href=\"https:\/\/trailrunningmallorca.es\/index.php\/2020\/08\/03\/rateta-franquesa-ofre\/\" class=\"_self\" target=\"_self\" >Rateta, Franquesa i Ofre por Comassema y Barrancons<\/a><\/h4><div class=\"pt-cv-content\">Aviso importante: Para acceder a la finca de Comassema hay que solicitar permiso a la propiedad. Una vuelta de primer nivel que arranca en el Valle de Orient, cuyo inicio en monta\u00f1a est\u00e1 en la magn\u00edfica finca de Comassema, cuyas referencias hist\u00f3ricas de ella, datan de la \u00e9poca de la ...<br \/><div class=\"pt-cv-rmwrap\"><a href=\"https:\/\/trailrunningmallorca.es\/index.php\/2020\/08\/03\/rateta-franquesa-ofre\/\" class=\"_self pt-cv-readmore btn btn-success\" target=\"_self\">Leer M\u00e1s<\/a><\/div><\/div><\/div><\/div><\/div>\n<div class=\" pt-cv-content-item pt-cv-2-col\"  data-pid=\"8210\"><div class=\"pt-cv-thumb-wrapper pull-right \"><a href=\"https:\/\/trailrunningmallorca.es\/index.php\/2020\/01\/25\/gubia-fesa-plana\/\" class=\"_self pt-cv-href-thumbnail pt-cv-thumb-right\" target=\"_self\" ><img loading=\"lazy\" decoding=\"async\" width=\"2000\" height=\"1124\" src=\"https:\/\/trailrunningmallorca.es\/wp-content\/uploads\/2020\/01\/04.jpeg\" class=\"pt-cv-thumbnail img-none pull-right\" alt=\"Sa Gubia, Pas de sa Fesa por el cam\u00ed de sa Plana\" \/><\/a><\/div>\n<div class=\"pt-cv-remain-wrapper\"><div class=\"pt-cv-colwrap\"><div class=\"pt-cv-taxoterm above_title\"><a href='https:\/\/trailrunningmallorca.es\/index.php\/category\/rutas-comarcas\/tramuntana-central\/bunyola\/' title='Bunyola' class='pt-cv-tax-bunyola'>Bunyola<\/a><a href='https:\/\/trailrunningmallorca.es\/index.php\/category\/clasificacion-rutas\/rutas-por-distancia\/entre-10-km-y-15-km\/' title='Entre 10 km y 15 km' class='pt-cv-tax-entre-10-km-y-15-km'>Entre 10 km y 15 km<\/a><a href='https:\/\/trailrunningmallorca.es\/index.php\/category\/clasificacion-rutas\/rutas-por-dificultad\/moderado\/' title='Moderado' class='pt-cv-tax-moderado'>Moderado<\/a><a href='https:\/\/trailrunningmallorca.es\/index.php\/category\/rutas-comarcas\/tramuntana-central\/' title='Tramuntana Central' class='pt-cv-tax-tramuntana-central'>Tramuntana Central<\/a><\/div><h4 class=\"pt-cv-title\"><a href=\"https:\/\/trailrunningmallorca.es\/index.php\/2020\/01\/25\/gubia-fesa-plana\/\" class=\"_self\" target=\"_self\" >Sa Gubia, Pas de sa Fesa por el cam\u00ed de sa Plana<\/a><\/h4><div class=\"pt-cv-content\">Nota importante : El acceso a la finca de s'Alqueria Vella, est\u00e1 restringido por unos horarios y d\u00edas de la semana. Informarse antes de ir a hacer esta excursi\u00f3n. Ruta conocida y una de las mejores para correr por monta\u00f1a. En esta ocasi\u00f3n accedemos al Pas de sa Fesa por ...<br \/><div class=\"pt-cv-rmwrap\"><a href=\"https:\/\/trailrunningmallorca.es\/index.php\/2020\/01\/25\/gubia-fesa-plana\/\" class=\"_self pt-cv-readmore btn btn-success\" target=\"_self\">Leer M\u00e1s<\/a><\/div><\/div><\/div><\/div><\/div>\n<div class=\" pt-cv-content-item pt-cv-2-col\"  data-pid=\"18269\"><div class=\"pt-cv-thumb-wrapper pull-right \"><a href=\"https:\/\/trailrunningmallorca.es\/index.php\/2024\/01\/18\/alfabia-son-palou\/\" class=\"_self pt-cv-href-thumbnail pt-cv-thumb-right\" target=\"_self\" ><img loading=\"lazy\" decoding=\"async\" width=\"2000\" height=\"1126\" src=\"https:\/\/trailrunningmallorca.es\/wp-content\/uploads\/2024\/01\/nggallery_import\/20231223_115001.jpg\" class=\"pt-cv-thumbnail img-none pull-right\" alt=\"Serra d&#039;Alf\u00e0bia por el Pas de&#039;s Mart y Bosc de Son Palou\" \/><\/a><\/div>\n<div class=\"pt-cv-remain-wrapper\"><div class=\"pt-cv-colwrap\"><div class=\"pt-cv-taxoterm above_title\"><a href='https:\/\/trailrunningmallorca.es\/index.php\/category\/rutas-comarcas\/tramuntana-central\/bunyola\/' title='Bunyola' class='pt-cv-tax-bunyola'>Bunyola<\/a><a href='https:\/\/trailrunningmallorca.es\/index.php\/category\/clasificacion-rutas\/rutas-por-distancia\/entre-10-km-y-15-km\/' title='Entre 10 km y 15 km' class='pt-cv-tax-entre-10-km-y-15-km'>Entre 10 km y 15 km<\/a><a href='https:\/\/trailrunningmallorca.es\/index.php\/category\/clasificacion-rutas\/rutas-por-dificultad\/moderado\/' title='Moderado' class='pt-cv-tax-moderado'>Moderado<\/a><a href='https:\/\/trailrunningmallorca.es\/index.php\/category\/rutas-comarcas\/tramuntana-central\/' title='Tramuntana Central' class='pt-cv-tax-tramuntana-central'>Tramuntana Central<\/a><\/div><h4 class=\"pt-cv-title\"><a href=\"https:\/\/trailrunningmallorca.es\/index.php\/2024\/01\/18\/alfabia-son-palou\/\" class=\"_self\" target=\"_self\" >Serra d&#8217;Alf\u00e0bia por el Pas de&#8217;s Mart y Bosc de Son Palou<\/a><\/h4><div class=\"pt-cv-content\">Aviso importante : El itinerario descrito transcurre por muchos tramos por fincas privadas, respetarlas y seguir sus indicaciones Accedemos a la Serra de Alfabia desde al Vall de Orient por la v\u00eda cl\u00e1sica, un precioso cam\u00ed de carboner que sube rapidamente hacia la cresta. Por el Pas des Mart, llegamos ...<br \/><div class=\"pt-cv-rmwrap\"><a href=\"https:\/\/trailrunningmallorca.es\/index.php\/2024\/01\/18\/alfabia-son-palou\/\" class=\"_self pt-cv-readmore btn btn-success\" target=\"_self\">Leer M\u00e1s<\/a><\/div><\/div><\/div><\/div><\/div>\n<div class=\" pt-cv-content-item pt-cv-2-col\"  data-pid=\"882\"><div class=\"pt-cv-thumb-wrapper pull-right \"><a href=\"https:\/\/trailrunningmallorca.es\/index.php\/2015\/12\/24\/puig-de-salqueria-sa-gubia-pas-de-sa-fesa-y-cami-de-biniforani-vell\/\" class=\"_self pt-cv-href-thumbnail pt-cv-thumb-right\" target=\"_self\" ><img loading=\"lazy\" decoding=\"async\" width=\"1200\" height=\"674\" src=\"https:\/\/trailrunningmallorca.es\/wp-content\/uploads\/2015\/12\/pas-de-sa-fesa.jpg\" class=\"pt-cv-thumbnail img-none pull-right\" alt=\"Volta Puig de s&#039;Alqueria (sa Gubia), Pas de sa Fesa\" \/><\/a><\/div>\n<div class=\"pt-cv-remain-wrapper\"><div class=\"pt-cv-colwrap\"><div class=\"pt-cv-taxoterm above_title\"><a href='https:\/\/trailrunningmallorca.es\/index.php\/category\/rutas-comarcas\/tramuntana-central\/bunyola\/' title='Bunyola' class='pt-cv-tax-bunyola'>Bunyola<\/a><a href='https:\/\/trailrunningmallorca.es\/index.php\/category\/clasificacion-rutas\/rutas-por-distancia\/entre-10-km-y-15-km\/' title='Entre 10 km y 15 km' class='pt-cv-tax-entre-10-km-y-15-km'>Entre 10 km y 15 km<\/a><a href='https:\/\/trailrunningmallorca.es\/index.php\/category\/clasificacion-rutas\/rutas-por-dificultad\/moderado\/' title='Moderado' class='pt-cv-tax-moderado'>Moderado<\/a><a href='https:\/\/trailrunningmallorca.es\/index.php\/category\/rutas-comarcas\/tramuntana-central\/' title='Tramuntana Central' class='pt-cv-tax-tramuntana-central'>Tramuntana Central<\/a><\/div><h4 class=\"pt-cv-title\"><a href=\"https:\/\/trailrunningmallorca.es\/index.php\/2015\/12\/24\/puig-de-salqueria-sa-gubia-pas-de-sa-fesa-y-cami-de-biniforani-vell\/\" class=\"_self\" target=\"_self\" >Volta Puig de s&#8217;Alqueria (sa Gubia), Pas de sa Fesa<\/a><\/h4><div class=\"pt-cv-content\">Una de las mejores rutas para hacer un buen entrenamiento de trail running. Adem\u00e1s con el aliciente de los bellos parajes que se recorren, excelentes vistas y con elementos de inter\u00e9s cultural y etnogr\u00e1fico. Aviso importante : El acceso al camino que lleva hacia Bunyola bajando por el Pas de ...<br \/><div class=\"pt-cv-rmwrap\"><a href=\"https:\/\/trailrunningmallorca.es\/index.php\/2015\/12\/24\/puig-de-salqueria-sa-gubia-pas-de-sa-fesa-y-cami-de-biniforani-vell\/\" class=\"_self pt-cv-readmore btn btn-success\" target=\"_self\">Leer M\u00e1s<\/a><\/div><\/div><\/div><\/div><\/div><\/div><\/div>\n<div class=\"text-left pt-cv-pagination-wrapper\"><ul class=\"pt-cv-pagination pt-cv-ajax pagination\" data-totalpages=\"2\" data-currentpage=\"1\" data-sid=\"7f7edeffy1\" data-unid=\"\" data-isblock=\"\" data-postid=\"\"><li class=\"active\"><a href=\"#\">1<\/a><\/li>\n\t<li ><a class=\"\" href=\"https:\/\/trailrunningmallorca.es\/index.php\/wp-json\/wp\/v2\/pages\/19288\/?_page=2\">2<\/a><\/li>\n\t<li ><a class=\" \" href=\"https:\/\/trailrunningmallorca.es\/index.php\/wp-json\/wp\/v2\/pages\/19288\/?_page=2\">&rsaquo;<\/a><\/li>\n\t<\/ul><img loading=\"lazy\" decoding=\"async\" width=\"15\" height=\"15\" class=\"pt-cv-spinner\" alt=\"Cargando...\" src=\"data:image\/gif;base64,R0lGODlhDwAPALMPAMrKygwMDJOTkz09PZWVla+vr3p6euTk5M7OzuXl5TMzMwAAAJmZmWZmZszMzP\/\/\/yH\/C05FVFNDQVBFMi4wAwEAAAAh+QQFCgAPACwAAAAADwAPAAAEQvDJaZaZOIcV8iQK8VRX4iTYoAwZ4iCYoAjZ4RxejhVNoT+mRGP4cyF4Pp0N98sBGIBMEMOotl6YZ3S61Bmbkm4mAgAh+QQFCgAPACwAAAAADQANAAAENPDJSRSZeA418itN8QiK8BiLITVsFiyBBIoYqnoewAD4xPw9iY4XLGYSjkQR4UAUD45DLwIAIfkEBQoADwAsAAAAAA8ACQAABC\/wyVlamTi3nSdgwFNdhEJgTJoNyoB9ISYoQmdjiZPcj7EYCAeCF1gEDo4Dz2eIAAAh+QQFCgAPACwCAAAADQANAAAEM\/DJBxiYeLKdX3IJZT1FU0iIg2RNKx3OkZVnZ98ToRD4MyiDnkAh6BkNC0MvsAj0kMpHBAAh+QQFCgAPACwGAAAACQAPAAAEMDC59KpFDll73HkAA2wVY5KgiK5b0RRoI6MuzG6EQqCDMlSGheEhUAgqgUUAFRySIgAh+QQFCgAPACwCAAIADQANAAAEM\/DJKZNLND\/kkKaHc3xk+QAMYDKsiaqmZCxGVjSFFCxB1vwy2oOgIDxuucxAMTAJFAJNBAAh+QQFCgAPACwAAAYADwAJAAAEMNAs86q1yaWwwv2Ig0jUZx3OYa4XoRAfwADXoAwfo1+CIjyFRuEho60aSNYlOPxEAAAh+QQFCgAPACwAAAIADQANAAAENPA9s4y8+IUVcqaWJ4qEQozSoAzoIyhCK2NFU2SJk0hNnyEOhKR2AzAAj4Pj4GE4W0bkJQIAOw==\" \/><div class=\"clear pt-cv-clear-pagination\"><\/div><\/div><\/div>\t\t\t<style type=\"text\/css\" id=\"pt-cv-inline-style-6c71615o1a\">\n#pt-cv-view-7f7edeffy1 .pt-cv-thumb-wrapper:not(.miniwrap) { width: 400px; }#pt-cv-view-7f7edeffy1 .pt-cv-thumbnail:not(.pt-cv-thumbnailsm) { height: 250px; }#pt-cv-view-7f7edeffy1 > .pt-cv-page {grid-template-columns: repeat(1, 1fr);grid-gap: 15px;}\n@media all and (max-width: 1024px) { \n#pt-cv-view-7f7edeffy1 > .pt-cv-page {grid-template-columns: repeat(1, 1fr);}\n} \n@media all and (max-width: 767px) { \n#pt-cv-view-7f7edeffy1 > .pt-cv-page {grid-template-columns: repeat(1, 1fr);}\n} <\/style>\r\n\t\t\t\t\t\t<style type=\"text\/css\" id=\"pt-cv-inline-style-222d4baptr\">#pt-cv-view-7f7edeffy1 .pt-cv-content-item { padding-top: 0px !important; padding-right: 0px !important; padding-bottom: 0px !important; padding-left: 0px !important; }\n#pt-cv-view-7f7edeffy1  .pt-cv-content-item   { background-color: #f8f3fa !important; border-width: 1px 1px 1px 1px !important; border-style: none !important; border-radius: 20px 20px 20px 20px !important; }\n#pt-cv-view-7f7edeffy1 .pt-cv-taxoterm * { font-family: 'Open Sans', Arial, serif !important; font-size: 11px !important; line-height: 1.3 !important; color: #9b53e2 !important; background-color: #ffffff !important; margin: 15px 0px 0px 10px !important; padding: 5px 5px 5px 5px !important; }\n#pt-cv-view-7f7edeffy1 .pt-cv-title a, #pt-cv-view-7f7edeffy1  .panel-title { font-family: 'Open Sans', Arial, serif !important; font-size: 18px !important; line-height: 1.3 !important; color: #000000 !important; font-weight: 600 !important; padding: 10px 10px 0px 10px !important; display: block !important; }\n#pt-cv-view-7f7edeffy1  .pt-cv-title a:hover, #pt-cv-view-7f7edeffy1  .panel-title:hover   { font-family: 'Open Sans', Arial, serif !important; font-size: 18px !important; line-height: 1.3 !important; color: #3724e5 !important; }\n#pt-cv-view-7f7edeffy1 .pt-cv-content , #pt-cv-view-7f7edeffy1  .pt-cv-content *:not(.pt-cv-readmore):not(style):not(script) { font-family: 'Open Sans', Arial, serif !important; font-size: 13px !important; color: #000000 !important; text-transform: capitalize !important; line-height: 2 !important; padding: 10px 10px 10px 10px !important; }\n#pt-cv-view-7f7edeffy1 .pt-cv-readmore  { color: #ffffff !important; background-color: #00aeef !important; }\n#pt-cv-view-7f7edeffy1 .pt-cv-readmore:hover  { color: #ffffff !important; background-color: #00aeef !important; }\n#pt-cv-view-7f7edeffy1  + .pt-cv-pagination-wrapper .pt-cv-more , #pt-cv-view-7f7edeffy1  + .pt-cv-pagination-wrapper .pagination .active a, .pt-cv-pagination[data-sid='7f7edeffy1'] .active a { color: #ffffff !important; background-color: #00aeef !important; }\n#pt-cv-view-7f7edeffy1 { text-align: justify; }<\/style>\r\n\t\t\t<link href='\/\/fonts.googleapis.com\/css?family=Open+Sans' rel='stylesheet' type='text\/css'>\n","protected":false},"excerpt":{"rendered":"<table class=\"rw-rating-table rw-ltr rw-left rw-no-labels\"><tr><td><nobr>&nbsp;<\/nobr><\/td><td><div class=\"rw-left\"><div class=\"rw-ui-container rw-class-blog-post rw-urid-192890\"><\/div><\/div><\/td><\/tr><\/table><p>&nbsp; Aviso importante : El acceso al camino que lleva hacia Bunyola bajando por el Pas de sa Fesa hacia la fina de Biniforani, est\u00e1 cerrado con barreras candadas y alambre espino . Itinerario El inicio se encuentra en el&hellip; <\/p>\n","protected":false},"author":1,"featured_media":0,"parent":0,"menu_order":0,"comment_status":"closed","ping_status":"closed","template":"","meta":{"ngg_post_thumbnail":0,"footnotes":""},"class_list":["post-19288","page","type-page","status-publish","hentry"],"_links":{"self":[{"href":"https:\/\/trailrunningmallorca.es\/index.php\/wp-json\/wp\/v2\/pages\/19288","targetHints":{"allow":["GET"]}}],"collection":[{"href":"https:\/\/trailrunningmallorca.es\/index.php\/wp-json\/wp\/v2\/pages"}],"about":[{"href":"https:\/\/trailrunningmallorca.es\/index.php\/wp-json\/wp\/v2\/types\/page"}],"author":[{"embeddable":true,"href":"https:\/\/trailrunningmallorca.es\/index.php\/wp-json\/wp\/v2\/users\/1"}],"replies":[{"embeddable":true,"href":"https:\/\/trailrunningmallorca.es\/index.php\/wp-json\/wp\/v2\/comments?post=19288"}],"version-history":[{"count":0,"href":"https:\/\/trailrunningmallorca.es\/index.php\/wp-json\/wp\/v2\/pages\/19288\/revisions"}],"wp:attachment":[{"href":"https:\/\/trailrunningmallorca.es\/index.php\/wp-json\/wp\/v2\/media?parent=19288"}],"curies":[{"name":"wp","href":"https:\/\/api.w.org\/{rel}","templated":true}]}}